{"id":897,"date":"2020-07-14T09:37:31","date_gmt":"2020-07-14T07:37:31","guid":{"rendered":"https:\/\/geneva.intercontinental.com\/?page_id=897"},"modified":"2025-10-09T16:01:20","modified_gmt":"2025-10-09T14:01:20","slug":"decouvrir-la-suisse","status":"publish","type":"page","link":"https:\/\/geneva.intercontinental.com\/fr\/decouvrir-la-suisse\/","title":{"rendered":"D\u00e9couvrir la Suisse"},"content":{"rendered":"\r\n\r\n\r\n\r\n\r\n  <!-- Swiper hero -->\r\n  <div id=\"slideshow-block_c24bf3e6d545a33d3f511b1d2f0e9663\" class=\"row \">  \r\n    <div class=\"swiper d-swiper-container hero\" data-swiper={\"navigation\":{\"enabled\":false}}>\r\n      <div class=\"swiper-wrapper\">\r\n                            <div class=\"swiper-slide\">\r\n                              <span aria-hidden=\"true\" class=\"slide-e-background has-background-dim-30  has-background has-charcoal-grey-background-color\"><\/span>\r\n                                            <img decoding=\"async\" src=\"https:\/\/geneva.intercontinental.com\/wp-content\/uploads\/sites\/7\/2024\/03\/Rade-de-Geneve-en-hiver-scaled.jpg\"\r\n                sizes=\"(max-width: 2000px) 100vw, 2000px\"\r\n                srcset=\"https:\/\/geneva.intercontinental.com\/wp-content\/uploads\/sites\/7\/2024\/03\/Rade-de-Geneve-en-hiver-scaled.jpg 2560w,\r\n                        https:\/\/geneva.intercontinental.com\/wp-content\/uploads\/sites\/7\/2024\/03\/Rade-de-Geneve-en-hiver-1024x683.jpg 1024w,\r\n                        https:\/\/geneva.intercontinental.com\/wp-content\/uploads\/sites\/7\/2024\/03\/Rade-de-Geneve-en-hiver-768x512.jpg 768w\"\r\n                        alt=\"\">\r\n                                            <div class=\"slide-e-content d-none d-md-block\">\r\n                                       \r\n                    <h1 class=\"title\">D\u00e9couvrir la Suisse <\/h1>\r\n                                                                                          <\/div>\r\n                          <\/div>\r\n                            <\/div>\r\n            <\/div>\r\n  <\/div>\r\n  <!-- End Swiper hero -->\r\n\r\n \n\n\n<div style=\"height:50px\" aria-hidden=\"true\" class=\"wp-block-spacer\"><\/div>\n\n\n\n<div style=\"height:20px\" aria-hidden=\"true\" class=\"wp-block-spacer\"><\/div>\n\n\n\n<div class=\"wp-block-columns is-layout-flex wp-container-core-columns-is-layout-28f84493 wp-block-columns-is-layout-flex\">\n<div class=\"wp-block-column is-layout-flow wp-block-column-is-layout-flow\" style=\"flex-basis:15%\"><\/div>\n\n\n\n<div class=\"wp-block-column is-layout-flow wp-block-column-is-layout-flow\">\n<p>A la fronti\u00e8re Suisse avec la France, entre les Alpes et le lac L\u00e9man, la r\u00e9gion Genevoise offre de nombreux sites attractifs \u00e0 visiter. Gr\u00e2ce \u00e0 l\u2019excellent syst\u00e8me de transports publics de la Suisse, de charmants villages, des vignobles pittoresques, les villes voisines et m\u00eame les montagnes sont tous facilement accessibles. Laissez Gen\u00e8ve \u00eatre votre base pour explorer ces destinations culturelles et ces paysages naturels uniques.<\/p>\n<\/div>\n\n\n\n<div class=\"wp-block-column is-layout-flow wp-block-column-is-layout-flow\" style=\"flex-basis:15%\"><\/div>\n<\/div>\n\n\n\n<div class=\"wp-block-group pattern-2-col-img-and-text is-nowrap is-layout-flex wp-container-core-group-is-layout-f66f9956 wp-block-group-is-layout-flex\">\n<div class=\"wp-block-group is-layout-constrained wp-block-group-is-layout-constrained\">\n<figure class=\"wp-block-image size-full is-resized\"><img decoding=\"async\" width=\"1444\" height=\"964\" src=\"https:\/\/geneva.intercontinental.com\/wp-content\/uploads\/sites\/7\/2024\/03\/Dawa-Sherpa-Saleve.jpg\" alt=\"Vue panoramique de Gen\u00e8ve depuis le Mont Sal\u00e8ve avec des randonneurs admirant le lac L\u00e9man et les Alpes\" class=\"wp-image-25008\" style=\"width:undefinedpx\" srcset=\"https:\/\/geneva.intercontinental.com\/wp-content\/uploads\/sites\/7\/2024\/03\/Dawa-Sherpa-Saleve.jpg 1444w, https:\/\/geneva.intercontinental.com\/wp-content\/uploads\/sites\/7\/2024\/03\/Dawa-Sherpa-Saleve-300x200.jpg 300w, https:\/\/geneva.intercontinental.com\/wp-content\/uploads\/sites\/7\/2024\/03\/Dawa-Sherpa-Saleve-1024x684.jpg 1024w, https:\/\/geneva.intercontinental.com\/wp-content\/uploads\/sites\/7\/2024\/03\/Dawa-Sherpa-Saleve-768x513.jpg 768w, https:\/\/geneva.intercontinental.com\/wp-content\/uploads\/sites\/7\/2024\/03\/Dawa-Sherpa-Saleve-1200x801.jpg 1200w\" sizes=\"(max-width: 1444px) 100vw, 1444px\" \/><\/figure>\n\n\n\n<div class=\"wp-block-group is-nowrap is-layout-flex wp-container-core-group-is-layout-2a556b77 wp-block-group-is-layout-flex\" style=\"padding-top:2rem;padding-right:0;padding-bottom:2rem\">\n<h4 class=\"wp-block-heading\">D\u00c9COUVRIR<\/h4>\n\n\n\n<div class=\"wp-block-group is-vertical is-content-justification-left is-layout-flex wp-container-core-group-is-layout-dd225191 wp-block-group-is-layout-flex\">\n<h3 class=\"wp-block-heading\">Mont Sal\u00e8ve<\/h3>\n\n\n\n<p>Au-del\u00e0 de la fronti\u00e8re Fran\u00e7aise, le Mont Sal\u00e8ve offre une aire de jeux naturelle \u00e0 quelques minutes de la ville de Gen\u00e8ve. Faites un trajet de 5 minutes en t\u00e9l\u00e9ph\u00e9rique jusqu\u2019\u00e0 1 100 m\u00e8tres pour profiter d\u2019une vue panoramique sur la ville, les Alpes et le Mont Blanc. Les amoureux de la nature et les sportifs peuvent passer la journ\u00e9e \u00e0 faire de la randonn\u00e9e, de l\u2019escalade, du VTT, du parapente ou tout simplement profiter de l\u2019air frais.<\/p>\n\n\n\n<p><em>Cr\u00e9dit photo: \u00a9 Gen\u00e8ve Tourisme<\/em><\/p>\n<\/div>\n<\/div>\n<\/div>\n\n\n\n<div class=\"wp-block-group is-layout-constrained wp-block-group-is-layout-constrained\">\n<figure class=\"wp-block-image size-large is-resized\"><img decoding=\"async\" width=\"1024\" height=\"682\" src=\"https:\/\/geneva.intercontinental.com\/wp-content\/uploads\/sites\/7\/2020\/07\/intercontinental-geneva-place-to-visit-vineyard-biking-1024x682.jpg\" alt=\"Couple \u00e0 v\u00e9lo dans les vignobles en terrasses du Lavaux, site inscrit au patrimoine mondial de l\u2019UNESCO\" class=\"wp-image-1726\" style=\"width:undefinedpx\" srcset=\"https:\/\/geneva.intercontinental.com\/wp-content\/uploads\/sites\/7\/2020\/07\/intercontinental-geneva-place-to-visit-vineyard-biking-1024x682.jpg 1024w, https:\/\/geneva.intercontinental.com\/wp-content\/uploads\/sites\/7\/2020\/07\/intercontinental-geneva-place-to-visit-vineyard-biking-300x200.jpg 300w, https:\/\/geneva.intercontinental.com\/wp-content\/uploads\/sites\/7\/2020\/07\/intercontinental-geneva-place-to-visit-vineyard-biking-768x512.jpg 768w, https:\/\/geneva.intercontinental.com\/wp-content\/uploads\/sites\/7\/2020\/07\/intercontinental-geneva-place-to-visit-vineyard-biking-1536x1024.jpg 1536w, https:\/\/geneva.intercontinental.com\/wp-content\/uploads\/sites\/7\/2020\/07\/intercontinental-geneva-place-to-visit-vineyard-biking-1200x800.jpg 1200w, https:\/\/geneva.intercontinental.com\/wp-content\/uploads\/sites\/7\/2020\/07\/intercontinental-geneva-place-to-visit-vineyard-biking.jpg 2000w\" sizes=\"(max-width: 1024px) 100vw, 1024px\" \/><\/figure>\n\n\n\n<div class=\"wp-block-group is-nowrap is-layout-flex wp-container-core-group-is-layout-2a556b77 wp-block-group-is-layout-flex\" style=\"padding-top:2rem;padding-right:0;padding-bottom:2rem\">\n<h4 class=\"wp-block-heading\">D\u00c9COUVRIR<\/h4>\n\n\n\n<div class=\"wp-block-group is-vertical is-content-justification-left is-layout-flex wp-container-core-group-is-layout-dd225191 wp-block-group-is-layout-flex\">\n<h3 class=\"wp-block-heading\">Lavaux, terrasses viticoles<\/h3>\n\n\n\n<p>\u00c0 Lavaux, les amateurs de vin et les amoureux de la nature pourront d\u00e9couvrir 800 hectares de vignobles en terrasses dominant le lac L\u00e9man et les Alpes. \u00c0 40 minutes en train de Gen\u00e8ve, cette r\u00e9gion de l\u2019UNESCO abrite de charmants villages et des caves \u00e0 vin traditionnelles dans un cadre naturel spectaculaire. Des sentiers de promenade confortables offrent le moyen id\u00e9al pour s\u2019impr\u00e9gner de la beaut\u00e9 et de la viticulture de Lavaux.<\/p>\n\n\n\n<p><em>Cr\u00e9dit photo: \u00a9 Gen\u00e8ve Tourisme<\/em><\/p>\n<\/div>\n<\/div>\n<\/div>\n<\/div>\n\n\n\n<div style=\"height:30px\" aria-hidden=\"true\" class=\"wp-block-spacer\"><\/div>\n\n\n\n<div class=\"wp-block-group pattern-2-col-img-and-text is-nowrap is-layout-flex wp-container-core-group-is-layout-f66f9956 wp-block-group-is-layout-flex\">\n<div class=\"wp-block-group is-layout-constrained wp-block-group-is-layout-constrained\">\n<figure class=\"wp-block-image size-full is-resized\"><img decoding=\"async\" width=\"2560\" height=\"2086\" src=\"https:\/\/geneva.intercontinental.com\/wp-content\/uploads\/sites\/7\/2024\/03\/Yvoire-scaled.jpg\" alt=\"Bateau de croisi\u00e8re naviguant vers le village m\u00e9di\u00e9val d\u2019Yvoire sur les rives fran\u00e7aises du lac L\u00e9man\" class=\"wp-image-25012\" style=\"width:undefinedpx\" srcset=\"https:\/\/geneva.intercontinental.com\/wp-content\/uploads\/sites\/7\/2024\/03\/Yvoire-scaled.jpg 2560w, https:\/\/geneva.intercontinental.com\/wp-content\/uploads\/sites\/7\/2024\/03\/Yvoire-300x244.jpg 300w, https:\/\/geneva.intercontinental.com\/wp-content\/uploads\/sites\/7\/2024\/03\/Yvoire-1024x834.jpg 1024w, https:\/\/geneva.intercontinental.com\/wp-content\/uploads\/sites\/7\/2024\/03\/Yvoire-768x626.jpg 768w, https:\/\/geneva.intercontinental.com\/wp-content\/uploads\/sites\/7\/2024\/03\/Yvoire-1536x1252.jpg 1536w, https:\/\/geneva.intercontinental.com\/wp-content\/uploads\/sites\/7\/2024\/03\/Yvoire-2048x1669.jpg 2048w, https:\/\/geneva.intercontinental.com\/wp-content\/uploads\/sites\/7\/2024\/03\/Yvoire-1200x978.jpg 1200w\" sizes=\"(max-width: 2560px) 100vw, 2560px\" \/><\/figure>\n\n\n\n<div class=\"wp-block-group is-nowrap is-layout-flex wp-container-core-group-is-layout-2a556b77 wp-block-group-is-layout-flex\" style=\"padding-top:2rem;padding-right:0;padding-bottom:2rem\">\n<h4 class=\"wp-block-heading\">D\u00c9COUVRIR<\/h4>\n\n\n\n<div class=\"wp-block-group is-vertical is-content-justification-left is-layout-flex wp-container-core-group-is-layout-dd225191 wp-block-group-is-layout-flex\">\n<h3 class=\"wp-block-heading\">Yvoire<\/h3>\n\n\n\n<p>Sur la rive Fran\u00e7aise du lac L\u00e9man, le village m\u00e9di\u00e9val d\u2019Yvoire est une destination charmante, souvent class\u00e9e parmi les plus beaux villages de France. Visitez le jardin des Cinq Sens avec son m\u00e9lange \u00e9clectique de plantes, ou profitez simplement du plaisir de vous promener dans les ruelles et sur les places parfaitement pr\u00e9serv\u00e9es d\u2019Yvoire. Du printemps \u00e0 l\u2019automne, faire une croisi\u00e8re sur le lac L\u00e9man pour rejoindre Yvoire.<\/p>\n\n\n\n<p><em>Cr\u00e9dit photo: \u00a9 Gen\u00e8ve Tourisme<\/em><\/p>\n<\/div>\n<\/div>\n<\/div>\n\n\n\n<div class=\"wp-block-group is-layout-constrained wp-block-group-is-layout-constrained\">\n<figure class=\"wp-block-image size-large is-resized\"><img decoding=\"async\" width=\"1024\" height=\"683\" src=\"https:\/\/geneva.intercontinental.com\/wp-content\/uploads\/sites\/7\/2020\/07\/intercontinental-geneva-place-to-visit-montreux-1024x683.jpg\" alt=\"Vue panoramique de Montreux avec ses fleurs color\u00e9es, le lac L\u00e9man et les montagnes des Alpes en arri\u00e8re-plan\" class=\"wp-image-1714\" style=\"width:undefinedpx\" srcset=\"https:\/\/geneva.intercontinental.com\/wp-content\/uploads\/sites\/7\/2020\/07\/intercontinental-geneva-place-to-visit-montreux-1024x683.jpg 1024w, https:\/\/geneva.intercontinental.com\/wp-content\/uploads\/sites\/7\/2020\/07\/intercontinental-geneva-place-to-visit-montreux-300x200.jpg 300w, https:\/\/geneva.intercontinental.com\/wp-content\/uploads\/sites\/7\/2020\/07\/intercontinental-geneva-place-to-visit-montreux-768x512.jpg 768w, https:\/\/geneva.intercontinental.com\/wp-content\/uploads\/sites\/7\/2020\/07\/intercontinental-geneva-place-to-visit-montreux-1536x1024.jpg 1536w, https:\/\/geneva.intercontinental.com\/wp-content\/uploads\/sites\/7\/2020\/07\/intercontinental-geneva-place-to-visit-montreux-1200x800.jpg 1200w, https:\/\/geneva.intercontinental.com\/wp-content\/uploads\/sites\/7\/2020\/07\/intercontinental-geneva-place-to-visit-montreux.jpg 1920w\" sizes=\"(max-width: 1024px) 100vw, 1024px\" \/><\/figure>\n\n\n\n<div class=\"wp-block-group is-nowrap is-layout-flex wp-container-core-group-is-layout-2a556b77 wp-block-group-is-layout-flex\" style=\"padding-top:2rem;padding-right:0;padding-bottom:2rem\">\n<h4 class=\"wp-block-heading\">D\u00c9COUVRIR<\/h4>\n\n\n\n<div class=\"wp-block-group is-vertical is-content-justification-left is-layout-flex wp-container-core-group-is-layout-dd225191 wp-block-group-is-layout-flex\">\n<h3 class=\"wp-block-heading\">Montreux<\/h3>\n\n\n\n<p>Peut-\u00eatre plus c\u00e9l\u00e8bre pour son festival de jazz d\u2019\u00e9t\u00e9, Montreux brille \u00e9galement en hiver avec son march\u00e9 de No\u00ebl anim\u00e9. Cette petite mais \u00e9l\u00e9gante ville \u00e0 l\u2019extr\u00e9mit\u00e9 oppos\u00e9e du lac L\u00e9man offre une vue majestueuse sur le lac et les montagnes. Le ch\u00e2teau de Chillon \u00e0 proximit\u00e9, un ch\u00e2teau insulaire spectaculaire s\u2019\u00e9levant des rives du lac L\u00e9man, a inspir\u00e9 des \u00e9crivains et des po\u00e8tes romantiques.<\/p>\n<\/div>\n<\/div>\n<\/div>\n<\/div>\n\n\n\n<div style=\"height:30px\" aria-hidden=\"true\" class=\"wp-block-spacer\"><\/div>\n\n\n\n<div class=\"wp-block-group pattern-2-col-img-and-text is-nowrap is-layout-flex wp-container-core-group-is-layout-f66f9956 wp-block-group-is-layout-flex\">\n<div class=\"wp-block-group is-layout-constrained wp-block-group-is-layout-constrained\">\n<figure class=\"wp-block-image size-full\"><img decoding=\"async\" width=\"2500\" height=\"1406\" src=\"https:\/\/geneva.intercontinental.com\/wp-content\/uploads\/sites\/7\/2024\/03\/Lausanne.jpg\" alt=\"Vue a\u00e9rienne du ch\u00e2teau Saint-Maire \u00e0 Lausanne avec le lac L\u00e9man et les toits de la vieille ville en arri\u00e8re-plan\" class=\"wp-image-25018\" style=\"object-fit:cover\" srcset=\"https:\/\/geneva.intercontinental.com\/wp-content\/uploads\/sites\/7\/2024\/03\/Lausanne.jpg 2500w, https:\/\/geneva.intercontinental.com\/wp-content\/uploads\/sites\/7\/2024\/03\/Lausanne-300x169.jpg 300w, https:\/\/geneva.intercontinental.com\/wp-content\/uploads\/sites\/7\/2024\/03\/Lausanne-1024x576.jpg 1024w, https:\/\/geneva.intercontinental.com\/wp-content\/uploads\/sites\/7\/2024\/03\/Lausanne-768x432.jpg 768w, https:\/\/geneva.intercontinental.com\/wp-content\/uploads\/sites\/7\/2024\/03\/Lausanne-1536x864.jpg 1536w, https:\/\/geneva.intercontinental.com\/wp-content\/uploads\/sites\/7\/2024\/03\/Lausanne-2048x1152.jpg 2048w, https:\/\/geneva.intercontinental.com\/wp-content\/uploads\/sites\/7\/2024\/03\/Lausanne-1200x675.jpg 1200w\" sizes=\"(max-width: 2500px) 100vw, 2500px\" \/><\/figure>\n\n\n\n<div class=\"wp-block-group is-nowrap is-layout-flex wp-container-core-group-is-layout-2a556b77 wp-block-group-is-layout-flex\" style=\"padding-top:2rem;padding-right:0;padding-bottom:2rem\">\n<h4 class=\"wp-block-heading\">D\u00c9COUVRIR<\/h4>\n\n\n\n<div class=\"wp-block-group is-vertical is-content-justification-left is-layout-flex wp-container-core-group-is-layout-dd225191 wp-block-group-is-layout-flex\">\n<h3 class=\"wp-block-heading\">Lausanne<\/h3>\n\n\n\n<p>Facilement accessible en bateau ou en train depuis Gen\u00e8ve, Lausanne est une ville anim\u00e9e surplombant le lac L\u00e9man et les Alpes. Carrefour de la vie \u00e9conomique et universitaire, Lausanne abrite \u00e9galement une grande vari\u00e9t\u00e9 d\u2019attractions culturelles et de mus\u00e9es, dont le Mus\u00e9e Olympique et AQUATIS : le plus grand aquarium-vivarium d\u2019eau douce d\u2019Europe. Les visiteurs peuvent explorer les rues sinueuses du centre-ville ou se promener tranquillement le long du lac.<\/p>\n\n\n\n<p><em>Cr\u00e9dit photo: \u00a9 Lausanne Tourisme<\/em><\/p>\n<\/div>\n<\/div>\n<\/div>\n\n\n\n<div class=\"wp-block-group is-layout-constrained wp-block-group-is-layout-constrained\">\n<figure class=\"wp-block-image size-large is-resized\"><img decoding=\"async\" width=\"1024\" height=\"683\" src=\"https:\/\/geneva.intercontinental.com\/wp-content\/uploads\/sites\/7\/2020\/07\/intercontinental-geneva-place-to-visit-annecy-1024x683.jpg\" alt=\"Vue pittoresque du canal du Thiou \u00e0 Annecy bord\u00e9 de fleurs color\u00e9es et de fa\u00e7ades historiques\" class=\"wp-image-1715\" style=\"width:undefinedpx\" srcset=\"https:\/\/geneva.intercontinental.com\/wp-content\/uploads\/sites\/7\/2020\/07\/intercontinental-geneva-place-to-visit-annecy-1024x683.jpg 1024w, https:\/\/geneva.intercontinental.com\/wp-content\/uploads\/sites\/7\/2020\/07\/intercontinental-geneva-place-to-visit-annecy-300x200.jpg 300w, https:\/\/geneva.intercontinental.com\/wp-content\/uploads\/sites\/7\/2020\/07\/intercontinental-geneva-place-to-visit-annecy-768x512.jpg 768w, https:\/\/geneva.intercontinental.com\/wp-content\/uploads\/sites\/7\/2020\/07\/intercontinental-geneva-place-to-visit-annecy-1536x1024.jpg 1536w, https:\/\/geneva.intercontinental.com\/wp-content\/uploads\/sites\/7\/2020\/07\/intercontinental-geneva-place-to-visit-annecy-1200x800.jpg 1200w, https:\/\/geneva.intercontinental.com\/wp-content\/uploads\/sites\/7\/2020\/07\/intercontinental-geneva-place-to-visit-annecy.jpg 1920w\" sizes=\"(max-width: 1024px) 100vw, 1024px\" \/><\/figure>\n\n\n\n<div class=\"wp-block-group is-nowrap is-layout-flex wp-container-core-group-is-layout-2a556b77 wp-block-group-is-layout-flex\" style=\"padding-top:2rem;padding-right:0;padding-bottom:2rem\">\n<h4 class=\"wp-block-heading\">D\u00c9COUVRIR<\/h4>\n\n\n\n<div class=\"wp-block-group is-vertical is-content-justification-left is-layout-flex wp-container-core-group-is-layout-dd225191 wp-block-group-is-layout-flex\">\n<h3 class=\"wp-block-heading\">Annecy<\/h3>\n\n\n\n<p>Souvent appel\u00e9e la \u00abVenise des Alpes\u00bb, la vieille ville d\u2019Annecy est parmi les plus pittoresques de France. De charmantes rues pi\u00e9tonnes se tissent entre les canaux, tandis que le Palais de l\u2019Isle, un ch\u00e2teau m\u00e9di\u00e9val entour\u00e9 d\u2019eau, est le joyau du centre. Juste au-del\u00e0 de la vieille ville, les eaux bleues immacul\u00e9es et les montagnes du lac d\u2019Annecy offrent une beaut\u00e9 naturelle qui rivalise avec l\u2019architecture de la ville.<\/p>\n<\/div>\n<\/div>\n<\/div>\n<\/div>\n\n\n\n<div style=\"height:30px\" aria-hidden=\"true\" class=\"wp-block-spacer\"><\/div>\n\n\n\n<div class=\"wp-block-group pattern-2-row-img-text is-vertical is-layout-flex wp-container-core-group-is-layout-fe9cc265 wp-block-group-is-layout-flex\">\n<figure class=\"wp-block-image size-full\"><img decoding=\"async\" width=\"2560\" height=\"1709\" src=\"https:\/\/geneva.intercontinental.com\/wp-content\/uploads\/sites\/7\/2024\/03\/Chamonix-scaled.jpg\" alt=\"Vue panoramique de Chamonix avec le Mont-Blanc enneig\u00e9 et la vall\u00e9e alpine au premier plan\" class=\"wp-image-25004\" srcset=\"https:\/\/geneva.intercontinental.com\/wp-content\/uploads\/sites\/7\/2024\/03\/Chamonix-scaled.jpg 2560w, https:\/\/geneva.intercontinental.com\/wp-content\/uploads\/sites\/7\/2024\/03\/Chamonix-300x200.jpg 300w, https:\/\/geneva.intercontinental.com\/wp-content\/uploads\/sites\/7\/2024\/03\/Chamonix-1024x684.jpg 1024w, https:\/\/geneva.intercontinental.com\/wp-content\/uploads\/sites\/7\/2024\/03\/Chamonix-768x513.jpg 768w, https:\/\/geneva.intercontinental.com\/wp-content\/uploads\/sites\/7\/2024\/03\/Chamonix-1536x1025.jpg 1536w, https:\/\/geneva.intercontinental.com\/wp-content\/uploads\/sites\/7\/2024\/03\/Chamonix-2048x1367.jpg 2048w, https:\/\/geneva.intercontinental.com\/wp-content\/uploads\/sites\/7\/2024\/03\/Chamonix-1200x801.jpg 1200w\" sizes=\"(max-width: 2560px) 100vw, 2560px\" \/><\/figure>\n\n\n\n<div class=\"wp-block-group is-content-justification-center is-nowrap is-layout-flex wp-container-core-group-is-layout-24d487f0 wp-block-group-is-layout-flex\" style=\"padding-top:2rem;padding-right:30%;padding-bottom:2rem;padding-left:20%\">\n<h4 class=\"wp-block-heading has-text-align-right\">D\u00c9COUVRIR<\/h4>\n\n\n\n<div class=\"wp-block-group is-vertical is-content-justification-left is-layout-flex wp-container-core-group-is-layout-6f8c8f6b wp-block-group-is-layout-flex\" style=\"padding-top:0;padding-right:0;padding-bottom:0;padding-left:0\">\n<h3 class=\"wp-block-heading\">Chamonix<\/h3>\n\n\n\n<p>Pr\u00e8s des fronti\u00e8res Italienne et Suisse, le c\u00e9l\u00e8bre village de montagne Fran\u00e7ais de Chamonix se trouve au pied du Mont Blanc, le plus haut sommet d\u2019Europe. Chamonix est la seule station de ski \u00e0 moins de 90 minutes de Gen\u00e8ve \u00e0 proposer des pistes \u00e0 plus de 3 000 m\u00e8tres. Depuis le centre-ville, prenez le t\u00e9l\u00e9ph\u00e9rique de l\u2019Aiguille du Midi pendant 20 minutes pour atteindre la terrasse du sommet \u00e0 3842 m\u00e8tres et profiter d\u2019une vue magnifique sur le Mont Blanc.<\/p>\n<\/div>\n<\/div>\n<\/div>\n\n\n\n<div style=\"height:30px\" aria-hidden=\"true\" class=\"wp-block-spacer\"><\/div>\n","protected":false},"excerpt":{"rendered":"<p>A la fronti\u00e8re Suisse avec la France, entre les Alpes et le lac L\u00e9man, la r\u00e9gion Genevoise offre de nombreux sites attractifs \u00e0 visiter. Gr\u00e2ce \u00e0 l\u2019excellent syst\u00e8me de transports publics de la Suisse, de charmants villages, des vignobles pittoresques, [&hellip;]<\/p>\n","protected":false},"author":1,"featured_media":0,"parent":0,"menu_order":0,"comment_status":"closed","ping_status":"closed","template":"","meta":{"_acf_changed":false,"footnotes":""},"class_list":["post-897","page","type-page","status-publish","hentry"],"acf":[],"yoast_head":"<!-- This site is optimized with the Yoast SEO plugin v26.2 - https:\/\/yoast.com\/wordpress\/plugins\/seo\/ -->\n<title>D\u00e9couvrir la Suisse - InterContinental Gen\u00e8ve<\/title>\n<meta name=\"description\" content=\"A la fronti\u00e8re Suisse avec la France, entre les Alpes et le lac L\u00e9man, la r\u00e9gion Genevoise offre de nombreux sites attractifs \u00e0 visiter. Gr\u00e2ce \u00e0\" \/>\n<meta name=\"robots\" content=\"index, follow, max-snippet:-1, max-image-preview:large, max-video-preview:-1\" \/>\n<link rel=\"canonical\" href=\"https:\/\/geneva.intercontinental.com\/fr\/decouvrir-la-suisse\/\" \/>\n<meta property=\"og:locale\" content=\"fr_FR\" \/>\n<meta property=\"og:type\" content=\"article\" \/>\n<meta property=\"og:title\" content=\"D\u00e9couvrir la Suisse - InterContinental Gen\u00e8ve\" \/>\n<meta property=\"og:description\" content=\"A la fronti\u00e8re Suisse avec la France, entre les Alpes et le lac L\u00e9man, la r\u00e9gion Genevoise offre de nombreux sites attractifs \u00e0 visiter. Gr\u00e2ce \u00e0\" \/>\n<meta property=\"og:url\" content=\"https:\/\/geneva.intercontinental.com\/fr\/decouvrir-la-suisse\/\" \/>\n<meta property=\"og:site_name\" content=\"IHG\" \/>\n<meta property=\"article:modified_time\" content=\"2025-10-09T14:01:20+00:00\" \/>\n<meta property=\"og:image\" content=\"https:\/\/geneva.intercontinental.com\/wp-content\/uploads\/sites\/7\/2024\/03\/Dawa-Sherpa-Saleve.jpg\" \/>\n<meta name=\"twitter:card\" content=\"summary_large_image\" \/>\n<meta name=\"twitter:label1\" content=\"Dur\u00e9e de lecture estim\u00e9e\" \/>\n\t<meta name=\"twitter:data1\" content=\"5 minutes\" \/>\n<script type=\"application\/ld+json\" class=\"yoast-schema-graph\">{\"@context\":\"https:\/\/schema.org\",\"@graph\":[{\"@type\":\"WebPage\",\"@id\":\"https:\/\/geneva.intercontinental.com\/fr\/decouvrir-la-suisse\/\",\"url\":\"https:\/\/geneva.intercontinental.com\/fr\/decouvrir-la-suisse\/\",\"name\":\"D\u00e9couvrir la Suisse - InterContinental Gen\u00e8ve\",\"isPartOf\":{\"@id\":\"https:\/\/geneva.intercontinental.com\/fr\/#website\"},\"primaryImageOfPage\":{\"@id\":\"https:\/\/geneva.intercontinental.com\/fr\/decouvrir-la-suisse\/#primaryimage\"},\"image\":{\"@id\":\"https:\/\/geneva.intercontinental.com\/fr\/decouvrir-la-suisse\/#primaryimage\"},\"thumbnailUrl\":\"https:\/\/geneva.intercontinental.com\/wp-content\/uploads\/sites\/7\/2024\/03\/Dawa-Sherpa-Saleve.jpg\",\"datePublished\":\"2020-07-14T07:37:31+00:00\",\"dateModified\":\"2025-10-09T14:01:20+00:00\",\"description\":\"A la fronti\u00e8re Suisse avec la France, entre les Alpes et le lac L\u00e9man, la r\u00e9gion Genevoise offre de nombreux sites attractifs \u00e0 visiter. Gr\u00e2ce \u00e0\",\"breadcrumb\":{\"@id\":\"https:\/\/geneva.intercontinental.com\/fr\/decouvrir-la-suisse\/#breadcrumb\"},\"inLanguage\":\"fr-FR\",\"potentialAction\":[{\"@type\":\"ReadAction\",\"target\":[\"https:\/\/geneva.intercontinental.com\/fr\/decouvrir-la-suisse\/\"]}]},{\"@type\":\"ImageObject\",\"inLanguage\":\"fr-FR\",\"@id\":\"https:\/\/geneva.intercontinental.com\/fr\/decouvrir-la-suisse\/#primaryimage\",\"url\":\"https:\/\/geneva.intercontinental.com\/wp-content\/uploads\/sites\/7\/2024\/03\/Dawa-Sherpa-Saleve.jpg\",\"contentUrl\":\"https:\/\/geneva.intercontinental.com\/wp-content\/uploads\/sites\/7\/2024\/03\/Dawa-Sherpa-Saleve.jpg\"},{\"@type\":\"BreadcrumbList\",\"@id\":\"https:\/\/geneva.intercontinental.com\/fr\/decouvrir-la-suisse\/#breadcrumb\",\"itemListElement\":[{\"@type\":\"ListItem\",\"position\":1,\"name\":\"Accueil\",\"item\":\"https:\/\/geneva.intercontinental.com\/fr\/\"},{\"@type\":\"ListItem\",\"position\":2,\"name\":\"D\u00e9couvrir la Suisse\"}]},{\"@type\":\"WebSite\",\"@id\":\"https:\/\/geneva.intercontinental.com\/fr\/#website\",\"url\":\"https:\/\/geneva.intercontinental.com\/fr\/\",\"name\":\"IHG\",\"description\":\"Live the InterContinental Life\",\"publisher\":{\"@id\":\"https:\/\/geneva.intercontinental.com\/fr\/#organization\"},\"alternateName\":\"InterContinental Gen\u00e8ve\",\"potentialAction\":[{\"@type\":\"SearchAction\",\"target\":{\"@type\":\"EntryPoint\",\"urlTemplate\":\"https:\/\/geneva.intercontinental.com\/fr\/?s={search_term_string}\"},\"query-input\":{\"@type\":\"PropertyValueSpecification\",\"valueRequired\":true,\"valueName\":\"search_term_string\"}}],\"inLanguage\":\"fr-FR\"},{\"@type\":\"Organization\",\"@id\":\"https:\/\/geneva.intercontinental.com\/fr\/#organization\",\"name\":\"InterContinental Gen\u00e8ve\",\"alternateName\":\"GVAHA\",\"url\":\"https:\/\/geneva.intercontinental.com\/fr\/\",\"logo\":{\"@type\":\"ImageObject\",\"inLanguage\":\"fr-FR\",\"@id\":\"https:\/\/geneva.intercontinental.com\/fr\/#\/schema\/logo\/image\/\",\"url\":\"https:\/\/geneva.intercontinental.com\/wp-content\/uploads\/sites\/7\/2024\/04\/intercontinental-geneve-logo.svg\",\"contentUrl\":\"https:\/\/geneva.intercontinental.com\/wp-content\/uploads\/sites\/7\/2024\/04\/intercontinental-geneve-logo.svg\",\"caption\":\"InterContinental Gen\u00e8ve\"},\"image\":{\"@id\":\"https:\/\/geneva.intercontinental.com\/fr\/#\/schema\/logo\/image\/\"}}]}<\/script>\n<!-- \/ Yoast SEO plugin. -->","yoast_head_json":{"title":"D\u00e9couvrir la Suisse - InterContinental Gen\u00e8ve","description":"A la fronti\u00e8re Suisse avec la France, entre les Alpes et le lac L\u00e9man, la r\u00e9gion Genevoise offre de nombreux sites attractifs \u00e0 visiter. Gr\u00e2ce \u00e0","robots":{"index":"index","follow":"follow","max-snippet":"max-snippet:-1","max-image-preview":"max-image-preview:large","max-video-preview":"max-video-preview:-1"},"canonical":"https:\/\/geneva.intercontinental.com\/fr\/decouvrir-la-suisse\/","og_locale":"fr_FR","og_type":"article","og_title":"D\u00e9couvrir la Suisse - InterContinental Gen\u00e8ve","og_description":"A la fronti\u00e8re Suisse avec la France, entre les Alpes et le lac L\u00e9man, la r\u00e9gion Genevoise offre de nombreux sites attractifs \u00e0 visiter. Gr\u00e2ce \u00e0","og_url":"https:\/\/geneva.intercontinental.com\/fr\/decouvrir-la-suisse\/","og_site_name":"IHG","article_modified_time":"2025-10-09T14:01:20+00:00","og_image":[{"url":"https:\/\/geneva.intercontinental.com\/wp-content\/uploads\/sites\/7\/2024\/03\/Dawa-Sherpa-Saleve.jpg","type":"","width":"","height":""}],"twitter_card":"summary_large_image","twitter_misc":{"Dur\u00e9e de lecture estim\u00e9e":"5 minutes"},"schema":{"@context":"https:\/\/schema.org","@graph":[{"@type":"WebPage","@id":"https:\/\/geneva.intercontinental.com\/fr\/decouvrir-la-suisse\/","url":"https:\/\/geneva.intercontinental.com\/fr\/decouvrir-la-suisse\/","name":"D\u00e9couvrir la Suisse - InterContinental Gen\u00e8ve","isPartOf":{"@id":"https:\/\/geneva.intercontinental.com\/fr\/#website"},"primaryImageOfPage":{"@id":"https:\/\/geneva.intercontinental.com\/fr\/decouvrir-la-suisse\/#primaryimage"},"image":{"@id":"https:\/\/geneva.intercontinental.com\/fr\/decouvrir-la-suisse\/#primaryimage"},"thumbnailUrl":"https:\/\/geneva.intercontinental.com\/wp-content\/uploads\/sites\/7\/2024\/03\/Dawa-Sherpa-Saleve.jpg","datePublished":"2020-07-14T07:37:31+00:00","dateModified":"2025-10-09T14:01:20+00:00","description":"A la fronti\u00e8re Suisse avec la France, entre les Alpes et le lac L\u00e9man, la r\u00e9gion Genevoise offre de nombreux sites attractifs \u00e0 visiter. Gr\u00e2ce \u00e0","breadcrumb":{"@id":"https:\/\/geneva.intercontinental.com\/fr\/decouvrir-la-suisse\/#breadcrumb"},"inLanguage":"fr-FR","potentialAction":[{"@type":"ReadAction","target":["https:\/\/geneva.intercontinental.com\/fr\/decouvrir-la-suisse\/"]}]},{"@type":"ImageObject","inLanguage":"fr-FR","@id":"https:\/\/geneva.intercontinental.com\/fr\/decouvrir-la-suisse\/#primaryimage","url":"https:\/\/geneva.intercontinental.com\/wp-content\/uploads\/sites\/7\/2024\/03\/Dawa-Sherpa-Saleve.jpg","contentUrl":"https:\/\/geneva.intercontinental.com\/wp-content\/uploads\/sites\/7\/2024\/03\/Dawa-Sherpa-Saleve.jpg"},{"@type":"BreadcrumbList","@id":"https:\/\/geneva.intercontinental.com\/fr\/decouvrir-la-suisse\/#breadcrumb","itemListElement":[{"@type":"ListItem","position":1,"name":"Accueil","item":"https:\/\/geneva.intercontinental.com\/fr\/"},{"@type":"ListItem","position":2,"name":"D\u00e9couvrir la Suisse"}]},{"@type":"WebSite","@id":"https:\/\/geneva.intercontinental.com\/fr\/#website","url":"https:\/\/geneva.intercontinental.com\/fr\/","name":"IHG","description":"Live the InterContinental Life","publisher":{"@id":"https:\/\/geneva.intercontinental.com\/fr\/#organization"},"alternateName":"InterContinental Gen\u00e8ve","potentialAction":[{"@type":"SearchAction","target":{"@type":"EntryPoint","urlTemplate":"https:\/\/geneva.intercontinental.com\/fr\/?s={search_term_string}"},"query-input":{"@type":"PropertyValueSpecification","valueRequired":true,"valueName":"search_term_string"}}],"inLanguage":"fr-FR"},{"@type":"Organization","@id":"https:\/\/geneva.intercontinental.com\/fr\/#organization","name":"InterContinental Gen\u00e8ve","alternateName":"GVAHA","url":"https:\/\/geneva.intercontinental.com\/fr\/","logo":{"@type":"ImageObject","inLanguage":"fr-FR","@id":"https:\/\/geneva.intercontinental.com\/fr\/#\/schema\/logo\/image\/","url":"https:\/\/geneva.intercontinental.com\/wp-content\/uploads\/sites\/7\/2024\/04\/intercontinental-geneve-logo.svg","contentUrl":"https:\/\/geneva.intercontinental.com\/wp-content\/uploads\/sites\/7\/2024\/04\/intercontinental-geneve-logo.svg","caption":"InterContinental Gen\u00e8ve"},"image":{"@id":"https:\/\/geneva.intercontinental.com\/fr\/#\/schema\/logo\/image\/"}}]}},"_links":{"self":[{"href":"https:\/\/geneva.intercontinental.com\/fr\/wp-json\/wp\/v2\/pages\/897","targetHints":{"allow":["GET"]}}],"collection":[{"href":"https:\/\/geneva.intercontinental.com\/fr\/wp-json\/wp\/v2\/pages"}],"about":[{"href":"https:\/\/geneva.intercontinental.com\/fr\/wp-json\/wp\/v2\/types\/page"}],"author":[{"embeddable":true,"href":"https:\/\/geneva.intercontinental.com\/fr\/wp-json\/wp\/v2\/users\/1"}],"replies":[{"embeddable":true,"href":"https:\/\/geneva.intercontinental.com\/fr\/wp-json\/wp\/v2\/comments?post=897"}],"version-history":[{"count":11,"href":"https:\/\/geneva.intercontinental.com\/fr\/wp-json\/wp\/v2\/pages\/897\/revisions"}],"predecessor-version":[{"id":38325,"href":"https:\/\/geneva.intercontinental.com\/fr\/wp-json\/wp\/v2\/pages\/897\/revisions\/38325"}],"wp:attachment":[{"href":"https:\/\/geneva.intercontinental.com\/fr\/wp-json\/wp\/v2\/media?parent=897"}],"curies":[{"name":"wp","href":"https:\/\/api.w.org\/{rel}","templated":true}]}}