{"id":894,"date":"2020-07-14T09:26:34","date_gmt":"2020-07-14T07:26:34","guid":{"rendered":"https:\/\/geneva.intercontinental.com\/?page_id=894"},"modified":"2025-10-09T15:49:44","modified_gmt":"2025-10-09T13:49:44","slug":"geneve-ville","status":"publish","type":"page","link":"https:\/\/geneva.intercontinental.com\/fr\/geneve-ville\/","title":{"rendered":"La ville de Gen\u00e8ve"},"content":{"rendered":"\r\n\r\n\r\n\r\n\r\n  <!-- Swiper hero -->\r\n  <div id=\"slideshow-block_47ca9a2845a49b77606e86a13e65d38d\" class=\"row \">  \r\n    <div class=\"swiper d-swiper-container hero\" data-swiper={\"navigation\":{\"enabled\":false}}>\r\n      <div class=\"swiper-wrapper\">\r\n                            <div class=\"swiper-slide\">\r\n                              <span aria-hidden=\"true\" class=\"slide-e-background has-background-dim-30  has-background has-charcoal-grey-background-color\"><\/span>\r\n                                            <img decoding=\"async\" src=\"https:\/\/geneva.intercontinental.com\/wp-content\/uploads\/sites\/7\/2020\/07\/intercontinental-geneva-city.jpg\"\r\n                sizes=\"(max-width: 2000px) 100vw, 2000px\"\r\n                srcset=\"https:\/\/geneva.intercontinental.com\/wp-content\/uploads\/sites\/7\/2020\/07\/intercontinental-geneva-city.jpg 2500w,\r\n                        https:\/\/geneva.intercontinental.com\/wp-content\/uploads\/sites\/7\/2020\/07\/intercontinental-geneva-city-1024x681.jpg 1024w,\r\n                        https:\/\/geneva.intercontinental.com\/wp-content\/uploads\/sites\/7\/2020\/07\/intercontinental-geneva-city-768x511.jpg 768w\"\r\n                        alt=\"\">\r\n                                            <div class=\"slide-e-content d-none d-md-block\">\r\n                                       \r\n                    <h1 class=\"title\">La ville de Gen\u00e8ve<\/h1>\r\n                                                                                          <\/div>\r\n                          <\/div>\r\n                            <\/div>\r\n            <\/div>\r\n  <\/div>\r\n  <!-- End Swiper hero -->\r\n\r\n \n\n\n<div style=\"height:50px\" aria-hidden=\"true\" class=\"wp-block-spacer\"><\/div>\n\n\n\n<div style=\"height:30px\" aria-hidden=\"true\" class=\"wp-block-spacer\"><\/div>\n\n\n\n<div class=\"wp-block-columns is-layout-flex wp-container-core-columns-is-layout-28f84493 wp-block-columns-is-layout-flex\">\n<div class=\"wp-block-column is-layout-flow wp-block-column-is-layout-flow\" style=\"flex-basis:15%\"><\/div>\n\n\n\n<div class=\"wp-block-column is-layout-flow wp-block-column-is-layout-flow\">\n<p>Gen\u00e8ve, ville de paix et d\u2019horlogerie de luxe, est un lieu vivant au carrefour des cultures et des nations. D\u00e9couvrez le patrimoine unique de la ville, son histoire et sa culture moderne dans les mus\u00e9es de renomm\u00e9s mondiale et des institutions internationales. Visitez \u00e9galement les parcs immacul\u00e9s, faites du l\u00e8che-vitrine et promenez-vous le long des rives du lac L\u00e9man. Quels que soient vos centres d\u2019int\u00e9r\u00eats, la ville cosmopolite de Gen\u00e8ve propose des exp\u00e9riences uniques pour tous les go\u00fbts.<\/p>\n\n\n\n<p>En s\u00e9journant dans notre \u00e9tablissement, vous recevez gratuitement la \u00abGeneva Transport Card\u00bb en version digitale. Gr\u00e2ce \u00e0 elle, les transports publics genevois sont gratuits durant toute la dur\u00e9e de votre s\u00e9jour. Cette carte personnelle et intransmissible vous permet d&#8217;utiliser sans limites le r\u00e9seau genevois des transports publics (UNIRESO: bus (TPG), train (CFF) et bateau (Mouettes genevoises) pour toute la dur\u00e9e de votre s\u00e9jour.&nbsp;<\/p>\n<\/div>\n\n\n\n<div class=\"wp-block-column is-layout-flow wp-block-column-is-layout-flow\" style=\"flex-basis:15%\"><\/div>\n<\/div>\n\n\n\n<div class=\"wp-block-buttons is-content-justification-center is-layout-flex wp-container-core-buttons-is-layout-a89b3969 wp-block-buttons-is-layout-flex\">\n<div class=\"wp-block-button is-style-alternate-version\"><a class=\"wp-block-button__link wp-element-button\" href=\"https:\/\/geneva.intercontinental.com\/wp-content\/uploads\/sites\/7\/2024\/05\/Geneva-Discovery-map_FR-EN.pdf\" target=\"_blank\" rel=\"noreferrer noopener\">Carte de Gen\u00e8ve<\/a><\/div>\n<\/div>\n\n\n\n<div style=\"height:40px\" aria-hidden=\"true\" class=\"wp-block-spacer\"><\/div>\n\n\n\n<div class=\"wp-block-group pattern-2-col-img-and-text is-nowrap is-layout-flex wp-container-core-group-is-layout-f66f9956 wp-block-group-is-layout-flex\">\n<div class=\"wp-block-group is-layout-constrained wp-block-group-is-layout-constrained\">\n<figure class=\"wp-block-image size-large is-resized\"><img decoding=\"async\" width=\"1024\" height=\"682\" src=\"https:\/\/geneva.intercontinental.com\/wp-content\/uploads\/sites\/7\/2020\/07\/intercontinental-geneva-old-town-1024x682.jpg\" alt=\"Vue pittoresque de la Vieille Ville de Gen\u00e8ve avec ses toits historiques et la cath\u00e9drale Saint-Pierre \u00e0 l\u2019horizon\" class=\"wp-image-1375\" style=\"width:undefinedpx\" srcset=\"https:\/\/geneva.intercontinental.com\/wp-content\/uploads\/sites\/7\/2020\/07\/intercontinental-geneva-old-town-1024x682.jpg 1024w, https:\/\/geneva.intercontinental.com\/wp-content\/uploads\/sites\/7\/2020\/07\/intercontinental-geneva-old-town-300x200.jpg 300w, https:\/\/geneva.intercontinental.com\/wp-content\/uploads\/sites\/7\/2020\/07\/intercontinental-geneva-old-town-768x512.jpg 768w, https:\/\/geneva.intercontinental.com\/wp-content\/uploads\/sites\/7\/2020\/07\/intercontinental-geneva-old-town-1536x1024.jpg 1536w, https:\/\/geneva.intercontinental.com\/wp-content\/uploads\/sites\/7\/2020\/07\/intercontinental-geneva-old-town-1200x800.jpg 1200w, https:\/\/geneva.intercontinental.com\/wp-content\/uploads\/sites\/7\/2020\/07\/intercontinental-geneva-old-town.jpg 2000w\" sizes=\"(max-width: 1024px) 100vw, 1024px\" \/><\/figure>\n\n\n\n<div class=\"wp-block-group is-nowrap is-layout-flex wp-container-core-group-is-layout-2a556b77 wp-block-group-is-layout-flex\" style=\"padding-top:2rem;padding-right:0;padding-bottom:2rem\">\n<h4 class=\"wp-block-heading\">D\u00c9COUVRIR<\/h4>\n\n\n\n<div class=\"wp-block-group is-vertical is-content-justification-left is-layout-flex wp-container-core-group-is-layout-dd225191 wp-block-group-is-layout-flex\">\n<h3 class=\"wp-block-heading\">Vieille ville<\/h3>\n\n\n\n<p>La Vieille ville de Gen\u00e8ve est le plus grand centre historique de Suisse. Fl\u00e2nez dans ses rues pav\u00e9es, arr\u00eatez-vous sur la charmante place de la mairie et admirez la maison natale de Rousseau. Vous y trouverez plusieurs des meilleurs sites de Gen\u00e8ve, dont la cath\u00e9drale Saint-Pierre et le mus\u00e9e de la R\u00e9forme.<\/p>\n\n\n\n<p><em>Cr\u00e9dit photo : \u00a9 Gen\u00e8ve Tourisme<\/em><\/p>\n<\/div>\n<\/div>\n<\/div>\n\n\n\n<div class=\"wp-block-group is-layout-constrained wp-block-group-is-layout-constrained\">\n<figure class=\"wp-block-image size-large is-resized\"><img decoding=\"async\" width=\"1024\" height=\"768\" src=\"https:\/\/geneva.intercontinental.com\/wp-content\/uploads\/sites\/7\/2020\/07\/intercontinental-geneva-cathedrale-st-pierre-centre-1024x768.jpg\" alt=\"Fa\u00e7ade et fl\u00e8che gothique de la cath\u00e9drale Saint-Pierre, monument embl\u00e9matique du centre historique de Gen\u00e8ve\" class=\"wp-image-1389\" style=\"width:undefinedpx\" srcset=\"https:\/\/geneva.intercontinental.com\/wp-content\/uploads\/sites\/7\/2020\/07\/intercontinental-geneva-cathedrale-st-pierre-centre-1024x768.jpg 1024w, https:\/\/geneva.intercontinental.com\/wp-content\/uploads\/sites\/7\/2020\/07\/intercontinental-geneva-cathedrale-st-pierre-centre-300x225.jpg 300w, https:\/\/geneva.intercontinental.com\/wp-content\/uploads\/sites\/7\/2020\/07\/intercontinental-geneva-cathedrale-st-pierre-centre-768x576.jpg 768w, https:\/\/geneva.intercontinental.com\/wp-content\/uploads\/sites\/7\/2020\/07\/intercontinental-geneva-cathedrale-st-pierre-centre-1536x1152.jpg 1536w, https:\/\/geneva.intercontinental.com\/wp-content\/uploads\/sites\/7\/2020\/07\/intercontinental-geneva-cathedrale-st-pierre-centre-1200x900.jpg 1200w, https:\/\/geneva.intercontinental.com\/wp-content\/uploads\/sites\/7\/2020\/07\/intercontinental-geneva-cathedrale-st-pierre-centre.jpg 1890w\" sizes=\"(max-width: 1024px) 100vw, 1024px\" \/><\/figure>\n\n\n\n<div class=\"wp-block-group is-nowrap is-layout-flex wp-container-core-group-is-layout-2a556b77 wp-block-group-is-layout-flex\" style=\"padding-top:2rem;padding-right:0;padding-bottom:2rem\">\n<h4 class=\"wp-block-heading\">D\u00c9COUVRIR<\/h4>\n\n\n\n<div class=\"wp-block-group is-vertical is-content-justification-left is-layout-flex wp-container-core-group-is-layout-dd225191 wp-block-group-is-layout-flex\">\n<h3 class=\"wp-block-heading\">Cath\u00e9drale Saint-Pierre<\/h3>\n\n\n\n<p>La Cath\u00e9drale Saint-Pierre est un symbole de la R\u00e9forme au c\u0153ur de la vieille ville de Gen\u00e8ve. En \u00e9t\u00e9 ou en hiver, montez les 157 marches de la tour de la cath\u00e9drale pour une vue magnifique sur la ville et le lac L\u00e9man. Une visite arch\u00e9ologique sous la cath\u00e9drale donne aux visiteurs un aper\u00e7u de l\u2019histoire de Gen\u00e8ve datant de l\u2019\u00e9poque pr\u00e9-romaine.<\/p>\n\n\n\n<p><em>Cr\u00e9dit photo : \u00a9 Gen\u00e8ve Tourisme<\/em><\/p>\n<\/div>\n<\/div>\n<\/div>\n<\/div>\n\n\n\n<div style=\"height:30px\" aria-hidden=\"true\" class=\"wp-block-spacer\"><\/div>\n\n\n\n<div class=\"wp-block-group pattern-2-col-img-and-text is-nowrap is-layout-flex wp-container-core-group-is-layout-f66f9956 wp-block-group-is-layout-flex\">\n<div class=\"wp-block-group is-layout-constrained wp-block-group-is-layout-constrained\">\n<figure class=\"wp-block-image size-large is-resized\"><img decoding=\"async\" width=\"1024\" height=\"862\" src=\"https:\/\/geneva.intercontinental.com\/wp-content\/uploads\/sites\/7\/2020\/08\/intercontinental-geneva-bibliotheque-musee-reforme-1024x862.jpg\" alt=\"Fa\u00e7ade du Mus\u00e9e International de la R\u00e9forme \u00e0 Gen\u00e8ve, lieu historique voisin de la cath\u00e9drale Saint-Pierre\" class=\"wp-image-2084\" style=\"width:undefinedpx\" srcset=\"https:\/\/geneva.intercontinental.com\/wp-content\/uploads\/sites\/7\/2020\/08\/intercontinental-geneva-bibliotheque-musee-reforme-1024x862.jpg 1024w, https:\/\/geneva.intercontinental.com\/wp-content\/uploads\/sites\/7\/2020\/08\/intercontinental-geneva-bibliotheque-musee-reforme-300x253.jpg 300w, https:\/\/geneva.intercontinental.com\/wp-content\/uploads\/sites\/7\/2020\/08\/intercontinental-geneva-bibliotheque-musee-reforme-768x647.jpg 768w, https:\/\/geneva.intercontinental.com\/wp-content\/uploads\/sites\/7\/2020\/08\/intercontinental-geneva-bibliotheque-musee-reforme-1536x1293.jpg 1536w, https:\/\/geneva.intercontinental.com\/wp-content\/uploads\/sites\/7\/2020\/08\/intercontinental-geneva-bibliotheque-musee-reforme-2048x1724.jpg 2048w, https:\/\/geneva.intercontinental.com\/wp-content\/uploads\/sites\/7\/2020\/08\/intercontinental-geneva-bibliotheque-musee-reforme-1200x1010.jpg 1200w\" sizes=\"(max-width: 1024px) 100vw, 1024px\" \/><\/figure>\n\n\n\n<div class=\"wp-block-group is-nowrap is-layout-flex wp-container-core-group-is-layout-2a556b77 wp-block-group-is-layout-flex\" style=\"padding-top:2rem;padding-right:0;padding-bottom:2rem\">\n<h4 class=\"wp-block-heading\">D\u00c9COUVRIR<\/h4>\n\n\n\n<div class=\"wp-block-group is-vertical is-content-justification-left is-layout-flex wp-container-core-group-is-layout-dd225191 wp-block-group-is-layout-flex\">\n<h3 class=\"wp-block-heading\">Mus\u00e9e de la R\u00e9forme<\/h3>\n\n\n\n<p>\u00c0 c\u00f4t\u00e9 de la Cath\u00e9drale Saint-Pierre, le Mus\u00e9e de la R\u00e9forme donne un aper\u00e7u des \u00e9l\u00e9ments spirituels et culturels de la R\u00e9forme. Il abrite des manuscrits, des livres rares, des peintures et d\u2019autres objets uniques illustrant l\u2019histoire entre Gen\u00e8ve et la R\u00e9forme. Des expositions modernes et une technologie interactive font du mus\u00e9e un lieu accueillant pour les enfants et les adultes.<\/p>\n<\/div>\n<\/div>\n<\/div>\n\n\n\n<div class=\"wp-block-group is-layout-constrained wp-block-group-is-layout-constrained\">\n<figure class=\"wp-block-image size-large is-resized\"><img decoding=\"async\" width=\"1024\" height=\"697\" src=\"https:\/\/geneva.intercontinental.com\/wp-content\/uploads\/sites\/7\/2020\/07\/intercontinental-geneva-reformation-wall-1024x697.jpg\" alt=\"Vue du Mur des R\u00e9formateurs au Parc des Bastions \u00e0 Gen\u00e8ve, monument embl\u00e9matique de la R\u00e9forme protestante\" class=\"wp-image-1376\" style=\"width:undefinedpx\" srcset=\"https:\/\/geneva.intercontinental.com\/wp-content\/uploads\/sites\/7\/2020\/07\/intercontinental-geneva-reformation-wall-1024x697.jpg 1024w, https:\/\/geneva.intercontinental.com\/wp-content\/uploads\/sites\/7\/2020\/07\/intercontinental-geneva-reformation-wall-300x204.jpg 300w, https:\/\/geneva.intercontinental.com\/wp-content\/uploads\/sites\/7\/2020\/07\/intercontinental-geneva-reformation-wall-768x523.jpg 768w, https:\/\/geneva.intercontinental.com\/wp-content\/uploads\/sites\/7\/2020\/07\/intercontinental-geneva-reformation-wall-1536x1046.jpg 1536w, https:\/\/geneva.intercontinental.com\/wp-content\/uploads\/sites\/7\/2020\/07\/intercontinental-geneva-reformation-wall-1200x817.jpg 1200w, https:\/\/geneva.intercontinental.com\/wp-content\/uploads\/sites\/7\/2020\/07\/intercontinental-geneva-reformation-wall.jpg 1666w\" sizes=\"(max-width: 1024px) 100vw, 1024px\" \/><\/figure>\n\n\n\n<div class=\"wp-block-group is-nowrap is-layout-flex wp-container-core-group-is-layout-2a556b77 wp-block-group-is-layout-flex\" style=\"padding-top:2rem;padding-right:0;padding-bottom:2rem\">\n<h4 class=\"wp-block-heading\">D\u00c9COUVRIR<\/h4>\n\n\n\n<div class=\"wp-block-group is-vertical is-content-justification-left is-layout-flex wp-container-core-group-is-layout-dd225191 wp-block-group-is-layout-flex\">\n<h3 class=\"wp-block-heading\">Mur de la R\u00e9forme<\/h3>\n\n\n\n<p>Le Mur de la R\u00e9forme se dresse sur le terrain de l\u2019Universit\u00e9 de Gen\u00e8ve (fond\u00e9e par John Calvin), dans le Parc des Bastions. S\u2019\u00e9tendant sur 100 m\u00e8tres, le mur pr\u00e9sente des statues de 5 m\u00e8tres des quatre r\u00e9formateurs genevois ainsi que des statues plus petites de grandes figures protestantes. Inaugur\u00e9 en 1909, le mur comm\u00e9more le 400\u00e8me anniversaire de la naissance de Calvin et le 350e anniversaire de la fondation de l\u2019universit\u00e9.<\/p>\n\n\n\n<p><em>Cr\u00e9dit photo : \u00a9 Gen\u00e8ve Tourisme<\/em><\/p>\n<\/div>\n<\/div>\n<\/div>\n<\/div>\n\n\n\n<div style=\"height:30px\" aria-hidden=\"true\" class=\"wp-block-spacer\"><\/div>\n\n\n\n<div class=\"wp-block-group pattern-2-col-img-and-text is-nowrap is-layout-flex wp-container-core-group-is-layout-f66f9956 wp-block-group-is-layout-flex\">\n<div class=\"wp-block-group is-layout-constrained wp-block-group-is-layout-constrained\">\n<figure class=\"wp-block-image size-full\"><img decoding=\"async\" width=\"1024\" height=\"768\" src=\"https:\/\/geneva.intercontinental.com\/wp-content\/uploads\/sites\/7\/2023\/10\/intercontinental-geneva-croix-ro.jpg\" alt=\"Drapeaux de la Croix-Rouge et du Croissant-Rouge internationaux flottant devant le mus\u00e9e \u00e0 Gen\u00e8ve\" class=\"wp-image-21198\" style=\"object-fit:cover\" srcset=\"https:\/\/geneva.intercontinental.com\/wp-content\/uploads\/sites\/7\/2023\/10\/intercontinental-geneva-croix-ro.jpg 1024w, https:\/\/geneva.intercontinental.com\/wp-content\/uploads\/sites\/7\/2023\/10\/intercontinental-geneva-croix-ro-300x225.jpg 300w, https:\/\/geneva.intercontinental.com\/wp-content\/uploads\/sites\/7\/2023\/10\/intercontinental-geneva-croix-ro-768x576.jpg 768w\" sizes=\"(max-width: 1024px) 100vw, 1024px\" \/><\/figure>\n\n\n\n<div class=\"wp-block-group is-nowrap is-layout-flex wp-container-core-group-is-layout-2a556b77 wp-block-group-is-layout-flex\" style=\"padding-top:2rem;padding-right:0;padding-bottom:2rem\">\n<h4 class=\"wp-block-heading\">D\u00c9COUVRIR<\/h4>\n\n\n\n<div class=\"wp-block-group is-vertical is-content-justification-left is-layout-flex wp-container-core-group-is-layout-dd225191 wp-block-group-is-layout-flex\">\n<h3 class=\"wp-block-heading\">Mus\u00e9e international de la Croix-Rouge et du Croissant-Rouge<\/h3>\n\n\n\n<p>Ce mus\u00e9e unique invite les visiteurs petits et grands \u00e0 r\u00e9fl\u00e9chir sur 150 ans d\u2019action humanitaire et d\u2019histoire. Explorez les principaux d\u00e9fis de la d\u00e9fense de la dignit\u00e9 humaine, regroupant les familles et la r\u00e9duction des risques naturels, apprenez-en davantage sur les op\u00e9rations humanitaires men\u00e9es par la Croix-Rouge et le Croissant-Rouge dans le monde aujourd\u2019hui.<\/p>\n<\/div>\n<\/div>\n<\/div>\n\n\n\n<div class=\"wp-block-group is-layout-constrained wp-block-group-is-layout-constrained\">\n<figure class=\"wp-block-image size-full\"><img decoding=\"async\" width=\"2400\" height=\"1602\" src=\"https:\/\/geneva.intercontinental.com\/wp-content\/uploads\/sites\/7\/2024\/08\/ONU-UN.jpg\" alt=\"Vue a\u00e9rienne du Palais des Nations \u00e0 Gen\u00e8ve, si\u00e8ge europ\u00e9en des Nations Unies au c\u0153ur du parc Ariana\" class=\"wp-image-32331\" style=\"object-fit:cover\" srcset=\"https:\/\/geneva.intercontinental.com\/wp-content\/uploads\/sites\/7\/2024\/08\/ONU-UN.jpg 2400w, https:\/\/geneva.intercontinental.com\/wp-content\/uploads\/sites\/7\/2024\/08\/ONU-UN-300x200.jpg 300w, https:\/\/geneva.intercontinental.com\/wp-content\/uploads\/sites\/7\/2024\/08\/ONU-UN-1024x684.jpg 1024w, https:\/\/geneva.intercontinental.com\/wp-content\/uploads\/sites\/7\/2024\/08\/ONU-UN-768x513.jpg 768w, https:\/\/geneva.intercontinental.com\/wp-content\/uploads\/sites\/7\/2024\/08\/ONU-UN-1536x1025.jpg 1536w, https:\/\/geneva.intercontinental.com\/wp-content\/uploads\/sites\/7\/2024\/08\/ONU-UN-2048x1367.jpg 2048w, https:\/\/geneva.intercontinental.com\/wp-content\/uploads\/sites\/7\/2024\/08\/ONU-UN-1200x801.jpg 1200w\" sizes=\"(max-width: 2400px) 100vw, 2400px\" \/><\/figure>\n\n\n\n<div class=\"wp-block-group is-nowrap is-layout-flex wp-container-core-group-is-layout-2a556b77 wp-block-group-is-layout-flex\" style=\"padding-top:2rem;padding-right:0;padding-bottom:2rem\">\n<h4 class=\"wp-block-heading\">D\u00c9COUVRIR<\/h4>\n\n\n\n<div class=\"wp-block-group is-vertical is-content-justification-left is-layout-flex wp-container-core-group-is-layout-dd225191 wp-block-group-is-layout-flex\">\n<h3 class=\"wp-block-heading\">Palais des Nations<\/h3>\n\n\n\n<p>Abritant le si\u00e8ge Europ\u00e9en des Nations Unies, le Palais des Nations est un symbole de paix et de diplomatie mondiale. Des visites guid\u00e9es sont disponibles tous les jours de la semaine tout au long de l\u2019ann\u00e9e. Devant le Palais des Nations, la \u00abchaise cass\u00e9e\u00bb, une sculpture de 12 m\u00e8tres de l\u2019artiste suisse Daniel Berset, se dresse en m\u00e9moire aux victimes des mines antipersonnel.<\/p>\n\n\n\n<p><em>Cr\u00e9dit photo : \u00a9 Gen\u00e8ve Tourisme, Loris von Siebenthal<\/em><\/p>\n<\/div>\n<\/div>\n<\/div>\n<\/div>\n\n\n\n<div style=\"height:30px\" aria-hidden=\"true\" class=\"wp-block-spacer\"><\/div>\n\n\n\n<div class=\"wp-block-group pattern-2-col-img-and-text is-nowrap is-layout-flex wp-container-core-group-is-layout-f66f9956 wp-block-group-is-layout-flex\">\n<div class=\"wp-block-group is-layout-constrained wp-block-group-is-layout-constrained\">\n<figure class=\"wp-block-image size-large is-resized\"><img decoding=\"async\" width=\"1024\" height=\"570\" src=\"https:\/\/geneva.intercontinental.com\/wp-content\/uploads\/sites\/7\/2020\/07\/intercontinental-geneva-cern-1024x570.jpg\" alt=\"Vue du Globe de la science et de l\u2019innovation du CERN \u00e0 Gen\u00e8ve, symbole d\u2019avanc\u00e9es scientifiques et de d\u00e9veloppement durable\" class=\"wp-image-1380\" style=\"width:undefinedpx\" srcset=\"https:\/\/geneva.intercontinental.com\/wp-content\/uploads\/sites\/7\/2020\/07\/intercontinental-geneva-cern-1024x570.jpg 1024w, https:\/\/geneva.intercontinental.com\/wp-content\/uploads\/sites\/7\/2020\/07\/intercontinental-geneva-cern-300x167.jpg 300w, https:\/\/geneva.intercontinental.com\/wp-content\/uploads\/sites\/7\/2020\/07\/intercontinental-geneva-cern-768x427.jpg 768w, https:\/\/geneva.intercontinental.com\/wp-content\/uploads\/sites\/7\/2020\/07\/intercontinental-geneva-cern-1536x855.jpg 1536w, https:\/\/geneva.intercontinental.com\/wp-content\/uploads\/sites\/7\/2020\/07\/intercontinental-geneva-cern-1200x668.jpg 1200w, https:\/\/geneva.intercontinental.com\/wp-content\/uploads\/sites\/7\/2020\/07\/intercontinental-geneva-cern.jpg 1917w\" sizes=\"(max-width: 1024px) 100vw, 1024px\" \/><\/figure>\n\n\n\n<div class=\"wp-block-group is-nowrap is-layout-flex wp-container-core-group-is-layout-2a556b77 wp-block-group-is-layout-flex\" style=\"padding-top:2rem;padding-right:0;padding-bottom:2rem\">\n<h4 class=\"wp-block-heading\">D\u00c9COUVRIR<\/h4>\n\n\n\n<div class=\"wp-block-group is-vertical is-content-justification-left is-layout-flex wp-container-core-group-is-layout-dd225191 wp-block-group-is-layout-flex\">\n<h3 class=\"wp-block-heading\">Globe de la science et de l\u2019innovation (CERN)<\/h3>\n\n\n\n<p>Le Globe de la science et de l\u2019innovation au CERN est un monument remarquable symbolisant le d\u00e9veloppement durable pour tous. Atteignant 27 m\u00e8tres de haut et 40 m\u00e8tres de large, le globe est de taille comparable au d\u00f4me de la Basilique Saint-Pierre de Rome. Les visiteurs peuvent explorer l\u2019exposition \u00abUnivers des particules\u00bb au rez-de-chauss\u00e9e et en apprendre davantage sur le plus grand collisionneur de particules du monde. Pour plus d\u2019informations sur les visites guid\u00e9es au CERN, veuillez vous rendre \u00e0 la conciergerie.<\/p>\n\n\n\n<p><em>Cr\u00e9dit photo : \u00a9 Gen\u00e8ve Tourisme<\/em><\/p>\n<\/div>\n<\/div>\n<\/div>\n\n\n\n<div class=\"wp-block-group is-layout-constrained wp-block-group-is-layout-constrained\">\n<figure class=\"wp-block-image size-large is-resized\"><img decoding=\"async\" width=\"1024\" height=\"540\" src=\"https:\/\/geneva.intercontinental.com\/wp-content\/uploads\/sites\/7\/2020\/07\/intercontinental-geneva-place-to-visit-MAMCO-1024x540.jpg\" alt=\"Visite du MAMCO \u00e0 Gen\u00e8ve, mus\u00e9e d\u2019art moderne et contemporain install\u00e9 dans une ancienne usine industrielle\" class=\"wp-image-1728\" style=\"width:undefinedpx\" srcset=\"https:\/\/geneva.intercontinental.com\/wp-content\/uploads\/sites\/7\/2020\/07\/intercontinental-geneva-place-to-visit-MAMCO-1024x540.jpg 1024w, https:\/\/geneva.intercontinental.com\/wp-content\/uploads\/sites\/7\/2020\/07\/intercontinental-geneva-place-to-visit-MAMCO-300x158.jpg 300w, https:\/\/geneva.intercontinental.com\/wp-content\/uploads\/sites\/7\/2020\/07\/intercontinental-geneva-place-to-visit-MAMCO-768x405.jpg 768w, https:\/\/geneva.intercontinental.com\/wp-content\/uploads\/sites\/7\/2020\/07\/intercontinental-geneva-place-to-visit-MAMCO-1536x810.jpg 1536w, https:\/\/geneva.intercontinental.com\/wp-content\/uploads\/sites\/7\/2020\/07\/intercontinental-geneva-place-to-visit-MAMCO-1200x633.jpg 1200w, https:\/\/geneva.intercontinental.com\/wp-content\/uploads\/sites\/7\/2020\/07\/intercontinental-geneva-place-to-visit-MAMCO.jpg 2000w\" sizes=\"(max-width: 1024px) 100vw, 1024px\" \/><\/figure>\n\n\n\n<div class=\"wp-block-group is-nowrap is-layout-flex wp-container-core-group-is-layout-2a556b77 wp-block-group-is-layout-flex\" style=\"padding-top:2rem;padding-right:0;padding-bottom:2rem\">\n<h4 class=\"wp-block-heading\">D\u00c9COUVRIR<\/h4>\n\n\n\n<div class=\"wp-block-group is-vertical is-content-justification-left is-layout-flex wp-container-core-group-is-layout-dd225191 wp-block-group-is-layout-flex\">\n<h3 class=\"wp-block-heading\">Mus\u00e9e d\u2019Art Moderne et Contemporain (MAMCO)<\/h3>\n\n\n\n<p>Le plus grand et le plus jeune mus\u00e9e d\u2019art contemporain de Suisse, le MAMCO de Gen\u00e8ve abrite plus de 4 000 \u0153uvres d\u2019art. Inaugur\u00e9 en 1994, le mus\u00e9e est situ\u00e9 dans une ancienne usine industrielle du centre-ville. MAMCO propose diverses expositions d\u2019art suisse et international, ainsi que des activit\u00e9s et des programmes \u00e9ducatifs pour adultes et enfants.<\/p>\n\n\n\n<p><em>Cr\u00e9dit photo : \u00a9 Gen\u00e8ve Tourisme<\/em><\/p>\n<\/div>\n<\/div>\n<\/div>\n<\/div>\n\n\n\n<div style=\"height:30px\" aria-hidden=\"true\" class=\"wp-block-spacer\"><\/div>\n\n\n\n<div class=\"wp-block-group pattern-2-col-img-and-text is-nowrap is-layout-flex wp-container-core-group-is-layout-f66f9956 wp-block-group-is-layout-flex\">\n<div class=\"wp-block-group is-layout-constrained wp-block-group-is-layout-constrained\">\n<figure class=\"wp-block-image size-large is-resized\"><img decoding=\"async\" width=\"1024\" height=\"682\" src=\"https:\/\/geneva.intercontinental.com\/wp-content\/uploads\/sites\/7\/2020\/07\/intercontinental-geneva-water-fountain-lake-1024x682.jpg\" alt=\"Vue du Jet d\u2019Eau de Gen\u00e8ve et du lac L\u00e9man avec un bateau de croisi\u00e8re, embl\u00e8me iconique de la ville\" class=\"wp-image-1393\" style=\"width:undefinedpx\" srcset=\"https:\/\/geneva.intercontinental.com\/wp-content\/uploads\/sites\/7\/2020\/07\/intercontinental-geneva-water-fountain-lake-1024x682.jpg 1024w, https:\/\/geneva.intercontinental.com\/wp-content\/uploads\/sites\/7\/2020\/07\/intercontinental-geneva-water-fountain-lake-300x200.jpg 300w, https:\/\/geneva.intercontinental.com\/wp-content\/uploads\/sites\/7\/2020\/07\/intercontinental-geneva-water-fountain-lake-768x512.jpg 768w, https:\/\/geneva.intercontinental.com\/wp-content\/uploads\/sites\/7\/2020\/07\/intercontinental-geneva-water-fountain-lake-1536x1024.jpg 1536w, https:\/\/geneva.intercontinental.com\/wp-content\/uploads\/sites\/7\/2020\/07\/intercontinental-geneva-water-fountain-lake-1200x800.jpg 1200w, https:\/\/geneva.intercontinental.com\/wp-content\/uploads\/sites\/7\/2020\/07\/intercontinental-geneva-water-fountain-lake.jpg 2000w\" sizes=\"(max-width: 1024px) 100vw, 1024px\" \/><\/figure>\n\n\n\n<div class=\"wp-block-group is-nowrap is-layout-flex wp-container-core-group-is-layout-2a556b77 wp-block-group-is-layout-flex\" style=\"padding-top:2rem;padding-right:0;padding-bottom:2rem\">\n<h4 class=\"wp-block-heading\">D\u00c9COUVRIR<\/h4>\n\n\n\n<div class=\"wp-block-group is-vertical is-content-justification-left is-layout-flex wp-container-core-group-is-layout-dd225191 wp-block-group-is-layout-flex\">\n<h3 class=\"wp-block-heading\">Fontaine d\u2019eau de Gen\u00e8ve<\/h3>\n\n\n\n<p>L\u2019\u00e9l\u00e9gante Jet d\u2019Eau, ou Fontaine d\u2019eau de Gen\u00e8ve, est une attraction bien-aim\u00e9e de la ville. Sur le magnifique lac L\u00e9man, 500 litres d\u2019eau par seconde sont pomp\u00e9s \u00e0 la hauteur de 140 m\u00e8tres. Faites une croisi\u00e8re en bateau pour voir le Jet d\u2019Eau sous un autre angle, ou bien dirigez-vous vers les Bains des P\u00e2quis, o\u00f9 les habitants nagent et font de la fondue, et profitez d\u2019une vue magnifique.<\/p>\n\n\n\n<p><em>Cr\u00e9dit photo : \u00a9 Gen\u00e8ve Tourisme<\/em><\/p>\n<\/div>\n<\/div>\n<\/div>\n\n\n\n<div class=\"wp-block-group is-layout-constrained wp-block-group-is-layout-constrained\">\n<figure class=\"wp-block-image size-large is-resized\"><img decoding=\"async\" width=\"1024\" height=\"682\" src=\"https:\/\/geneva.intercontinental.com\/wp-content\/uploads\/sites\/7\/2020\/07\/intercontinental-geneva-horloge-fleuri-1024x682.jpg\" alt=\"Horloge fleurie de Gen\u00e8ve dans le Jardin anglais, compos\u00e9e de milliers de plantes et symbolisant la pr\u00e9cision horlog\u00e8re suisse\" class=\"wp-image-1374\" style=\"width:undefinedpx\" srcset=\"https:\/\/geneva.intercontinental.com\/wp-content\/uploads\/sites\/7\/2020\/07\/intercontinental-geneva-horloge-fleuri-1024x682.jpg 1024w, https:\/\/geneva.intercontinental.com\/wp-content\/uploads\/sites\/7\/2020\/07\/intercontinental-geneva-horloge-fleuri-300x200.jpg 300w, https:\/\/geneva.intercontinental.com\/wp-content\/uploads\/sites\/7\/2020\/07\/intercontinental-geneva-horloge-fleuri-768x512.jpg 768w, https:\/\/geneva.intercontinental.com\/wp-content\/uploads\/sites\/7\/2020\/07\/intercontinental-geneva-horloge-fleuri-1536x1023.jpg 1536w, https:\/\/geneva.intercontinental.com\/wp-content\/uploads\/sites\/7\/2020\/07\/intercontinental-geneva-horloge-fleuri-1200x800.jpg 1200w, https:\/\/geneva.intercontinental.com\/wp-content\/uploads\/sites\/7\/2020\/07\/intercontinental-geneva-horloge-fleuri.jpg 1666w\" sizes=\"(max-width: 1024px) 100vw, 1024px\" \/><\/figure>\n\n\n\n<div class=\"wp-block-group is-nowrap is-layout-flex wp-container-core-group-is-layout-2a556b77 wp-block-group-is-layout-flex\" style=\"padding-top:2rem;padding-right:0;padding-bottom:2rem\">\n<h4 class=\"wp-block-heading\">D\u00c9COUVRIR<\/h4>\n\n\n\n<div class=\"wp-block-group is-vertical is-content-justification-left is-layout-flex wp-container-core-group-is-layout-dd225191 wp-block-group-is-layout-flex\">\n<h3 class=\"wp-block-heading\">Horloge fleurie<\/h3>\n\n\n\n<p>Embl\u00e8me pr\u00e9cieux de Gen\u00e8ve, l\u2019Horloge Fleurie est install\u00e9e dans l\u2019idyllique Jardin Anglais sur la promenade au bord du lac. Cr\u00e9\u00e9e en 1955 en hommage aux horlogers et \u00e0 l\u2019environnement sauvage de la ville, l\u2019Horloge Fleurie pr\u00e9sente un nouveau design chaque saison. L\u2019Horloge Fleurie comprend 6 500 plantes et sa trotteuse de 2,5 m\u00e8tres est la plus longue du monde.<\/p>\n\n\n\n<p><em>Cr\u00e9dit photo : \u00a9 Gen\u00e8ve Tourisme<\/em><\/p>\n<\/div>\n<\/div>\n<\/div>\n<\/div>\n\n\n\n<div style=\"height:30px\" aria-hidden=\"true\" class=\"wp-block-spacer\"><\/div>\n\n\n\n<div class=\"wp-block-group pattern-2-col-img-and-text is-nowrap is-layout-flex wp-container-core-group-is-layout-f66f9956 wp-block-group-is-layout-flex\">\n<div class=\"wp-block-group is-layout-constrained wp-block-group-is-layout-constrained\">\n<figure class=\"wp-block-image size-large is-resized\"><img decoding=\"async\" width=\"1024\" height=\"548\" src=\"https:\/\/geneva.intercontinental.com\/wp-content\/uploads\/sites\/7\/2020\/07\/intercontinental-geneva-rue-du-rhone-1024x548.jpg\" alt=\"Vue nocturne de la rue du Rh\u00f4ne \u00e0 Gen\u00e8ve, avec ses boutiques de luxe et les reflets du lac L\u00e9man\" class=\"wp-image-1402\" style=\"width:undefinedpx\" srcset=\"https:\/\/geneva.intercontinental.com\/wp-content\/uploads\/sites\/7\/2020\/07\/intercontinental-geneva-rue-du-rhone-1024x548.jpg 1024w, https:\/\/geneva.intercontinental.com\/wp-content\/uploads\/sites\/7\/2020\/07\/intercontinental-geneva-rue-du-rhone-300x161.jpg 300w, https:\/\/geneva.intercontinental.com\/wp-content\/uploads\/sites\/7\/2020\/07\/intercontinental-geneva-rue-du-rhone-768x411.jpg 768w, https:\/\/geneva.intercontinental.com\/wp-content\/uploads\/sites\/7\/2020\/07\/intercontinental-geneva-rue-du-rhone-1536x822.jpg 1536w, https:\/\/geneva.intercontinental.com\/wp-content\/uploads\/sites\/7\/2020\/07\/intercontinental-geneva-rue-du-rhone-2048x1096.jpg 2048w, https:\/\/geneva.intercontinental.com\/wp-content\/uploads\/sites\/7\/2020\/07\/intercontinental-geneva-rue-du-rhone-1200x642.jpg 1200w\" sizes=\"(max-width: 1024px) 100vw, 1024px\" \/><\/figure>\n\n\n\n<div class=\"wp-block-group is-nowrap is-layout-flex wp-container-core-group-is-layout-2a556b77 wp-block-group-is-layout-flex\" style=\"padding-top:2rem;padding-right:0;padding-bottom:2rem\">\n<h4 class=\"wp-block-heading\">D\u00c9COUVRIR<\/h4>\n\n\n\n<div class=\"wp-block-group is-vertical is-content-justification-left is-layout-flex wp-container-core-group-is-layout-dd225191 wp-block-group-is-layout-flex\">\n<h3 class=\"wp-block-heading\">Rue du Rh\u00f4ne<\/h3>\n\n\n\n<p>Pour les amateurs de shopping, un arr\u00eat rue du Rh\u00f4ne \u00e0 Gen\u00e8ve est un incontournable. \u00c0 deux pas de l\u2019Horloge Fleurie, la rue du Rh\u00f4ne abrite certaines des marques de luxe les plus embl\u00e9matiques du monde. Promenez-vous dans cette rue unique pour avoir un aper\u00e7u des plus belles boutiques de montres, de mode, de bijoux et de chocolat Suisse.<\/p>\n\n\n\n<p><em>Cr\u00e9dit photo : \u00a9 Gen\u00e8ve Tourisme<\/em><\/p>\n<\/div>\n<\/div>\n<\/div>\n\n\n\n<div class=\"wp-block-group is-layout-constrained wp-block-group-is-layout-constrained\">\n<figure class=\"wp-block-image size-large is-resized\"><img decoding=\"async\" width=\"1024\" height=\"683\" src=\"https:\/\/geneva.intercontinental.com\/wp-content\/uploads\/sites\/7\/2020\/07\/intercontinental-geneva-carouge-1024x683.jpg\" alt=\"Tram circulant dans les ruelles color\u00e9es de Carouge \u00e0 Gen\u00e8ve, quartier boh\u00e8me \u00e0 l\u2019ambiance m\u00e9diterran\u00e9enne\" class=\"wp-image-1378\" style=\"width:undefinedpx\" srcset=\"https:\/\/geneva.intercontinental.com\/wp-content\/uploads\/sites\/7\/2020\/07\/intercontinental-geneva-carouge-1024x683.jpg 1024w, https:\/\/geneva.intercontinental.com\/wp-content\/uploads\/sites\/7\/2020\/07\/intercontinental-geneva-carouge-300x200.jpg 300w, https:\/\/geneva.intercontinental.com\/wp-content\/uploads\/sites\/7\/2020\/07\/intercontinental-geneva-carouge-768x512.jpg 768w, https:\/\/geneva.intercontinental.com\/wp-content\/uploads\/sites\/7\/2020\/07\/intercontinental-geneva-carouge-1536x1024.jpg 1536w, https:\/\/geneva.intercontinental.com\/wp-content\/uploads\/sites\/7\/2020\/07\/intercontinental-geneva-carouge-1200x800.jpg 1200w, https:\/\/geneva.intercontinental.com\/wp-content\/uploads\/sites\/7\/2020\/07\/intercontinental-geneva-carouge.jpg 1920w\" sizes=\"(max-width: 1024px) 100vw, 1024px\" \/><\/figure>\n\n\n\n<div class=\"wp-block-group is-nowrap is-layout-flex wp-container-core-group-is-layout-2a556b77 wp-block-group-is-layout-flex\" style=\"padding-top:2rem;padding-right:0;padding-bottom:2rem\">\n<h4 class=\"wp-block-heading\">D\u00c9COUVRIR<\/h4>\n\n\n\n<div class=\"wp-block-group is-vertical is-content-justification-left is-layout-flex wp-container-core-group-is-layout-dd225191 wp-block-group-is-layout-flex\">\n<h3 class=\"wp-block-heading\">Carouge<\/h3>\n\n\n\n<p>De l\u2019autre c\u00f4t\u00e9 de la rivi\u00e8re Arve se trouve Carouge, la ville jumel\u00e9e et le \u00abGreenwich Village\u00bb de Gen\u00e8ve. Carouge doit son ambiance m\u00e9diterran\u00e9enne \u00e0 ses racines Sardes : la construction de la ville a commenc\u00e9 sous le Roi de Sardaigne en 1786. Aujourd\u2019hui, Carouge abrite des caf\u00e9s boh\u00e8mes, des bars avec de l\u2019ambiance, des librairies et des boutiques d\u2019art \u2013 une tranche de la Dolce Vita \u00e0 deux pas en tramway.<\/p>\n\n\n\n<p><em>Cr\u00e9dit photo : \u00a9 Gen\u00e8ve Tourisme<\/em><\/p>\n<\/div>\n<\/div>\n<\/div>\n<\/div>\n\n\n\n<div style=\"height:30px\" aria-hidden=\"true\" class=\"wp-block-spacer\"><\/div>\n","protected":false},"excerpt":{"rendered":"<p>Gen\u00e8ve, ville de paix et d\u2019horlogerie de luxe, est un lieu vivant au carrefour des cultures et des nations. D\u00e9couvrez le patrimoine unique de la ville, son histoire et sa culture moderne dans les mus\u00e9es de renomm\u00e9s mondiale et des [&hellip;]<\/p>\n","protected":false},"author":1,"featured_media":0,"parent":0,"menu_order":0,"comment_status":"closed","ping_status":"closed","template":"","meta":{"_acf_changed":false,"footnotes":""},"class_list":["post-894","page","type-page","status-publish","hentry"],"acf":[],"yoast_head":"<!-- This site is optimized with the Yoast SEO plugin v26.2 - https:\/\/yoast.com\/wordpress\/plugins\/seo\/ -->\n<title>La ville de Gen\u00e8ve - InterContinental Gen\u00e8ve<\/title>\n<meta name=\"description\" content=\"Gen\u00e8ve, ville de paix et d\u2019horlogerie de luxe, est un lieu vivant au carrefour des cultures et des nations. D\u00e9couvrez le patrimoine unique de la ville,\" \/>\n<meta name=\"robots\" content=\"index, follow, max-snippet:-1, max-image-preview:large, max-video-preview:-1\" \/>\n<link rel=\"canonical\" href=\"https:\/\/geneva.intercontinental.com\/fr\/geneve-ville\/\" \/>\n<meta property=\"og:locale\" content=\"fr_FR\" \/>\n<meta property=\"og:type\" content=\"article\" \/>\n<meta property=\"og:title\" content=\"La ville de Gen\u00e8ve - InterContinental Gen\u00e8ve\" \/>\n<meta property=\"og:description\" content=\"Gen\u00e8ve, ville de paix et d\u2019horlogerie de luxe, est un lieu vivant au carrefour des cultures et des nations. D\u00e9couvrez le patrimoine unique de la ville,\" \/>\n<meta property=\"og:url\" content=\"https:\/\/geneva.intercontinental.com\/fr\/geneve-ville\/\" \/>\n<meta property=\"og:site_name\" content=\"IHG\" \/>\n<meta property=\"article:modified_time\" content=\"2025-10-09T13:49:44+00:00\" \/>\n<meta property=\"og:image\" content=\"https:\/\/geneva.intercontinental.com\/wp-content\/uploads\/sites\/7\/2020\/07\/intercontinental-geneva-old-town-1024x682.jpg\" \/>\n<meta name=\"twitter:card\" content=\"summary_large_image\" \/>\n<meta name=\"twitter:label1\" content=\"Dur\u00e9e de lecture estim\u00e9e\" \/>\n\t<meta name=\"twitter:data1\" content=\"8 minutes\" \/>\n<script type=\"application\/ld+json\" class=\"yoast-schema-graph\">{\"@context\":\"https:\/\/schema.org\",\"@graph\":[{\"@type\":\"WebPage\",\"@id\":\"https:\/\/geneva.intercontinental.com\/fr\/geneve-ville\/\",\"url\":\"https:\/\/geneva.intercontinental.com\/fr\/geneve-ville\/\",\"name\":\"La ville de Gen\u00e8ve - InterContinental Gen\u00e8ve\",\"isPartOf\":{\"@id\":\"https:\/\/geneva.intercontinental.com\/fr\/#website\"},\"primaryImageOfPage\":{\"@id\":\"https:\/\/geneva.intercontinental.com\/fr\/geneve-ville\/#primaryimage\"},\"image\":{\"@id\":\"https:\/\/geneva.intercontinental.com\/fr\/geneve-ville\/#primaryimage\"},\"thumbnailUrl\":\"https:\/\/geneva.intercontinental.com\/wp-content\/uploads\/sites\/7\/2020\/07\/intercontinental-geneva-old-town-1024x682.jpg\",\"datePublished\":\"2020-07-14T07:26:34+00:00\",\"dateModified\":\"2025-10-09T13:49:44+00:00\",\"description\":\"Gen\u00e8ve, ville de paix et d\u2019horlogerie de luxe, est un lieu vivant au carrefour des cultures et des nations. D\u00e9couvrez le patrimoine unique de la ville,\",\"breadcrumb\":{\"@id\":\"https:\/\/geneva.intercontinental.com\/fr\/geneve-ville\/#breadcrumb\"},\"inLanguage\":\"fr-FR\",\"potentialAction\":[{\"@type\":\"ReadAction\",\"target\":[\"https:\/\/geneva.intercontinental.com\/fr\/geneve-ville\/\"]}]},{\"@type\":\"ImageObject\",\"inLanguage\":\"fr-FR\",\"@id\":\"https:\/\/geneva.intercontinental.com\/fr\/geneve-ville\/#primaryimage\",\"url\":\"https:\/\/geneva.intercontinental.com\/wp-content\/uploads\/sites\/7\/2020\/07\/intercontinental-geneva-old-town-1024x682.jpg\",\"contentUrl\":\"https:\/\/geneva.intercontinental.com\/wp-content\/uploads\/sites\/7\/2020\/07\/intercontinental-geneva-old-town-1024x682.jpg\"},{\"@type\":\"BreadcrumbList\",\"@id\":\"https:\/\/geneva.intercontinental.com\/fr\/geneve-ville\/#breadcrumb\",\"itemListElement\":[{\"@type\":\"ListItem\",\"position\":1,\"name\":\"Accueil\",\"item\":\"https:\/\/geneva.intercontinental.com\/fr\/\"},{\"@type\":\"ListItem\",\"position\":2,\"name\":\"La ville de Gen\u00e8ve\"}]},{\"@type\":\"WebSite\",\"@id\":\"https:\/\/geneva.intercontinental.com\/fr\/#website\",\"url\":\"https:\/\/geneva.intercontinental.com\/fr\/\",\"name\":\"IHG\",\"description\":\"Live the InterContinental Life\",\"publisher\":{\"@id\":\"https:\/\/geneva.intercontinental.com\/fr\/#organization\"},\"alternateName\":\"InterContinental Gen\u00e8ve\",\"potentialAction\":[{\"@type\":\"SearchAction\",\"target\":{\"@type\":\"EntryPoint\",\"urlTemplate\":\"https:\/\/geneva.intercontinental.com\/fr\/?s={search_term_string}\"},\"query-input\":{\"@type\":\"PropertyValueSpecification\",\"valueRequired\":true,\"valueName\":\"search_term_string\"}}],\"inLanguage\":\"fr-FR\"},{\"@type\":\"Organization\",\"@id\":\"https:\/\/geneva.intercontinental.com\/fr\/#organization\",\"name\":\"InterContinental Gen\u00e8ve\",\"alternateName\":\"GVAHA\",\"url\":\"https:\/\/geneva.intercontinental.com\/fr\/\",\"logo\":{\"@type\":\"ImageObject\",\"inLanguage\":\"fr-FR\",\"@id\":\"https:\/\/geneva.intercontinental.com\/fr\/#\/schema\/logo\/image\/\",\"url\":\"https:\/\/geneva.intercontinental.com\/wp-content\/uploads\/sites\/7\/2024\/04\/intercontinental-geneve-logo.svg\",\"contentUrl\":\"https:\/\/geneva.intercontinental.com\/wp-content\/uploads\/sites\/7\/2024\/04\/intercontinental-geneve-logo.svg\",\"caption\":\"InterContinental Gen\u00e8ve\"},\"image\":{\"@id\":\"https:\/\/geneva.intercontinental.com\/fr\/#\/schema\/logo\/image\/\"}}]}<\/script>\n<!-- \/ Yoast SEO plugin. -->","yoast_head_json":{"title":"La ville de Gen\u00e8ve - InterContinental Gen\u00e8ve","description":"Gen\u00e8ve, ville de paix et d\u2019horlogerie de luxe, est un lieu vivant au carrefour des cultures et des nations. D\u00e9couvrez le patrimoine unique de la ville,","robots":{"index":"index","follow":"follow","max-snippet":"max-snippet:-1","max-image-preview":"max-image-preview:large","max-video-preview":"max-video-preview:-1"},"canonical":"https:\/\/geneva.intercontinental.com\/fr\/geneve-ville\/","og_locale":"fr_FR","og_type":"article","og_title":"La ville de Gen\u00e8ve - InterContinental Gen\u00e8ve","og_description":"Gen\u00e8ve, ville de paix et d\u2019horlogerie de luxe, est un lieu vivant au carrefour des cultures et des nations. D\u00e9couvrez le patrimoine unique de la ville,","og_url":"https:\/\/geneva.intercontinental.com\/fr\/geneve-ville\/","og_site_name":"IHG","article_modified_time":"2025-10-09T13:49:44+00:00","og_image":[{"url":"https:\/\/geneva.intercontinental.com\/wp-content\/uploads\/sites\/7\/2020\/07\/intercontinental-geneva-old-town-1024x682.jpg","type":"","width":"","height":""}],"twitter_card":"summary_large_image","twitter_misc":{"Dur\u00e9e de lecture estim\u00e9e":"8 minutes"},"schema":{"@context":"https:\/\/schema.org","@graph":[{"@type":"WebPage","@id":"https:\/\/geneva.intercontinental.com\/fr\/geneve-ville\/","url":"https:\/\/geneva.intercontinental.com\/fr\/geneve-ville\/","name":"La ville de Gen\u00e8ve - InterContinental Gen\u00e8ve","isPartOf":{"@id":"https:\/\/geneva.intercontinental.com\/fr\/#website"},"primaryImageOfPage":{"@id":"https:\/\/geneva.intercontinental.com\/fr\/geneve-ville\/#primaryimage"},"image":{"@id":"https:\/\/geneva.intercontinental.com\/fr\/geneve-ville\/#primaryimage"},"thumbnailUrl":"https:\/\/geneva.intercontinental.com\/wp-content\/uploads\/sites\/7\/2020\/07\/intercontinental-geneva-old-town-1024x682.jpg","datePublished":"2020-07-14T07:26:34+00:00","dateModified":"2025-10-09T13:49:44+00:00","description":"Gen\u00e8ve, ville de paix et d\u2019horlogerie de luxe, est un lieu vivant au carrefour des cultures et des nations. D\u00e9couvrez le patrimoine unique de la ville,","breadcrumb":{"@id":"https:\/\/geneva.intercontinental.com\/fr\/geneve-ville\/#breadcrumb"},"inLanguage":"fr-FR","potentialAction":[{"@type":"ReadAction","target":["https:\/\/geneva.intercontinental.com\/fr\/geneve-ville\/"]}]},{"@type":"ImageObject","inLanguage":"fr-FR","@id":"https:\/\/geneva.intercontinental.com\/fr\/geneve-ville\/#primaryimage","url":"https:\/\/geneva.intercontinental.com\/wp-content\/uploads\/sites\/7\/2020\/07\/intercontinental-geneva-old-town-1024x682.jpg","contentUrl":"https:\/\/geneva.intercontinental.com\/wp-content\/uploads\/sites\/7\/2020\/07\/intercontinental-geneva-old-town-1024x682.jpg"},{"@type":"BreadcrumbList","@id":"https:\/\/geneva.intercontinental.com\/fr\/geneve-ville\/#breadcrumb","itemListElement":[{"@type":"ListItem","position":1,"name":"Accueil","item":"https:\/\/geneva.intercontinental.com\/fr\/"},{"@type":"ListItem","position":2,"name":"La ville de Gen\u00e8ve"}]},{"@type":"WebSite","@id":"https:\/\/geneva.intercontinental.com\/fr\/#website","url":"https:\/\/geneva.intercontinental.com\/fr\/","name":"IHG","description":"Live the InterContinental Life","publisher":{"@id":"https:\/\/geneva.intercontinental.com\/fr\/#organization"},"alternateName":"InterContinental Gen\u00e8ve","potentialAction":[{"@type":"SearchAction","target":{"@type":"EntryPoint","urlTemplate":"https:\/\/geneva.intercontinental.com\/fr\/?s={search_term_string}"},"query-input":{"@type":"PropertyValueSpecification","valueRequired":true,"valueName":"search_term_string"}}],"inLanguage":"fr-FR"},{"@type":"Organization","@id":"https:\/\/geneva.intercontinental.com\/fr\/#organization","name":"InterContinental Gen\u00e8ve","alternateName":"GVAHA","url":"https:\/\/geneva.intercontinental.com\/fr\/","logo":{"@type":"ImageObject","inLanguage":"fr-FR","@id":"https:\/\/geneva.intercontinental.com\/fr\/#\/schema\/logo\/image\/","url":"https:\/\/geneva.intercontinental.com\/wp-content\/uploads\/sites\/7\/2024\/04\/intercontinental-geneve-logo.svg","contentUrl":"https:\/\/geneva.intercontinental.com\/wp-content\/uploads\/sites\/7\/2024\/04\/intercontinental-geneve-logo.svg","caption":"InterContinental Gen\u00e8ve"},"image":{"@id":"https:\/\/geneva.intercontinental.com\/fr\/#\/schema\/logo\/image\/"}}]}},"_links":{"self":[{"href":"https:\/\/geneva.intercontinental.com\/fr\/wp-json\/wp\/v2\/pages\/894","targetHints":{"allow":["GET"]}}],"collection":[{"href":"https:\/\/geneva.intercontinental.com\/fr\/wp-json\/wp\/v2\/pages"}],"about":[{"href":"https:\/\/geneva.intercontinental.com\/fr\/wp-json\/wp\/v2\/types\/page"}],"author":[{"embeddable":true,"href":"https:\/\/geneva.intercontinental.com\/fr\/wp-json\/wp\/v2\/users\/1"}],"replies":[{"embeddable":true,"href":"https:\/\/geneva.intercontinental.com\/fr\/wp-json\/wp\/v2\/comments?post=894"}],"version-history":[{"count":25,"href":"https:\/\/geneva.intercontinental.com\/fr\/wp-json\/wp\/v2\/pages\/894\/revisions"}],"predecessor-version":[{"id":38321,"href":"https:\/\/geneva.intercontinental.com\/fr\/wp-json\/wp\/v2\/pages\/894\/revisions\/38321"}],"wp:attachment":[{"href":"https:\/\/geneva.intercontinental.com\/fr\/wp-json\/wp\/v2\/media?parent=894"}],"curies":[{"name":"wp","href":"https:\/\/api.w.org\/{rel}","templated":true}]}}