{"id":843,"date":"2020-07-13T15:45:34","date_gmt":"2020-07-13T13:45:34","guid":{"rendered":"https:\/\/geneva.intercontinental.com\/?page_id=843"},"modified":"2025-11-10T15:04:07","modified_gmt":"2025-11-10T14:04:07","slug":"brunch","status":"publish","type":"page","link":"https:\/\/geneva.intercontinental.com\/fr\/brunch\/","title":{"rendered":"Brunch"},"content":{"rendered":"\r\n\r\n\r\n\r\n\r\n  <!-- Swiper hero -->\r\n  <div id=\"slideshow-block_1fdbf13f32b1ae260a5914ca123e0199\" class=\"row \">  \r\n    <div class=\"swiper d-swiper-container hero\" data-swiper={\"navigation\":{\"enabled\":false}}>\r\n      <div class=\"swiper-wrapper\">\r\n                            <div class=\"swiper-slide\">\r\n                              <span aria-hidden=\"true\" class=\"slide-e-background has-background-dim-30  has-background has-charcoal-grey-background-color\"><\/span>\r\n                                            <img decoding=\"async\" src=\"https:\/\/geneva.intercontinental.com\/wp-content\/uploads\/sites\/7\/2023\/10\/Brunch_IC_23_Nicolas_Stajic_52-min-e1695744502507.jpg\"\r\n                sizes=\"(max-width: 2000px) 100vw, 2000px\"\r\n                srcset=\"https:\/\/geneva.intercontinental.com\/wp-content\/uploads\/sites\/7\/2023\/10\/Brunch_IC_23_Nicolas_Stajic_52-min-e1695744502507.jpg 2048w,\r\n                        https:\/\/geneva.intercontinental.com\/wp-content\/uploads\/sites\/7\/2023\/10\/Brunch_IC_23_Nicolas_Stajic_52-min-e1695744502507-1024x544.jpg 1024w,\r\n                        https:\/\/geneva.intercontinental.com\/wp-content\/uploads\/sites\/7\/2023\/10\/Brunch_IC_23_Nicolas_Stajic_52-min-e1695744502507-768x408.jpg 768w\"\r\n                        alt=\"\">\r\n                                            <div class=\"slide-e-content d-none d-md-block\">\r\n                                       \r\n                    <h1 class=\"title\">Le Grand Brunch<\/h1>\r\n                                                                                          <\/div>\r\n                          <\/div>\r\n                            <\/div>\r\n            <\/div>\r\n  <\/div>\r\n  <!-- End Swiper hero -->\r\n\r\n \n\n\n<div style=\"height:50px\" aria-hidden=\"true\" class=\"wp-block-spacer\"><\/div>\n\n\n\n<div class=\"wp-block-columns is-layout-flex wp-container-core-columns-is-layout-28f84493 wp-block-columns-is-layout-flex\">\n<div class=\"wp-block-column is-layout-flow wp-block-column-is-layout-flow\" style=\"flex-basis:15%\"><\/div>\n\n\n\n<div class=\"wp-block-column is-layout-flow wp-block-column-is-layout-flow\">\n<p class=\"has-text-align-center\"><strong>Le Grand Brunch de l\u2019InterContinental Gen\u00e8ve<\/strong>.<\/p>\n\n\n\n<p>Tous les dimanches, la table de l\u2019h\u00f4tel, le Woods, r\u00e9unit familles et amis autour d\u2019un brunch g\u00e9n\u00e9reux et savoureux, un superbe m\u00e9lange de sucr\u00e9 et de sal\u00e9 pr\u00e9par\u00e9 par le Chef Quentin Jacquemoud et son \u00e9quipe, \u00e0 d\u00e9guster dans la grande salle ou sur la terrasse d\u2019inspiration zen.<\/p>\n\n\n\n<p>Au menu de cette parenth\u00e8se gourmande, un choix raffin\u00e9 d\u2019entr\u00e9es froides compos\u00e9es de salades, charcuterie et fromages locaux, un banc d\u2019\u00e9cailler qui regorge de tr\u00e9sors : hu\u00eetres, homard, langoustes, crevettes, ceviches, tartares de poissons, des animations culinaires qui varient chaque dimanche et des desserts, clou du spectacle, qui surprennent autant par leur beaut\u00e9 que par leurs saveurs.<\/p>\n\n\n\n<p>Pour les enfants, d\u00e9couvrez \u00e9galement Le Petit Brunch, sp\u00e9cialement con\u00e7u pour nos jeunes convives. Un buffet color\u00e9 et savoureux, avec une kids room, jeux et animations. Le tout, encadr\u00e9 par une babysitter, pour que les enfants s\u2019amusent et se r\u00e9galent pendant que les parents savourent le brunch&nbsp;en toute s\u00e9r\u00e9nit\u00e9.<\/p>\n\n\n\n<p class=\"has-text-align-left\">Et pour encore plus de magie, certaines \u00e9ditions se r\u00e9inventent autour de th\u00e8mes enchanteurs (P\u00e2ques, F\u00eate des M\u00e8res\u2026), transformant chaque dimanche en une exp\u00e9rience inoubliable.<\/p>\n\n\n\n<div class=\"wp-block-buttons is-content-justification-center is-layout-flex wp-container-core-buttons-is-layout-a89b3969 wp-block-buttons-is-layout-flex\">\n<div class=\"wp-block-button\"><a class=\"wp-block-button__link has-text-align-center wp-element-button\" href=\"https:\/\/widget.thefork.com\/b945d4bc-a1d4-4d5b-8c61-07a74259ea1b\" target=\"_blank\" rel=\"noreferrer noopener\">R\u00e9server une table<\/a><\/div>\n\n\n\n<div class=\"wp-block-button\"><a class=\"wp-block-button__link wp-element-button\" href=\"https:\/\/geneva.intercontinental.com\/fr\/produit\/brunch-au-woods\/\">Offrir un bon cadeau<\/a><\/div>\n<\/div>\n<\/div>\n\n\n\n<div class=\"wp-block-column is-layout-flow wp-block-column-is-layout-flow\" style=\"flex-basis:15%\"><\/div>\n<\/div>\n\n\n\n<div style=\"height:26px\" aria-hidden=\"true\" class=\"wp-block-spacer\"><\/div>\n\n\n\r\n\r\n  \r\n  <div id=\"slideshow-block_dbe787b1ca25987bc6dd14dede9dc326\" class=\"row\" data-aos=\"fade-in\">\r\n      <!-- Swiper -->\r\n      <div class=\"swiper d-swiper-container split\" style=\"\" data-swiper={\"autoplay\":true,\"slidesPerView\":1.5,\"effect\":\"creative\",\"creativeEffect\":{\"limitProgress\":2,\"prev\":{\"translate\":[\"-100%\",0,0]},\"next\":{\"translate\":[\"100%\",0,0]}},\"speed\":1000}>\r\n        <div class=\"swiper-wrapper\">\r\n                                      <div class=\"swiper-slide\">\r\n                                    <img decoding=\"async\" src=\"https:\/\/geneva.intercontinental.com\/wp-content\/uploads\/sites\/7\/2024\/04\/InterContinental-Geneve-Brunch-34.jpg\"\r\n                  sizes=\"(max-width: 2000px) 100vw, 2000px\"\r\n                  srcset=\"https:\/\/geneva.intercontinental.com\/wp-content\/uploads\/sites\/7\/2024\/04\/InterContinental-Geneve-Brunch-34.jpg 2048w,\r\n                          https:\/\/geneva.intercontinental.com\/wp-content\/uploads\/sites\/7\/2024\/04\/InterContinental-Geneve-Brunch-34-1024x683.jpg 1024w,\r\n                          https:\/\/geneva.intercontinental.com\/wp-content\/uploads\/sites\/7\/2024\/04\/InterContinental-Geneve-Brunch-34-768x512.jpg 768w\"\r\n                          alt=\"Buffet du Grand Brunch \u00e0 l\u2019InterContinental Gen\u00e8ve, s\u00e9lection gastronomique et produits locaux\">\r\n                <\/div>\r\n                            <div class=\"swiper-slide\">\r\n                                    <img decoding=\"async\" src=\"https:\/\/geneva.intercontinental.com\/wp-content\/uploads\/sites\/7\/2024\/04\/InterContinental-Geneve-Brunch-40.jpg\"\r\n                  sizes=\"(max-width: 2000px) 100vw, 2000px\"\r\n                  srcset=\"https:\/\/geneva.intercontinental.com\/wp-content\/uploads\/sites\/7\/2024\/04\/InterContinental-Geneve-Brunch-40.jpg 2048w,\r\n                          https:\/\/geneva.intercontinental.com\/wp-content\/uploads\/sites\/7\/2024\/04\/InterContinental-Geneve-Brunch-40-1024x683.jpg 1024w,\r\n                          https:\/\/geneva.intercontinental.com\/wp-content\/uploads\/sites\/7\/2024\/04\/InterContinental-Geneve-Brunch-40-768x512.jpg 768w\"\r\n                          alt=\"InterContinental Gen\u00e8ve - Brunch (40)\">\r\n                <\/div>\r\n                            <div class=\"swiper-slide\">\r\n                                    <img decoding=\"async\" src=\"https:\/\/geneva.intercontinental.com\/wp-content\/uploads\/sites\/7\/2024\/04\/InterContinental-Geneve-Brunch-55.jpg\"\r\n                  sizes=\"(max-width: 2000px) 100vw, 2000px\"\r\n                  srcset=\"https:\/\/geneva.intercontinental.com\/wp-content\/uploads\/sites\/7\/2024\/04\/InterContinental-Geneve-Brunch-55.jpg 2048w,\r\n                          https:\/\/geneva.intercontinental.com\/wp-content\/uploads\/sites\/7\/2024\/04\/InterContinental-Geneve-Brunch-55-1024x683.jpg 1024w,\r\n                          https:\/\/geneva.intercontinental.com\/wp-content\/uploads\/sites\/7\/2024\/04\/InterContinental-Geneve-Brunch-55-768x512.jpg 768w\"\r\n                          alt=\"InterContinental Gen\u00e8ve - Brunch (55)\">\r\n                <\/div>\r\n                            <div class=\"swiper-slide\">\r\n                                    <img decoding=\"async\" src=\"https:\/\/geneva.intercontinental.com\/wp-content\/uploads\/sites\/7\/2025\/03\/Woods_Brunch_InterContinental-Geneve_15.jpg\"\r\n                  sizes=\"(max-width: 2000px) 100vw, 2000px\"\r\n                  srcset=\"https:\/\/geneva.intercontinental.com\/wp-content\/uploads\/sites\/7\/2025\/03\/Woods_Brunch_InterContinental-Geneve_15.jpg 8192w,\r\n                          https:\/\/geneva.intercontinental.com\/wp-content\/uploads\/sites\/7\/2025\/03\/Woods_Brunch_InterContinental-Geneve_15-1024x683.jpg 1024w,\r\n                          https:\/\/geneva.intercontinental.com\/wp-content\/uploads\/sites\/7\/2025\/03\/Woods_Brunch_InterContinental-Geneve_15-768x512.jpg 768w\"\r\n                          alt=\"Woods_Brunch_InterContinental Geneve_15\">\r\n                <\/div>\r\n                            <div class=\"swiper-slide\">\r\n                                    <img decoding=\"async\" src=\"https:\/\/geneva.intercontinental.com\/wp-content\/uploads\/sites\/7\/2025\/03\/Woods_Brunch_InterContinental-Geneve_13.jpg\"\r\n                  sizes=\"(max-width: 2000px) 100vw, 2000px\"\r\n                  srcset=\"https:\/\/geneva.intercontinental.com\/wp-content\/uploads\/sites\/7\/2025\/03\/Woods_Brunch_InterContinental-Geneve_13.jpg 7381w,\r\n                          https:\/\/geneva.intercontinental.com\/wp-content\/uploads\/sites\/7\/2025\/03\/Woods_Brunch_InterContinental-Geneve_13-1024x683.jpg 1024w,\r\n                          https:\/\/geneva.intercontinental.com\/wp-content\/uploads\/sites\/7\/2025\/03\/Woods_Brunch_InterContinental-Geneve_13-768x512.jpg 768w\"\r\n                          alt=\"Woods_Brunch_InterContinental Geneve_13\">\r\n                <\/div>\r\n                            <div class=\"swiper-slide\">\r\n                                    <img decoding=\"async\" src=\"https:\/\/geneva.intercontinental.com\/wp-content\/uploads\/sites\/7\/2025\/03\/Woods_Brunch_InterContinental-Geneve_1-e1741180182266.jpg\"\r\n                  sizes=\"(max-width: 2000px) 100vw, 2000px\"\r\n                  srcset=\"https:\/\/geneva.intercontinental.com\/wp-content\/uploads\/sites\/7\/2025\/03\/Woods_Brunch_InterContinental-Geneve_1-e1741180182266.jpg 5464w,\r\n                          https:\/\/geneva.intercontinental.com\/wp-content\/uploads\/sites\/7\/2025\/03\/Woods_Brunch_InterContinental-Geneve_1-683x1024.jpg 1024w,\r\n                          https:\/\/geneva.intercontinental.com\/wp-content\/uploads\/sites\/7\/2025\/03\/Woods_Brunch_InterContinental-Geneve_1-768x1151.jpg 768w\"\r\n                          alt=\"Woods_Brunch_InterContinental Geneve_1\">\r\n                <\/div>\r\n                            <div class=\"swiper-slide\">\r\n                                    <img decoding=\"async\" src=\"https:\/\/geneva.intercontinental.com\/wp-content\/uploads\/sites\/7\/2025\/03\/Woods_Brunch_InterContinental-Geneve_14.jpg\"\r\n                  sizes=\"(max-width: 2000px) 100vw, 2000px\"\r\n                  srcset=\"https:\/\/geneva.intercontinental.com\/wp-content\/uploads\/sites\/7\/2025\/03\/Woods_Brunch_InterContinental-Geneve_14.jpg 5464w,\r\n                          https:\/\/geneva.intercontinental.com\/wp-content\/uploads\/sites\/7\/2025\/03\/Woods_Brunch_InterContinental-Geneve_14-683x1024.jpg 1024w,\r\n                          https:\/\/geneva.intercontinental.com\/wp-content\/uploads\/sites\/7\/2025\/03\/Woods_Brunch_InterContinental-Geneve_14-768x1151.jpg 768w\"\r\n                          alt=\"Woods_Brunch_InterContinental Geneve_14\">\r\n                <\/div>\r\n                            <div class=\"swiper-slide\">\r\n                                    <img decoding=\"async\" src=\"https:\/\/geneva.intercontinental.com\/wp-content\/uploads\/sites\/7\/2025\/03\/Woods_Brunch_InterContinental-Geneve_17.jpg\"\r\n                  sizes=\"(max-width: 2000px) 100vw, 2000px\"\r\n                  srcset=\"https:\/\/geneva.intercontinental.com\/wp-content\/uploads\/sites\/7\/2025\/03\/Woods_Brunch_InterContinental-Geneve_17.jpg 7612w,\r\n                          https:\/\/geneva.intercontinental.com\/wp-content\/uploads\/sites\/7\/2025\/03\/Woods_Brunch_InterContinental-Geneve_17-1024x683.jpg 1024w,\r\n                          https:\/\/geneva.intercontinental.com\/wp-content\/uploads\/sites\/7\/2025\/03\/Woods_Brunch_InterContinental-Geneve_17-768x512.jpg 768w\"\r\n                          alt=\"Woods_Brunch_InterContinental Geneve_17\">\r\n                <\/div>\r\n                            <div class=\"swiper-slide\">\r\n                                    <img decoding=\"async\" src=\"https:\/\/geneva.intercontinental.com\/wp-content\/uploads\/sites\/7\/2025\/03\/Woods_Brunch_InterContinental-Geneve_16-1-e1741180015361.jpg\"\r\n                  sizes=\"(max-width: 2000px) 100vw, 2000px\"\r\n                  srcset=\"https:\/\/geneva.intercontinental.com\/wp-content\/uploads\/sites\/7\/2025\/03\/Woods_Brunch_InterContinental-Geneve_16-1-e1741180015361.jpg 4746w,\r\n                          https:\/\/geneva.intercontinental.com\/wp-content\/uploads\/sites\/7\/2025\/03\/Woods_Brunch_InterContinental-Geneve_16-1-683x1024.jpg 1024w,\r\n                          https:\/\/geneva.intercontinental.com\/wp-content\/uploads\/sites\/7\/2025\/03\/Woods_Brunch_InterContinental-Geneve_16-1-768x1151.jpg 768w\"\r\n                          alt=\"Woods_Brunch_InterContinental Geneve_16\">\r\n                <\/div>\r\n                              <\/div>\r\n          <div class=\"swiper-pagination\">\r\n          <\/div>\r\n          <div class=\"swiper-button swiper-button-prev\">\r\n            <span class=\"arrowl\"><\/span>\r\n          <\/div>\r\n          <div class=\"swiper-button swiper-button-next\">\r\n            <span class=\"arrowr\"><\/span>\r\n          <\/div>\r\n      <\/div>\r\n      <!-- End Swiper -->\r\n  <\/div>\r\n  \r\n\r\n \n\n\n<div style=\"height:26px\" aria-hidden=\"true\" class=\"wp-block-spacer\"><\/div>\n\n\n\n<div class=\"wp-block-columns has-sandstone-30-background-color has-background is-layout-flex wp-container-core-columns-is-layout-28f84493 wp-block-columns-is-layout-flex\">\n<div class=\"wp-block-column is-layout-flow wp-block-column-is-layout-flow\" style=\"flex-basis:15%\"><\/div>\n\n\n\n<div class=\"wp-block-column is-layout-flow wp-block-column-is-layout-flow\" style=\"flex-basis:70%\">\n<div style=\"height:40px\" aria-hidden=\"true\" class=\"wp-block-spacer\"><\/div>\n\n\n\n<div class=\"wp-block-columns is-layout-flex wp-container-core-columns-is-layout-28f84493 wp-block-columns-is-layout-flex\">\n<div class=\"wp-block-column is-layout-flow wp-block-column-is-layout-flow\">\n<h2 class=\"wp-block-heading\">Tarifs<\/h2>\n\n\n\n<div style=\"height:20px\" aria-hidden=\"true\" class=\"wp-block-spacer\"><\/div>\n\n\n\n<ul class=\"wp-block-list\">\n<li>CHF 130.- par personne (incluant une coupe de champagne ou mocktail)<\/li>\n\n\n\n<li>CHF 60.- pour les enfants entre 5 et 12 ans<\/li>\n\n\n\n<li>Gratuit pour les moins de 5 ans<\/li>\n<\/ul>\n<\/div>\n\n\n\n<div class=\"wp-block-column is-layout-flow wp-block-column-is-layout-flow\">\n<h2 class=\"wp-block-heading\">Informations<\/h2>\n\n\n\n<div style=\"height:20px\" aria-hidden=\"true\" class=\"wp-block-spacer\"><\/div>\n\n\n\n<ul class=\"wp-block-list\">\n<li>Tous les dimanches, de 12h15 \u00e0 15h30 (ferm\u00e9 en Juillet et Ao\u00fbt)<\/li>\n\n\n\n<li>Kids friendly \u2013 babysitter sur place avec espace enfant d\u00e9di\u00e9 (\u00e0 partir de 3 ans)<\/li>\n<\/ul>\n<\/div>\n\n\n\n<div class=\"wp-block-column is-layout-flow wp-block-column-is-layout-flow\">\n<h2 class=\"wp-block-heading\">Contactez-nous<\/h2>\n\n\n\n<div style=\"height:20px\" aria-hidden=\"true\" class=\"wp-block-spacer\"><\/div>\n\n\n\n<p><strong>Email<\/strong>:&nbsp;<a href=\"mailto:%20lepetitbeefbar@ihg.com\"><\/a><a href=\"mailto:gvaha.restaurant@ihg.com\" target=\"_blank\" rel=\"noreferrer noopener\">gvaha.woods-restaurant@ihg.com<\/a><\/p>\n\n\n\n<p><strong>T\u00e9l\u00e9phone<\/strong>: <a href=\"tel:+41229193333\" target=\"_blank\" rel=\"noreferrer noopener\">+41 22 919 33 33<\/a><\/p>\n\n\n\n<div class=\"wp-block-buttons is-layout-flex wp-block-buttons-is-layout-flex\">\n<div class=\"wp-block-button is-style-alternate-version\"><a class=\"wp-block-button__link wp-element-button\" href=\"https:\/\/widget.thefork.com\/b945d4bc-a1d4-4d5b-8c61-07a74259ea1b\" target=\"_blank\" rel=\"noreferrer noopener\">R\u00e9server une table<\/a><\/div>\n<\/div>\n<\/div>\n<\/div>\n\n\n\n<div style=\"height:40px\" aria-hidden=\"true\" class=\"wp-block-spacer\"><\/div>\n<\/div>\n\n\n\n<div class=\"wp-block-column is-layout-flow wp-block-column-is-layout-flow\" style=\"flex-basis:15%\"><\/div>\n<\/div>\n\n\n\n<div style=\"height:68px\" aria-hidden=\"true\" class=\"wp-block-spacer\"><\/div>\n\n\n\n<div class=\"wp-block-group title is-layout-constrained wp-block-group-is-layout-constrained\">\n<h2 class=\"wp-block-heading has-text-align-center\">D\u00e9couvrez notre boutique<\/h2>\n<\/div>\n\n\n\n<div class=\"wp-block-columns is-layout-flex wp-container-core-columns-is-layout-28f84493 wp-block-columns-is-layout-flex\">\n<div class=\"wp-block-column is-layout-flow wp-block-column-is-layout-flow\"><div data-block-name=\"woocommerce\/handpicked-products\" data-columns=\"2\" data-orderby=\"price_desc\" data-products=\"[13257,5017]\" class=\"wc-block-grid wp-block-handpicked-products wp-block-woocommerce-handpicked-products wc-block-handpicked-products has-2-columns has-multiple-rows\"><ul class=\"wc-block-grid__products\">\r\n  <li class=\"wc-block-grid__product product\">\r\n    <a href=\"https:\/\/geneva.intercontinental.com\/fr\/produit\/brunch-au-woods\/\">\r\n      \r\n      <div class=\"wc-block-grid__product-image\"><img decoding=\"async\" width=\"600\" height=\"600\" src=\"https:\/\/geneva.intercontinental.com\/wp-content\/uploads\/sites\/7\/2024\/04\/InterContinental-Geneve-Brunch-34-600x600.jpg\" class=\"attachment-woocommerce_thumbnail size-woocommerce_thumbnail\" alt=\"Buffet du Grand Brunch \u00e0 l\u2019InterContinental Gen\u00e8ve, s\u00e9lection gastronomique et produits locaux\" srcset=\"https:\/\/geneva.intercontinental.com\/wp-content\/uploads\/sites\/7\/2024\/04\/InterContinental-Geneve-Brunch-34-600x600.jpg 600w, https:\/\/geneva.intercontinental.com\/wp-content\/uploads\/sites\/7\/2024\/04\/InterContinental-Geneve-Brunch-34-150x150.jpg 150w, https:\/\/geneva.intercontinental.com\/wp-content\/uploads\/sites\/7\/2024\/04\/InterContinental-Geneve-Brunch-34-100x100.jpg 100w\" sizes=\"(max-width: 600px) 100vw, 600px\" \/><\/div>\r\n      <div class=\"woocommerce-loop-product-wrapper__title\">\r\n      <div class=\"wc-block-grid__product-title\">Le Grand Brunch<\/div><p>Tous les dimanches, laissez-vous s\u00e9duire par notre brunch copieux et gourmet, sublim\u00e9 par des animations live cooking.<\/p>\n<div class=\"wc-block-grid__product-price price\"><span class=\"woocommerce-Price-amount amount\"><span class=\"woocommerce-Price-currencySymbol\">&#067;&#072;&#070;<\/span>&nbsp;130.00<\/span><\/div>\r\n      <\/div>\r\n    <\/a>\r\n    <div class=\"wp-block-button wc-block-grid__product-add-to-cart\">\r\n        <a href=\"https:\/\/geneva.intercontinental.com\/fr\/produit\/brunch-au-woods\/\" data-quantity=\"1\" class=\"primary is-small mb-0 button product_type_simple add_to_cart_button is-flat\" data-product_id=\"5017\" data-product_sku=\"\" aria-label=\"Add to cart\" rel=\"nofollow\">Acheter<\/a>\r\n    <\/div>\r\n  <\/li>\r\n  <li class=\"wc-block-grid__product product\">\r\n    <a href=\"https:\/\/geneva.intercontinental.com\/fr\/produit\/le-petit-brunch\/\">\r\n      \r\n      <div class=\"wc-block-grid__product-image\"><img decoding=\"async\" width=\"600\" height=\"600\" src=\"https:\/\/geneva.intercontinental.com\/wp-content\/uploads\/sites\/7\/2025\/07\/Family_Holidays_InterContinental-Geneve_5-600x600.jpg\" class=\"attachment-woocommerce_thumbnail size-woocommerce_thumbnail\" alt=\"Le Petit Brunch\" srcset=\"https:\/\/geneva.intercontinental.com\/wp-content\/uploads\/sites\/7\/2025\/07\/Family_Holidays_InterContinental-Geneve_5-600x600.jpg 600w, https:\/\/geneva.intercontinental.com\/wp-content\/uploads\/sites\/7\/2025\/07\/Family_Holidays_InterContinental-Geneve_5-150x150.jpg 150w, https:\/\/geneva.intercontinental.com\/wp-content\/uploads\/sites\/7\/2025\/07\/Family_Holidays_InterContinental-Geneve_5-100x100.jpg 100w\" sizes=\"(max-width: 600px) 100vw, 600px\" \/><\/div>\r\n      <div class=\"woocommerce-loop-product-wrapper__title\">\r\n      <div class=\"wc-block-grid__product-title\">Le Petit Brunch<\/div><p>Buffet color\u00e9, douceurs gourmandes et animations encadr\u00e9es pour que les enfants s\u2019amusent et se r\u00e9galent chaque dimanche.<\/p>\n<div class=\"wc-block-grid__product-price price\"><span class=\"woocommerce-Price-amount amount\"><span class=\"woocommerce-Price-currencySymbol\">&#067;&#072;&#070;<\/span>&nbsp;60.00<\/span><\/div>\r\n      <\/div>\r\n    <\/a>\r\n    <div class=\"wp-block-button wc-block-grid__product-add-to-cart\">\r\n        <a href=\"https:\/\/geneva.intercontinental.com\/fr\/produit\/le-petit-brunch\/\" data-quantity=\"1\" class=\"primary is-small mb-0 button product_type_simple add_to_cart_button is-flat\" data-product_id=\"13257\" data-product_sku=\"\" aria-label=\"Add to cart\" rel=\"nofollow\">Acheter<\/a>\r\n    <\/div>\r\n  <\/li><\/ul><\/div><\/div>\n<\/div>\n","protected":false},"excerpt":{"rendered":"<p>L&#8217;InterContinental Gen\u00e8ve vous invite \u00e0 d\u00e9couvrir tous les dimanches son\u00a0brunch copieux et gourmet, empreint de convivialit\u00e9.<\/p>\n","protected":false},"author":1,"featured_media":20190,"parent":0,"menu_order":0,"comment_status":"closed","ping_status":"closed","template":"","meta":{"_acf_changed":false,"footnotes":""},"class_list":["post-843","page","type-page","status-publish","has-post-thumbnail","hentry"],"acf":[],"yoast_head":"<!-- This site is optimized with the Yoast SEO plugin v26.2 - https:\/\/yoast.com\/wordpress\/plugins\/seo\/ -->\n<title>Brunch - InterContinental Gen\u00e8ve<\/title>\n<meta name=\"description\" content=\"Le brunch dominical au Woods reste in\u00e9gal\u00e9 \u00e0 Gen\u00e8ve. Tous les dimanches, nos chefs pr\u00e9parent une s\u00e9lection de plats sucr\u00e9s et sal\u00e9s.\" \/>\n<meta name=\"robots\" content=\"index, follow, max-snippet:-1, max-image-preview:large, max-video-preview:-1\" \/>\n<link rel=\"canonical\" href=\"https:\/\/geneva.intercontinental.com\/fr\/brunch\/\" \/>\n<meta property=\"og:locale\" content=\"fr_FR\" \/>\n<meta property=\"og:type\" content=\"article\" \/>\n<meta property=\"og:title\" content=\"Brunch - InterContinental Gen\u00e8ve\" \/>\n<meta property=\"og:description\" content=\"Le brunch dominical au Woods reste in\u00e9gal\u00e9 \u00e0 Gen\u00e8ve. Tous les dimanches, nos chefs pr\u00e9parent une s\u00e9lection de plats sucr\u00e9s et sal\u00e9s.\" \/>\n<meta property=\"og:url\" content=\"https:\/\/geneva.intercontinental.com\/fr\/brunch\/\" \/>\n<meta property=\"og:site_name\" content=\"IHG\" \/>\n<meta property=\"article:modified_time\" content=\"2025-11-10T14:04:07+00:00\" \/>\n<meta property=\"og:image\" content=\"https:\/\/geneva.intercontinental.com\/wp-content\/uploads\/sites\/7\/2023\/10\/Brunch_IC_23_Nicolas_Stajic_52-min-e1695744502507.jpg\" \/>\n\t<meta property=\"og:image:width\" content=\"2048\" \/>\n\t<meta property=\"og:image:height\" content=\"1088\" \/>\n\t<meta property=\"og:image:type\" content=\"image\/jpeg\" \/>\n<meta name=\"twitter:card\" content=\"summary_large_image\" \/>\n<meta name=\"twitter:label1\" content=\"Dur\u00e9e de lecture estim\u00e9e\" \/>\n\t<meta name=\"twitter:data1\" content=\"2 minutes\" \/>\n<script type=\"application\/ld+json\" class=\"yoast-schema-graph\">{\"@context\":\"https:\/\/schema.org\",\"@graph\":[{\"@type\":\"WebPage\",\"@id\":\"https:\/\/geneva.intercontinental.com\/fr\/brunch\/\",\"url\":\"https:\/\/geneva.intercontinental.com\/fr\/brunch\/\",\"name\":\"Brunch - InterContinental Gen\u00e8ve\",\"isPartOf\":{\"@id\":\"https:\/\/geneva.intercontinental.com\/fr\/#website\"},\"primaryImageOfPage\":{\"@id\":\"https:\/\/geneva.intercontinental.com\/fr\/brunch\/#primaryimage\"},\"image\":{\"@id\":\"https:\/\/geneva.intercontinental.com\/fr\/brunch\/#primaryimage\"},\"thumbnailUrl\":\"https:\/\/geneva.intercontinental.com\/wp-content\/uploads\/sites\/7\/2023\/10\/Brunch_IC_23_Nicolas_Stajic_52-min-e1695744502507.jpg\",\"datePublished\":\"2020-07-13T13:45:34+00:00\",\"dateModified\":\"2025-11-10T14:04:07+00:00\",\"description\":\"Le brunch dominical au Woods reste in\u00e9gal\u00e9 \u00e0 Gen\u00e8ve. Tous les dimanches, nos chefs pr\u00e9parent une s\u00e9lection de plats sucr\u00e9s et sal\u00e9s.\",\"breadcrumb\":{\"@id\":\"https:\/\/geneva.intercontinental.com\/fr\/brunch\/#breadcrumb\"},\"inLanguage\":\"fr-FR\",\"potentialAction\":[{\"@type\":\"ReadAction\",\"target\":[\"https:\/\/geneva.intercontinental.com\/fr\/brunch\/\"]}]},{\"@type\":\"ImageObject\",\"inLanguage\":\"fr-FR\",\"@id\":\"https:\/\/geneva.intercontinental.com\/fr\/brunch\/#primaryimage\",\"url\":\"https:\/\/geneva.intercontinental.com\/wp-content\/uploads\/sites\/7\/2023\/10\/Brunch_IC_23_Nicolas_Stajic_52-min-e1695744502507.jpg\",\"contentUrl\":\"https:\/\/geneva.intercontinental.com\/wp-content\/uploads\/sites\/7\/2023\/10\/Brunch_IC_23_Nicolas_Stajic_52-min-e1695744502507.jpg\",\"width\":2048,\"height\":1088},{\"@type\":\"BreadcrumbList\",\"@id\":\"https:\/\/geneva.intercontinental.com\/fr\/brunch\/#breadcrumb\",\"itemListElement\":[{\"@type\":\"ListItem\",\"position\":1,\"name\":\"Accueil\",\"item\":\"https:\/\/geneva.intercontinental.com\/fr\/\"},{\"@type\":\"ListItem\",\"position\":2,\"name\":\"Brunch\"}]},{\"@type\":\"WebSite\",\"@id\":\"https:\/\/geneva.intercontinental.com\/fr\/#website\",\"url\":\"https:\/\/geneva.intercontinental.com\/fr\/\",\"name\":\"IHG\",\"description\":\"Live the InterContinental Life\",\"publisher\":{\"@id\":\"https:\/\/geneva.intercontinental.com\/fr\/#organization\"},\"alternateName\":\"InterContinental Gen\u00e8ve\",\"potentialAction\":[{\"@type\":\"SearchAction\",\"target\":{\"@type\":\"EntryPoint\",\"urlTemplate\":\"https:\/\/geneva.intercontinental.com\/fr\/?s={search_term_string}\"},\"query-input\":{\"@type\":\"PropertyValueSpecification\",\"valueRequired\":true,\"valueName\":\"search_term_string\"}}],\"inLanguage\":\"fr-FR\"},{\"@type\":\"Organization\",\"@id\":\"https:\/\/geneva.intercontinental.com\/fr\/#organization\",\"name\":\"InterContinental Gen\u00e8ve\",\"alternateName\":\"GVAHA\",\"url\":\"https:\/\/geneva.intercontinental.com\/fr\/\",\"logo\":{\"@type\":\"ImageObject\",\"inLanguage\":\"fr-FR\",\"@id\":\"https:\/\/geneva.intercontinental.com\/fr\/#\/schema\/logo\/image\/\",\"url\":\"https:\/\/geneva.intercontinental.com\/wp-content\/uploads\/sites\/7\/2024\/04\/intercontinental-geneve-logo.svg\",\"contentUrl\":\"https:\/\/geneva.intercontinental.com\/wp-content\/uploads\/sites\/7\/2024\/04\/intercontinental-geneve-logo.svg\",\"caption\":\"InterContinental Gen\u00e8ve\"},\"image\":{\"@id\":\"https:\/\/geneva.intercontinental.com\/fr\/#\/schema\/logo\/image\/\"}}]}<\/script>\n<!-- \/ Yoast SEO plugin. -->","yoast_head_json":{"title":"Brunch - InterContinental Gen\u00e8ve","description":"Le brunch dominical au Woods reste in\u00e9gal\u00e9 \u00e0 Gen\u00e8ve. Tous les dimanches, nos chefs pr\u00e9parent une s\u00e9lection de plats sucr\u00e9s et sal\u00e9s.","robots":{"index":"index","follow":"follow","max-snippet":"max-snippet:-1","max-image-preview":"max-image-preview:large","max-video-preview":"max-video-preview:-1"},"canonical":"https:\/\/geneva.intercontinental.com\/fr\/brunch\/","og_locale":"fr_FR","og_type":"article","og_title":"Brunch - InterContinental Gen\u00e8ve","og_description":"Le brunch dominical au Woods reste in\u00e9gal\u00e9 \u00e0 Gen\u00e8ve. Tous les dimanches, nos chefs pr\u00e9parent une s\u00e9lection de plats sucr\u00e9s et sal\u00e9s.","og_url":"https:\/\/geneva.intercontinental.com\/fr\/brunch\/","og_site_name":"IHG","article_modified_time":"2025-11-10T14:04:07+00:00","og_image":[{"width":2048,"height":1088,"url":"https:\/\/geneva.intercontinental.com\/wp-content\/uploads\/sites\/7\/2023\/10\/Brunch_IC_23_Nicolas_Stajic_52-min-e1695744502507.jpg","type":"image\/jpeg"}],"twitter_card":"summary_large_image","twitter_misc":{"Dur\u00e9e de lecture estim\u00e9e":"2 minutes"},"schema":{"@context":"https:\/\/schema.org","@graph":[{"@type":"WebPage","@id":"https:\/\/geneva.intercontinental.com\/fr\/brunch\/","url":"https:\/\/geneva.intercontinental.com\/fr\/brunch\/","name":"Brunch - InterContinental Gen\u00e8ve","isPartOf":{"@id":"https:\/\/geneva.intercontinental.com\/fr\/#website"},"primaryImageOfPage":{"@id":"https:\/\/geneva.intercontinental.com\/fr\/brunch\/#primaryimage"},"image":{"@id":"https:\/\/geneva.intercontinental.com\/fr\/brunch\/#primaryimage"},"thumbnailUrl":"https:\/\/geneva.intercontinental.com\/wp-content\/uploads\/sites\/7\/2023\/10\/Brunch_IC_23_Nicolas_Stajic_52-min-e1695744502507.jpg","datePublished":"2020-07-13T13:45:34+00:00","dateModified":"2025-11-10T14:04:07+00:00","description":"Le brunch dominical au Woods reste in\u00e9gal\u00e9 \u00e0 Gen\u00e8ve. Tous les dimanches, nos chefs pr\u00e9parent une s\u00e9lection de plats sucr\u00e9s et sal\u00e9s.","breadcrumb":{"@id":"https:\/\/geneva.intercontinental.com\/fr\/brunch\/#breadcrumb"},"inLanguage":"fr-FR","potentialAction":[{"@type":"ReadAction","target":["https:\/\/geneva.intercontinental.com\/fr\/brunch\/"]}]},{"@type":"ImageObject","inLanguage":"fr-FR","@id":"https:\/\/geneva.intercontinental.com\/fr\/brunch\/#primaryimage","url":"https:\/\/geneva.intercontinental.com\/wp-content\/uploads\/sites\/7\/2023\/10\/Brunch_IC_23_Nicolas_Stajic_52-min-e1695744502507.jpg","contentUrl":"https:\/\/geneva.intercontinental.com\/wp-content\/uploads\/sites\/7\/2023\/10\/Brunch_IC_23_Nicolas_Stajic_52-min-e1695744502507.jpg","width":2048,"height":1088},{"@type":"BreadcrumbList","@id":"https:\/\/geneva.intercontinental.com\/fr\/brunch\/#breadcrumb","itemListElement":[{"@type":"ListItem","position":1,"name":"Accueil","item":"https:\/\/geneva.intercontinental.com\/fr\/"},{"@type":"ListItem","position":2,"name":"Brunch"}]},{"@type":"WebSite","@id":"https:\/\/geneva.intercontinental.com\/fr\/#website","url":"https:\/\/geneva.intercontinental.com\/fr\/","name":"IHG","description":"Live the InterContinental Life","publisher":{"@id":"https:\/\/geneva.intercontinental.com\/fr\/#organization"},"alternateName":"InterContinental Gen\u00e8ve","potentialAction":[{"@type":"SearchAction","target":{"@type":"EntryPoint","urlTemplate":"https:\/\/geneva.intercontinental.com\/fr\/?s={search_term_string}"},"query-input":{"@type":"PropertyValueSpecification","valueRequired":true,"valueName":"search_term_string"}}],"inLanguage":"fr-FR"},{"@type":"Organization","@id":"https:\/\/geneva.intercontinental.com\/fr\/#organization","name":"InterContinental Gen\u00e8ve","alternateName":"GVAHA","url":"https:\/\/geneva.intercontinental.com\/fr\/","logo":{"@type":"ImageObject","inLanguage":"fr-FR","@id":"https:\/\/geneva.intercontinental.com\/fr\/#\/schema\/logo\/image\/","url":"https:\/\/geneva.intercontinental.com\/wp-content\/uploads\/sites\/7\/2024\/04\/intercontinental-geneve-logo.svg","contentUrl":"https:\/\/geneva.intercontinental.com\/wp-content\/uploads\/sites\/7\/2024\/04\/intercontinental-geneve-logo.svg","caption":"InterContinental Gen\u00e8ve"},"image":{"@id":"https:\/\/geneva.intercontinental.com\/fr\/#\/schema\/logo\/image\/"}}]}},"_links":{"self":[{"href":"https:\/\/geneva.intercontinental.com\/fr\/wp-json\/wp\/v2\/pages\/843","targetHints":{"allow":["GET"]}}],"collection":[{"href":"https:\/\/geneva.intercontinental.com\/fr\/wp-json\/wp\/v2\/pages"}],"about":[{"href":"https:\/\/geneva.intercontinental.com\/fr\/wp-json\/wp\/v2\/types\/page"}],"author":[{"embeddable":true,"href":"https:\/\/geneva.intercontinental.com\/fr\/wp-json\/wp\/v2\/users\/1"}],"replies":[{"embeddable":true,"href":"https:\/\/geneva.intercontinental.com\/fr\/wp-json\/wp\/v2\/comments?post=843"}],"version-history":[{"count":75,"href":"https:\/\/geneva.intercontinental.com\/fr\/wp-json\/wp\/v2\/pages\/843\/revisions"}],"predecessor-version":[{"id":38949,"href":"https:\/\/geneva.intercontinental.com\/fr\/wp-json\/wp\/v2\/pages\/843\/revisions\/38949"}],"wp:featuredmedia":[{"embeddable":true,"href":"https:\/\/geneva.intercontinental.com\/fr\/wp-json\/wp\/v2\/media\/20190"}],"wp:attachment":[{"href":"https:\/\/geneva.intercontinental.com\/fr\/wp-json\/wp\/v2\/media?parent=843"}],"curies":[{"name":"wp","href":"https:\/\/api.w.org\/{rel}","templated":true}]}}