{"id":801,"date":"2020-07-13T15:12:34","date_gmt":"2020-07-13T13:12:34","guid":{"rendered":"https:\/\/geneva.intercontinental.com\/?page_id=801"},"modified":"2025-10-08T11:07:21","modified_gmt":"2025-10-08T09:07:21","slug":"suites","status":"publish","type":"page","link":"https:\/\/geneva.intercontinental.com\/fr\/suites\/","title":{"rendered":"Suites"},"content":{"rendered":"\r\n\r\n\r\n\r\n\r\n  <!-- Swiper hero -->\r\n  <div id=\"slideshow-block_322b9fd52970eecc686a77f2ffc36ab4\" class=\"row \">  \r\n    <div class=\"swiper d-swiper-container hero\" data-swiper={\"navigation\":{\"enabled\":false}}>\r\n      <div class=\"swiper-wrapper\">\r\n                            <div class=\"swiper-slide\">\r\n                              <span aria-hidden=\"true\" class=\"slide-e-background has-background-dim-30  has-background has-charcoal-grey-background-color\"><\/span>\r\n                                            <img decoding=\"async\" src=\"https:\/\/geneva.intercontinental.com\/wp-content\/uploads\/sites\/7\/2023\/10\/La-Residence-East-Wing-16-scaled-1.webp\"\r\n                sizes=\"(max-width: 2000px) 100vw, 2000px\"\r\n                srcset=\"https:\/\/geneva.intercontinental.com\/wp-content\/uploads\/sites\/7\/2023\/10\/La-Residence-East-Wing-16-scaled-1.webp 2560w,\r\n                        https:\/\/geneva.intercontinental.com\/wp-content\/uploads\/sites\/7\/2023\/10\/La-Residence-East-Wing-16-scaled-1-1024x683.webp 1024w,\r\n                        https:\/\/geneva.intercontinental.com\/wp-content\/uploads\/sites\/7\/2023\/10\/La-Residence-East-Wing-16-scaled-1-768x512.webp 768w\"\r\n                        alt=\"\">\r\n                                            <div class=\"slide-e-content d-none d-md-block\">\r\n                                       \r\n                    <h1 class=\"title\">Suites<\/h1>\r\n                                                                                          <\/div>\r\n                          <\/div>\r\n                            <\/div>\r\n            <\/div>\r\n  <\/div>\r\n  <!-- End Swiper hero -->\r\n\r\n \n\n\n<div class=\"wp-block-columns pattern-2-col-text-and-slider slider-left is-layout-flex wp-container-core-columns-is-layout-28f84493 wp-block-columns-is-layout-flex\">\n<div class=\"wp-block-column is-vertically-aligned-center is-layout-flow wp-block-column-is-layout-flow\" style=\"padding-right:var(--wp--preset--spacing--30);padding-left:var(--wp--preset--spacing--30);flex-basis:60%\">\r\n\r\n  \r\n  <div id=\"slideshow-block_d1ed911d13ddb2bc01073ab813081e9c\" class=\"row\" data-aos=\"fade-in\">\r\n      <!-- Swiper -->\r\n      <div class=\"swiper d-swiper-container full\" style=\"\" data-swiper={\"navigation\":{\"enabled\":false}}>\r\n        <div class=\"swiper-wrapper\">\r\n                                      <div class=\"swiper-slide\">\r\n                                    <img decoding=\"async\" src=\"https:\/\/geneva.intercontinental.com\/wp-content\/uploads\/sites\/7\/2020\/07\/intercontinental-geneve-la-residence-porte.jpg\"\r\n                  sizes=\"(max-width: 2000px) 100vw, 2000px\"\r\n                  srcset=\"https:\/\/geneva.intercontinental.com\/wp-content\/uploads\/sites\/7\/2020\/07\/intercontinental-geneve-la-residence-porte.jpg 1568w,\r\n                          https:\/\/geneva.intercontinental.com\/wp-content\/uploads\/sites\/7\/2020\/07\/intercontinental-geneve-la-residence-porte-669x1024.jpg 1024w,\r\n                          https:\/\/geneva.intercontinental.com\/wp-content\/uploads\/sites\/7\/2020\/07\/intercontinental-geneve-la-residence-porte-768x1176.jpg 768w\"\r\n                          alt=\"Luxury La Residence Suite at InterContinental Geneva with Panoramic Views\">\r\n                <\/div>\r\n                              <\/div>\r\n          <div class=\"swiper-pagination\">\r\n          <\/div>\r\n          <div class=\"swiper-button swiper-button-prev\">\r\n            <span class=\"arrowl\"><\/span>\r\n          <\/div>\r\n          <div class=\"swiper-button swiper-button-next\">\r\n            <span class=\"arrowr\"><\/span>\r\n          <\/div>\r\n      <\/div>\r\n      <!-- End Swiper -->\r\n  <\/div>\r\n  \r\n\r\n <\/div>\n\n\n\n<div class=\"wp-block-column is-vertically-aligned-bottom text-column is-layout-flow wp-block-column-is-layout-flow\" style=\"padding-top:var(--wp--preset--spacing--70);padding-right:var(--wp--preset--spacing--60);padding-bottom:var(--wp--preset--spacing--70);padding-left:var(--wp--preset--spacing--60);flex-basis:35%\">\n<h2 class=\"wp-block-heading\">Nos 56 suites de luxe<\/h2>\n\n\n\n<p>Nos 56 suites sont l\u2019expression de la v\u00e9ritable et profonde compr\u00e9hension d\u2019InterContinental en mati\u00e8re de luxe et de design. Offrant une vue majestueuse sur le lac et la montagne, les suites allient la gr\u00e2ce intemporelle de la nature au style contemporain du designer Tony Chi. Chacune de nos suites allie un confort spacieux, un mobilier \u00e9l\u00e9gant et un am\u00e9nagement astucieux pour fournir un somptueux havre intime.<\/p>\n\n\n\n<p>Plusieurs cat\u00e9gories de suites s\u2019offrent \u00e0 vous :<\/p>\n\n\n\n<ul class=\"wp-block-list\">\n<li>Suites Pr\u00e9sidentielles Vue Lac<\/li>\n\n\n\n<li>Suites Panoramiques Vue Lac<\/li>\n\n\n\n<li>Suites Famille<\/li>\n\n\n\n<li>Suites One Bedroom Vue Lac<\/li>\n\n\n\n<li>Suites One Bedroom<\/li>\n<\/ul>\n\n\n\n<div class=\"wp-block-buttons is-layout-flex wp-block-buttons-is-layout-flex\">\n<div class=\"wp-block-button is-style-outline is-style-outline--1\"><a class=\"wp-block-button__link wp-element-button\" href=\"https:\/\/geneva.intercontinental.com\/fr\/reservation\/\" target=\"_blank\" rel=\"noreferrer noopener\">R\u00e9server<\/a><\/div>\n<\/div>\n<\/div>\n\n\n\n<div class=\"wp-block-column is-layout-flow wp-block-column-is-layout-flow\" style=\"flex-basis:5%\"><\/div>\n<\/div>\n\n\n\n<div class=\"wp-block-group pattern-2-col-img-and-text is-nowrap is-layout-flex wp-container-core-group-is-layout-f66f9956 wp-block-group-is-layout-flex\">\n<div class=\"wp-block-group is-layout-constrained wp-block-group-is-layout-constrained\">\n<figure class=\"wp-block-image size-large is-resized\"><img decoding=\"async\" width=\"1024\" height=\"651\" src=\"https:\/\/geneva.intercontinental.com\/wp-content\/uploads\/sites\/7\/2022\/11\/InterContinental-Geneve-One-Bedroom-Room-Lake-view-and-tea-min-min-scaled-1-1024x651.jpg\" alt=\"Suite One Bedroom - InterContinental Gen\u00e8ve, \u00e9l\u00e9gance contemporaine vue sur les montagnes\" class=\"wp-image-20432\" style=\"object-fit:cover;width:1000px;height:469px\" srcset=\"https:\/\/geneva.intercontinental.com\/wp-content\/uploads\/sites\/7\/2022\/11\/InterContinental-Geneve-One-Bedroom-Room-Lake-view-and-tea-min-min-scaled-1-1024x651.jpg 1024w, https:\/\/geneva.intercontinental.com\/wp-content\/uploads\/sites\/7\/2022\/11\/InterContinental-Geneve-One-Bedroom-Room-Lake-view-and-tea-min-min-scaled-1-300x191.jpg 300w, https:\/\/geneva.intercontinental.com\/wp-content\/uploads\/sites\/7\/2022\/11\/InterContinental-Geneve-One-Bedroom-Room-Lake-view-and-tea-min-min-scaled-1-768x488.jpg 768w, https:\/\/geneva.intercontinental.com\/wp-content\/uploads\/sites\/7\/2022\/11\/InterContinental-Geneve-One-Bedroom-Room-Lake-view-and-tea-min-min-scaled-1-1536x976.jpg 1536w, https:\/\/geneva.intercontinental.com\/wp-content\/uploads\/sites\/7\/2022\/11\/InterContinental-Geneve-One-Bedroom-Room-Lake-view-and-tea-min-min-scaled-1-2048x1302.jpg 2048w, https:\/\/geneva.intercontinental.com\/wp-content\/uploads\/sites\/7\/2022\/11\/InterContinental-Geneve-One-Bedroom-Room-Lake-view-and-tea-min-min-scaled-1-1200x763.jpg 1200w\" sizes=\"(max-width: 1024px) 100vw, 1024px\" \/><\/figure>\n\n\n\n<div class=\"wp-block-group is-nowrap is-layout-flex wp-container-core-group-is-layout-2a556b77 wp-block-group-is-layout-flex\" style=\"padding-top:2rem;padding-right:0;padding-bottom:2rem\">\n<h4 class=\"wp-block-heading\"><\/h4>\n\n\n\n<div class=\"wp-block-group is-vertical is-content-justification-left is-layout-flex wp-container-core-group-is-layout-dd225191 wp-block-group-is-layout-flex\">\n<h3 class=\"wp-block-heading\">Suite One Bedroom<\/h3>\n\n\n\n<p>50 m\u00b2 &#8211; Mises en valeur par un espace g\u00e9n\u00e9reux et un mobilier de bon go\u00fbt, les Suites One Bedroom offrent \u00e0 la fois \u00e9l\u00e9gance et modernit\u00e9. Vue ville ou montagne.<\/p>\n\n\n\n<div class=\"wp-block-buttons is-layout-flex wp-block-buttons-is-layout-flex\">\n<div class=\"wp-block-button is-style-outline is-style-outline--2\"><a class=\"wp-block-button__link wp-element-button\" href=\"https:\/\/geneva.intercontinental.com\/fr\/suites\/suite-one-bedroom\/\">D\u00e9couvrir<\/a><\/div>\n<\/div>\n<\/div>\n<\/div>\n<\/div>\n\n\n\n<div class=\"wp-block-group is-layout-constrained wp-block-group-is-layout-constrained\">\n<figure class=\"wp-block-image size-large is-resized\"><img decoding=\"async\" width=\"1024\" height=\"641\" src=\"https:\/\/geneva.intercontinental.com\/wp-content\/uploads\/sites\/7\/2023\/07\/InterContinental-Geneve-One-Bedroom-Room-lake-view-1-1024x641.jpg\" alt=\"Suite Une Chambre Vue Lac \u2013 InterContinental Gen\u00e8ve, \u00e9l\u00e9gance contemporaine et vue imprenable sur le lac L\u00e9man\" class=\"wp-image-18433\" style=\"object-fit:cover;width:1000px;height:469px\" srcset=\"https:\/\/geneva.intercontinental.com\/wp-content\/uploads\/sites\/7\/2023\/07\/InterContinental-Geneve-One-Bedroom-Room-lake-view-1-1024x641.jpg 1024w, https:\/\/geneva.intercontinental.com\/wp-content\/uploads\/sites\/7\/2023\/07\/InterContinental-Geneve-One-Bedroom-Room-lake-view-1-300x188.jpg 300w, https:\/\/geneva.intercontinental.com\/wp-content\/uploads\/sites\/7\/2023\/07\/InterContinental-Geneve-One-Bedroom-Room-lake-view-1-768x481.jpg 768w, https:\/\/geneva.intercontinental.com\/wp-content\/uploads\/sites\/7\/2023\/07\/InterContinental-Geneve-One-Bedroom-Room-lake-view-1-1536x961.jpg 1536w, https:\/\/geneva.intercontinental.com\/wp-content\/uploads\/sites\/7\/2023\/07\/InterContinental-Geneve-One-Bedroom-Room-lake-view-1-2048x1282.jpg 2048w, https:\/\/geneva.intercontinental.com\/wp-content\/uploads\/sites\/7\/2023\/07\/InterContinental-Geneve-One-Bedroom-Room-lake-view-1-1200x751.jpg 1200w\" sizes=\"(max-width: 1024px) 100vw, 1024px\" \/><\/figure>\n\n\n\n<div class=\"wp-block-group is-nowrap is-layout-flex wp-container-core-group-is-layout-2a556b77 wp-block-group-is-layout-flex\" style=\"padding-top:2rem;padding-right:0;padding-bottom:2rem\">\n<h4 class=\"wp-block-heading\"><\/h4>\n\n\n\n<div class=\"wp-block-group is-vertical is-content-justification-left is-layout-flex wp-container-core-group-is-layout-dd225191 wp-block-group-is-layout-flex\">\n<h3 class=\"wp-block-heading\">Suite One Bedroom Vue Lac<\/h3>\n\n\n\n<p>50 m\u00b2 &#8211; Situ\u00e9e dans les \u00e9tages sup\u00e9rieurs, les Suites One Bedroom vue Lac offrent un confort sans pareil avec chambre s\u00e9par\u00e9e.<\/p>\n\n\n\n<div class=\"wp-block-buttons is-layout-flex wp-block-buttons-is-layout-flex\">\n<div class=\"wp-block-button is-style-outline is-style-outline--3\"><a class=\"wp-block-button__link wp-element-button\" href=\"https:\/\/geneva.intercontinental.com\/fr\/suites\/suite-one-bedroom-vue-lac\/\">D\u00e9couvrir<\/a><\/div>\n<\/div>\n<\/div>\n<\/div>\n<\/div>\n<\/div>\n\n\n\n<div class=\"wp-block-group pattern-2-col-img-and-text is-nowrap is-layout-flex wp-container-core-group-is-layout-f66f9956 wp-block-group-is-layout-flex\">\n<div class=\"wp-block-group is-layout-constrained wp-block-group-is-layout-constrained\">\n<figure class=\"wp-block-image size-large is-resized\"><img decoding=\"async\" width=\"1024\" height=\"683\" src=\"https:\/\/geneva.intercontinental.com\/wp-content\/uploads\/sites\/7\/2025\/07\/intercontinental-geneve-family-suite-literie-enfants-lecture-jeux-HD-1024x683.jpg\" alt=\"Suite Familiale \u2013 InterContinental Gen\u00e8ve, \u00e9l\u00e9gante suite deux chambres id\u00e9ale pour les s\u00e9jours en famille\" class=\"wp-image-37350\" style=\"object-fit:cover;width:1000px;height:469px\" srcset=\"https:\/\/geneva.intercontinental.com\/wp-content\/uploads\/sites\/7\/2025\/07\/intercontinental-geneve-family-suite-literie-enfants-lecture-jeux-HD-1024x683.jpg 1024w, https:\/\/geneva.intercontinental.com\/wp-content\/uploads\/sites\/7\/2025\/07\/intercontinental-geneve-family-suite-literie-enfants-lecture-jeux-HD-300x200.jpg 300w, https:\/\/geneva.intercontinental.com\/wp-content\/uploads\/sites\/7\/2025\/07\/intercontinental-geneve-family-suite-literie-enfants-lecture-jeux-HD-768x512.jpg 768w, https:\/\/geneva.intercontinental.com\/wp-content\/uploads\/sites\/7\/2025\/07\/intercontinental-geneve-family-suite-literie-enfants-lecture-jeux-HD-1536x1025.jpg 1536w, https:\/\/geneva.intercontinental.com\/wp-content\/uploads\/sites\/7\/2025\/07\/intercontinental-geneve-family-suite-literie-enfants-lecture-jeux-HD-2048x1366.jpg 2048w, https:\/\/geneva.intercontinental.com\/wp-content\/uploads\/sites\/7\/2025\/07\/intercontinental-geneve-family-suite-literie-enfants-lecture-jeux-HD-1200x801.jpg 1200w\" sizes=\"(max-width: 1024px) 100vw, 1024px\" \/><\/figure>\n\n\n\n<div class=\"wp-block-group is-nowrap is-layout-flex wp-container-core-group-is-layout-2a556b77 wp-block-group-is-layout-flex\" style=\"padding-top:2rem;padding-right:0;padding-bottom:2rem\">\n<h4 class=\"wp-block-heading\"><\/h4>\n\n\n\n<div class=\"wp-block-group is-vertical is-content-justification-left is-layout-flex wp-container-core-group-is-layout-dd225191 wp-block-group-is-layout-flex\">\n<h3 class=\"wp-block-heading\">Suite Famille<\/h3>\n\n\n\n<p>50 m\u00b2 &#8211; Avec sa chambre parentale \u00e9l\u00e9gamment s\u00e9par\u00e9e et son salon transformable en espace nuit pour les enfants, la Suite Famille offre \u00e0 chacun son intimit\u00e9, tout en gardant vos proches \u00e0 port\u00e9e de c\u00e2lin.<\/p>\n\n\n\n<div class=\"wp-block-buttons is-layout-flex wp-block-buttons-is-layout-flex\">\n<div class=\"wp-block-button is-style-outline is-style-outline--4\"><a class=\"wp-block-button__link wp-element-button\" href=\"https:\/\/geneva.intercontinental.com\/fr\/suites\/suite-famille\/\">D\u00e9couvrir<\/a><\/div>\n<\/div>\n<\/div>\n<\/div>\n<\/div>\n\n\n\n<div class=\"wp-block-group is-layout-constrained wp-block-group-is-layout-constrained\">\n<figure class=\"wp-block-image size-large is-resized\"><img decoding=\"async\" width=\"1024\" height=\"683\" src=\"https:\/\/geneva.intercontinental.com\/wp-content\/uploads\/sites\/7\/2023\/07\/InterContinental-Geneve-Panoramic-Lake-View-Suite-6-1024x683.jpg\" alt=\"Suite Panoramique Vue Lac \u2013 InterContinental Gen\u00e8ve, espace lumineux avec vue \u00e0 180\u00b0 sur Gen\u00e8ve et les Alpes\" class=\"wp-image-20491\" style=\"height:469px\" srcset=\"https:\/\/geneva.intercontinental.com\/wp-content\/uploads\/sites\/7\/2023\/07\/InterContinental-Geneve-Panoramic-Lake-View-Suite-6-1024x683.jpg 1024w, https:\/\/geneva.intercontinental.com\/wp-content\/uploads\/sites\/7\/2023\/07\/InterContinental-Geneve-Panoramic-Lake-View-Suite-6-300x200.jpg 300w, https:\/\/geneva.intercontinental.com\/wp-content\/uploads\/sites\/7\/2023\/07\/InterContinental-Geneve-Panoramic-Lake-View-Suite-6-768x512.jpg 768w, https:\/\/geneva.intercontinental.com\/wp-content\/uploads\/sites\/7\/2023\/07\/InterContinental-Geneve-Panoramic-Lake-View-Suite-6-1536x1024.jpg 1536w, https:\/\/geneva.intercontinental.com\/wp-content\/uploads\/sites\/7\/2023\/07\/InterContinental-Geneve-Panoramic-Lake-View-Suite-6-2048x1365.jpg 2048w, https:\/\/geneva.intercontinental.com\/wp-content\/uploads\/sites\/7\/2023\/07\/InterContinental-Geneve-Panoramic-Lake-View-Suite-6-1200x800.jpg 1200w\" sizes=\"(max-width: 1024px) 100vw, 1024px\" \/><\/figure>\n\n\n\n<div class=\"wp-block-group is-nowrap is-layout-flex wp-container-core-group-is-layout-2a556b77 wp-block-group-is-layout-flex\" style=\"padding-top:2rem;padding-right:0;padding-bottom:2rem\">\n<h4 class=\"wp-block-heading\"><\/h4>\n\n\n\n<div class=\"wp-block-group is-vertical is-content-justification-left is-layout-flex wp-container-core-group-is-layout-dd225191 wp-block-group-is-layout-flex\">\n<h3 class=\"wp-block-heading\">Suite Panoramique Vue Lac<\/h3>\n\n\n\n<p>100 m\u00b2 &#8211; Les suites Panoramiques Vue Lac offrent 100 m\u00b2 de luxe discret et une vue imprenable sur le Lac L\u00e9man et le Mont Blanc.<\/p>\n\n\n\n<div class=\"wp-block-buttons is-layout-flex wp-block-buttons-is-layout-flex\">\n<div class=\"wp-block-button is-style-outline is-style-outline--5\"><a class=\"wp-block-button__link wp-element-button\" href=\"https:\/\/geneva.intercontinental.com\/fr\/suites\/suite-panoramique-vue-lac\/\">D\u00e9couvrir<\/a><\/div>\n<\/div>\n<\/div>\n<\/div>\n<\/div>\n<\/div>\n\n\n\n<div class=\"wp-block-group pattern-2-col-img-and-text is-content-justification-center is-nowrap is-layout-flex wp-container-core-group-is-layout-b93cabc5 wp-block-group-is-layout-flex\">\n<div class=\"wp-block-group is-layout-constrained wp-block-group-is-layout-constrained\">\n<figure class=\"wp-block-image size-large is-resized\"><img decoding=\"async\" width=\"1024\" height=\"683\" src=\"https:\/\/geneva.intercontinental.com\/wp-content\/uploads\/sites\/7\/2023\/07\/InterContinental-Geneve-Presidentielle-Suite-8-min-1-scaled-1-1024x683.jpg\" alt=\"Suite Pr\u00e9sidentielle Vue Lac \u2013 InterContinental Gen\u00e8ve, prestige absolu avec panorama sur le lac L\u00e9man\" class=\"wp-image-19121\" style=\"object-fit:cover;width:1000px;height:469px\" srcset=\"https:\/\/geneva.intercontinental.com\/wp-content\/uploads\/sites\/7\/2023\/07\/InterContinental-Geneve-Presidentielle-Suite-8-min-1-scaled-1-1024x683.jpg 1024w, https:\/\/geneva.intercontinental.com\/wp-content\/uploads\/sites\/7\/2023\/07\/InterContinental-Geneve-Presidentielle-Suite-8-min-1-scaled-1-300x200.jpg 300w, https:\/\/geneva.intercontinental.com\/wp-content\/uploads\/sites\/7\/2023\/07\/InterContinental-Geneve-Presidentielle-Suite-8-min-1-scaled-1-768x512.jpg 768w, https:\/\/geneva.intercontinental.com\/wp-content\/uploads\/sites\/7\/2023\/07\/InterContinental-Geneve-Presidentielle-Suite-8-min-1-scaled-1-1536x1024.jpg 1536w, https:\/\/geneva.intercontinental.com\/wp-content\/uploads\/sites\/7\/2023\/07\/InterContinental-Geneve-Presidentielle-Suite-8-min-1-scaled-1-2048x1366.jpg 2048w, https:\/\/geneva.intercontinental.com\/wp-content\/uploads\/sites\/7\/2023\/07\/InterContinental-Geneve-Presidentielle-Suite-8-min-1-scaled-1-1200x800.jpg 1200w\" sizes=\"(max-width: 1024px) 100vw, 1024px\" \/><\/figure>\n\n\n\n<div class=\"wp-block-group is-nowrap is-layout-flex wp-container-core-group-is-layout-2a556b77 wp-block-group-is-layout-flex\" style=\"padding-top:2rem;padding-right:0;padding-bottom:2rem\">\n<h4 class=\"wp-block-heading\"><\/h4>\n\n\n\n<div class=\"wp-block-group is-vertical is-content-justification-left is-layout-flex wp-container-core-group-is-layout-dd225191 wp-block-group-is-layout-flex\">\n<h3 class=\"wp-block-heading\">Suite Pr\u00e9sidentielle Vue Lac<\/h3>\n\n\n\n<p>120 m2 &#8211; Dot\u00e9e d\u2019un caract\u00e8re unique, cette suite d\u2019exception, tr\u00e8s lumineuse, offre une vue panoramique sur le Lac L\u00e9man et le Mont Blanc.<\/p>\n\n\n\n<div class=\"wp-block-buttons is-layout-flex wp-block-buttons-is-layout-flex\">\n<div class=\"wp-block-button is-style-outline is-style-outline--6\"><a class=\"wp-block-button__link wp-element-button\" href=\"https:\/\/geneva.intercontinental.com\/fr\/suites\/suite-presidentielle-vue-lac\/\">D\u00e9couvrir<\/a><\/div>\n<\/div>\n<\/div>\n<\/div>\n<\/div>\n<\/div>\n\n\n\n<div class=\"wp-block-group title is-layout-constrained wp-block-group-is-layout-constrained\">\n<h2 class=\"wp-block-heading has-text-align-center\">D\u00e9couvrez aussi<\/h2>\n<\/div>\n\n\n\n<div class=\"wp-block-group pattern-2-row-img-text is-vertical is-layout-flex wp-container-core-group-is-layout-fe9cc265 wp-block-group-is-layout-flex\">\n<figure class=\"wp-block-image size-full\"><img decoding=\"async\" width=\"2560\" height=\"1707\" src=\"https:\/\/geneva.intercontinental.com\/wp-content\/uploads\/sites\/7\/2023\/10\/La-Residence-East-Wing-16-scaled-1.webp\" alt=\"InterContinental Gen\u00e8ve - La R\u00e9sidence \u2013 salon lumineux avec vue panoramique sur Gen\u00e8ve et le Jet d\u2019Eau, Gen\u00e8ve\" class=\"wp-image-20096\" srcset=\"https:\/\/geneva.intercontinental.com\/wp-content\/uploads\/sites\/7\/2023\/10\/La-Residence-East-Wing-16-scaled-1.webp 2560w, https:\/\/geneva.intercontinental.com\/wp-content\/uploads\/sites\/7\/2023\/10\/La-Residence-East-Wing-16-scaled-1-300x200.webp 300w, https:\/\/geneva.intercontinental.com\/wp-content\/uploads\/sites\/7\/2023\/10\/La-Residence-East-Wing-16-scaled-1-1024x683.webp 1024w, https:\/\/geneva.intercontinental.com\/wp-content\/uploads\/sites\/7\/2023\/10\/La-Residence-East-Wing-16-scaled-1-768x512.webp 768w, https:\/\/geneva.intercontinental.com\/wp-content\/uploads\/sites\/7\/2023\/10\/La-Residence-East-Wing-16-scaled-1-1536x1024.webp 1536w, https:\/\/geneva.intercontinental.com\/wp-content\/uploads\/sites\/7\/2023\/10\/La-Residence-East-Wing-16-scaled-1-2048x1366.webp 2048w, https:\/\/geneva.intercontinental.com\/wp-content\/uploads\/sites\/7\/2023\/10\/La-Residence-East-Wing-16-scaled-1-1200x800.webp 1200w\" sizes=\"(max-width: 2560px) 100vw, 2560px\" \/><\/figure>\n\n\n\n<div class=\"wp-block-group is-content-justification-center is-nowrap is-layout-flex wp-container-core-group-is-layout-24d487f0 wp-block-group-is-layout-flex\" style=\"padding-top:2rem;padding-right:30%;padding-bottom:2rem;padding-left:20%\">\n<h4 class=\"wp-block-heading has-text-align-right\"><\/h4>\n\n\n\n<div class=\"wp-block-group is-vertical is-content-justification-left is-layout-flex wp-container-core-group-is-layout-6f8c8f6b wp-block-group-is-layout-flex\" style=\"padding-top:0;padding-right:0;padding-bottom:0;padding-left:0\">\n<h3 class=\"wp-block-heading\">La R\u00e9sidence<\/h3>\n\n\n\n<p>650 m\u00b2 \u2013 Derri\u00e8re des portes grandioses aussi hautes que celles du ch\u00e2teau de Versailles, la R\u00e9sidence offre l\u2019\u00e9l\u00e9gance majestueuse des palais opulents du pass\u00e9. Elle est la plus grande suite de L\u2019InterContinental Gen\u00e8ve.<\/p>\n\n\n\n<div class=\"wp-block-buttons is-layout-flex wp-block-buttons-is-layout-flex\">\n<div class=\"wp-block-button is-style-outline is-style-outline--7\"><a class=\"wp-block-button__link wp-element-button\" href=\"https:\/\/geneva-la-residence.com\/fr\/\" target=\"_blank\" rel=\"noreferrer noopener\">D\u00e9couvrir<\/a><\/div>\n<\/div>\n<\/div>\n<\/div>\n<\/div>\n","protected":false},"excerpt":{"rendered":"<p>Nos 56 suites de luxe Nos 56 suites sont l\u2019expression de la v\u00e9ritable et profonde compr\u00e9hension d\u2019InterContinental en mati\u00e8re de luxe et de design. Offrant une vue majestueuse sur le lac et la montagne, les suites allient la gr\u00e2ce intemporelle [&hellip;]<\/p>\n","protected":false},"author":1,"featured_media":19422,"parent":0,"menu_order":0,"comment_status":"closed","ping_status":"closed","template":"","meta":{"_acf_changed":false,"footnotes":""},"class_list":["post-801","page","type-page","status-publish","has-post-thumbnail","hentry"],"acf":[],"yoast_head":"<!-- This site is optimized with the Yoast SEO plugin v26.2 - https:\/\/yoast.com\/wordpress\/plugins\/seo\/ -->\n<title>Suites de luxe \u00e0 Gen\u00e8ve - InterContinental Gen\u00e8ve<\/title>\n<meta name=\"description\" content=\"S\u00e9journez en suite de luxe \u00e0 Gen\u00e8ve et profitez d&#039;un confort d&#039;exception offrant la meilleure vue sur le lac L\u00e9man et les Alpes.\" \/>\n<meta name=\"robots\" content=\"index, follow, max-snippet:-1, max-image-preview:large, max-video-preview:-1\" \/>\n<link rel=\"canonical\" href=\"https:\/\/geneva.intercontinental.com\/fr\/suites\/\" \/>\n<meta property=\"og:locale\" content=\"fr_FR\" \/>\n<meta property=\"og:type\" content=\"article\" \/>\n<meta property=\"og:title\" content=\"Suites de luxe \u00e0 Gen\u00e8ve - InterContinental Gen\u00e8ve\" \/>\n<meta property=\"og:description\" content=\"S\u00e9journez en suite de luxe \u00e0 Gen\u00e8ve et profitez d&#039;un confort d&#039;exception offrant la meilleure vue sur le lac L\u00e9man et les Alpes.\" \/>\n<meta property=\"og:url\" content=\"https:\/\/geneva.intercontinental.com\/fr\/suites\/\" \/>\n<meta property=\"og:site_name\" content=\"IHG\" \/>\n<meta property=\"article:modified_time\" content=\"2025-10-08T09:07:21+00:00\" \/>\n<meta property=\"og:image\" content=\"https:\/\/geneva.intercontinental.com\/wp-content\/uploads\/sites\/7\/2023\/08\/intercontinental-geneve-panoramic-lake-view-suite-5-sd.jpg\" \/>\n\t<meta property=\"og:image:width\" content=\"1024\" \/>\n\t<meta property=\"og:image:height\" content=\"683\" \/>\n\t<meta property=\"og:image:type\" content=\"image\/jpeg\" \/>\n<meta name=\"twitter:card\" content=\"summary_large_image\" \/>\n<meta name=\"twitter:label1\" content=\"Dur\u00e9e de lecture estim\u00e9e\" \/>\n\t<meta name=\"twitter:data1\" content=\"3 minutes\" \/>\n<script type=\"application\/ld+json\" class=\"yoast-schema-graph\">{\"@context\":\"https:\/\/schema.org\",\"@graph\":[{\"@type\":\"WebPage\",\"@id\":\"https:\/\/geneva.intercontinental.com\/fr\/suites\/\",\"url\":\"https:\/\/geneva.intercontinental.com\/fr\/suites\/\",\"name\":\"Suites de luxe \u00e0 Gen\u00e8ve - InterContinental Gen\u00e8ve\",\"isPartOf\":{\"@id\":\"https:\/\/geneva.intercontinental.com\/fr\/#website\"},\"primaryImageOfPage\":{\"@id\":\"https:\/\/geneva.intercontinental.com\/fr\/suites\/#primaryimage\"},\"image\":{\"@id\":\"https:\/\/geneva.intercontinental.com\/fr\/suites\/#primaryimage\"},\"thumbnailUrl\":\"https:\/\/geneva.intercontinental.com\/wp-content\/uploads\/sites\/7\/2023\/08\/intercontinental-geneve-panoramic-lake-view-suite-5-sd.jpg\",\"datePublished\":\"2020-07-13T13:12:34+00:00\",\"dateModified\":\"2025-10-08T09:07:21+00:00\",\"description\":\"S\u00e9journez en suite de luxe \u00e0 Gen\u00e8ve et profitez d'un confort d'exception offrant la meilleure vue sur le lac L\u00e9man et les Alpes.\",\"breadcrumb\":{\"@id\":\"https:\/\/geneva.intercontinental.com\/fr\/suites\/#breadcrumb\"},\"inLanguage\":\"fr-FR\",\"potentialAction\":[{\"@type\":\"ReadAction\",\"target\":[\"https:\/\/geneva.intercontinental.com\/fr\/suites\/\"]}]},{\"@type\":\"ImageObject\",\"inLanguage\":\"fr-FR\",\"@id\":\"https:\/\/geneva.intercontinental.com\/fr\/suites\/#primaryimage\",\"url\":\"https:\/\/geneva.intercontinental.com\/wp-content\/uploads\/sites\/7\/2023\/08\/intercontinental-geneve-panoramic-lake-view-suite-5-sd.jpg\",\"contentUrl\":\"https:\/\/geneva.intercontinental.com\/wp-content\/uploads\/sites\/7\/2023\/08\/intercontinental-geneve-panoramic-lake-view-suite-5-sd.jpg\",\"width\":1024,\"height\":683},{\"@type\":\"BreadcrumbList\",\"@id\":\"https:\/\/geneva.intercontinental.com\/fr\/suites\/#breadcrumb\",\"itemListElement\":[{\"@type\":\"ListItem\",\"position\":1,\"name\":\"Accueil\",\"item\":\"https:\/\/geneva.intercontinental.com\/fr\/\"},{\"@type\":\"ListItem\",\"position\":2,\"name\":\"Suites\"}]},{\"@type\":\"WebSite\",\"@id\":\"https:\/\/geneva.intercontinental.com\/fr\/#website\",\"url\":\"https:\/\/geneva.intercontinental.com\/fr\/\",\"name\":\"IHG\",\"description\":\"Live the InterContinental Life\",\"publisher\":{\"@id\":\"https:\/\/geneva.intercontinental.com\/fr\/#organization\"},\"alternateName\":\"InterContinental Gen\u00e8ve\",\"potentialAction\":[{\"@type\":\"SearchAction\",\"target\":{\"@type\":\"EntryPoint\",\"urlTemplate\":\"https:\/\/geneva.intercontinental.com\/fr\/?s={search_term_string}\"},\"query-input\":{\"@type\":\"PropertyValueSpecification\",\"valueRequired\":true,\"valueName\":\"search_term_string\"}}],\"inLanguage\":\"fr-FR\"},{\"@type\":\"Organization\",\"@id\":\"https:\/\/geneva.intercontinental.com\/fr\/#organization\",\"name\":\"InterContinental Gen\u00e8ve\",\"alternateName\":\"GVAHA\",\"url\":\"https:\/\/geneva.intercontinental.com\/fr\/\",\"logo\":{\"@type\":\"ImageObject\",\"inLanguage\":\"fr-FR\",\"@id\":\"https:\/\/geneva.intercontinental.com\/fr\/#\/schema\/logo\/image\/\",\"url\":\"https:\/\/geneva.intercontinental.com\/wp-content\/uploads\/sites\/7\/2024\/04\/intercontinental-geneve-logo.svg\",\"contentUrl\":\"https:\/\/geneva.intercontinental.com\/wp-content\/uploads\/sites\/7\/2024\/04\/intercontinental-geneve-logo.svg\",\"caption\":\"InterContinental Gen\u00e8ve\"},\"image\":{\"@id\":\"https:\/\/geneva.intercontinental.com\/fr\/#\/schema\/logo\/image\/\"}}]}<\/script>\n<!-- \/ Yoast SEO plugin. -->","yoast_head_json":{"title":"Suites de luxe \u00e0 Gen\u00e8ve - InterContinental Gen\u00e8ve","description":"S\u00e9journez en suite de luxe \u00e0 Gen\u00e8ve et profitez d'un confort d'exception offrant la meilleure vue sur le lac L\u00e9man et les Alpes.","robots":{"index":"index","follow":"follow","max-snippet":"max-snippet:-1","max-image-preview":"max-image-preview:large","max-video-preview":"max-video-preview:-1"},"canonical":"https:\/\/geneva.intercontinental.com\/fr\/suites\/","og_locale":"fr_FR","og_type":"article","og_title":"Suites de luxe \u00e0 Gen\u00e8ve - InterContinental Gen\u00e8ve","og_description":"S\u00e9journez en suite de luxe \u00e0 Gen\u00e8ve et profitez d'un confort d'exception offrant la meilleure vue sur le lac L\u00e9man et les Alpes.","og_url":"https:\/\/geneva.intercontinental.com\/fr\/suites\/","og_site_name":"IHG","article_modified_time":"2025-10-08T09:07:21+00:00","og_image":[{"width":1024,"height":683,"url":"https:\/\/geneva.intercontinental.com\/wp-content\/uploads\/sites\/7\/2023\/08\/intercontinental-geneve-panoramic-lake-view-suite-5-sd.jpg","type":"image\/jpeg"}],"twitter_card":"summary_large_image","twitter_misc":{"Dur\u00e9e de lecture estim\u00e9e":"3 minutes"},"schema":{"@context":"https:\/\/schema.org","@graph":[{"@type":"WebPage","@id":"https:\/\/geneva.intercontinental.com\/fr\/suites\/","url":"https:\/\/geneva.intercontinental.com\/fr\/suites\/","name":"Suites de luxe \u00e0 Gen\u00e8ve - InterContinental Gen\u00e8ve","isPartOf":{"@id":"https:\/\/geneva.intercontinental.com\/fr\/#website"},"primaryImageOfPage":{"@id":"https:\/\/geneva.intercontinental.com\/fr\/suites\/#primaryimage"},"image":{"@id":"https:\/\/geneva.intercontinental.com\/fr\/suites\/#primaryimage"},"thumbnailUrl":"https:\/\/geneva.intercontinental.com\/wp-content\/uploads\/sites\/7\/2023\/08\/intercontinental-geneve-panoramic-lake-view-suite-5-sd.jpg","datePublished":"2020-07-13T13:12:34+00:00","dateModified":"2025-10-08T09:07:21+00:00","description":"S\u00e9journez en suite de luxe \u00e0 Gen\u00e8ve et profitez d'un confort d'exception offrant la meilleure vue sur le lac L\u00e9man et les Alpes.","breadcrumb":{"@id":"https:\/\/geneva.intercontinental.com\/fr\/suites\/#breadcrumb"},"inLanguage":"fr-FR","potentialAction":[{"@type":"ReadAction","target":["https:\/\/geneva.intercontinental.com\/fr\/suites\/"]}]},{"@type":"ImageObject","inLanguage":"fr-FR","@id":"https:\/\/geneva.intercontinental.com\/fr\/suites\/#primaryimage","url":"https:\/\/geneva.intercontinental.com\/wp-content\/uploads\/sites\/7\/2023\/08\/intercontinental-geneve-panoramic-lake-view-suite-5-sd.jpg","contentUrl":"https:\/\/geneva.intercontinental.com\/wp-content\/uploads\/sites\/7\/2023\/08\/intercontinental-geneve-panoramic-lake-view-suite-5-sd.jpg","width":1024,"height":683},{"@type":"BreadcrumbList","@id":"https:\/\/geneva.intercontinental.com\/fr\/suites\/#breadcrumb","itemListElement":[{"@type":"ListItem","position":1,"name":"Accueil","item":"https:\/\/geneva.intercontinental.com\/fr\/"},{"@type":"ListItem","position":2,"name":"Suites"}]},{"@type":"WebSite","@id":"https:\/\/geneva.intercontinental.com\/fr\/#website","url":"https:\/\/geneva.intercontinental.com\/fr\/","name":"IHG","description":"Live the InterContinental Life","publisher":{"@id":"https:\/\/geneva.intercontinental.com\/fr\/#organization"},"alternateName":"InterContinental Gen\u00e8ve","potentialAction":[{"@type":"SearchAction","target":{"@type":"EntryPoint","urlTemplate":"https:\/\/geneva.intercontinental.com\/fr\/?s={search_term_string}"},"query-input":{"@type":"PropertyValueSpecification","valueRequired":true,"valueName":"search_term_string"}}],"inLanguage":"fr-FR"},{"@type":"Organization","@id":"https:\/\/geneva.intercontinental.com\/fr\/#organization","name":"InterContinental Gen\u00e8ve","alternateName":"GVAHA","url":"https:\/\/geneva.intercontinental.com\/fr\/","logo":{"@type":"ImageObject","inLanguage":"fr-FR","@id":"https:\/\/geneva.intercontinental.com\/fr\/#\/schema\/logo\/image\/","url":"https:\/\/geneva.intercontinental.com\/wp-content\/uploads\/sites\/7\/2024\/04\/intercontinental-geneve-logo.svg","contentUrl":"https:\/\/geneva.intercontinental.com\/wp-content\/uploads\/sites\/7\/2024\/04\/intercontinental-geneve-logo.svg","caption":"InterContinental Gen\u00e8ve"},"image":{"@id":"https:\/\/geneva.intercontinental.com\/fr\/#\/schema\/logo\/image\/"}}]}},"_links":{"self":[{"href":"https:\/\/geneva.intercontinental.com\/fr\/wp-json\/wp\/v2\/pages\/801","targetHints":{"allow":["GET"]}}],"collection":[{"href":"https:\/\/geneva.intercontinental.com\/fr\/wp-json\/wp\/v2\/pages"}],"about":[{"href":"https:\/\/geneva.intercontinental.com\/fr\/wp-json\/wp\/v2\/types\/page"}],"author":[{"embeddable":true,"href":"https:\/\/geneva.intercontinental.com\/fr\/wp-json\/wp\/v2\/users\/1"}],"replies":[{"embeddable":true,"href":"https:\/\/geneva.intercontinental.com\/fr\/wp-json\/wp\/v2\/comments?post=801"}],"version-history":[{"count":25,"href":"https:\/\/geneva.intercontinental.com\/fr\/wp-json\/wp\/v2\/pages\/801\/revisions"}],"predecessor-version":[{"id":38214,"href":"https:\/\/geneva.intercontinental.com\/fr\/wp-json\/wp\/v2\/pages\/801\/revisions\/38214"}],"wp:featuredmedia":[{"embeddable":true,"href":"https:\/\/geneva.intercontinental.com\/fr\/wp-json\/wp\/v2\/media\/19422"}],"wp:attachment":[{"href":"https:\/\/geneva.intercontinental.com\/fr\/wp-json\/wp\/v2\/media?parent=801"}],"curies":[{"name":"wp","href":"https:\/\/api.w.org\/{rel}","templated":true}]}}