{"id":769,"date":"2020-07-13T14:54:16","date_gmt":"2020-07-13T12:54:16","guid":{"rendered":"https:\/\/geneva.intercontinental.com\/?page_id=769"},"modified":"2026-03-31T14:01:42","modified_gmt":"2026-03-31T12:01:42","slug":"junior-suite","status":"publish","type":"page","link":"https:\/\/geneva.intercontinental.com\/fr\/chambres\/junior-suite\/","title":{"rendered":"Junior Suite"},"content":{"rendered":"\r\n\r\n\r\n\r\n\r\n  <!-- Swiper hero -->\r\n  <div id=\"slideshow-block_6195149f2a97504384f1c954fb7e7c80\" class=\"row \">  \r\n    <div class=\"swiper d-swiper-container hero\" data-swiper={\"navigation\":{\"enabled\":false}}>\r\n      <div class=\"swiper-wrapper\">\r\n                            <div class=\"swiper-slide\">\r\n                              <span aria-hidden=\"true\" class=\"slide-e-background has-background-dim-30  has-background has-charcoal-grey-background-color\"><\/span>\r\n                                            <img decoding=\"async\" src=\"https:\/\/geneva.intercontinental.com\/wp-content\/uploads\/sites\/7\/2022\/11\/InterContinental-Geneve-Junior-Suite-mountain-view.jpg\"\r\n                sizes=\"(max-width: 2000px) 100vw, 2000px\"\r\n                srcset=\"https:\/\/geneva.intercontinental.com\/wp-content\/uploads\/sites\/7\/2022\/11\/InterContinental-Geneve-Junior-Suite-mountain-view.jpg 1500w,\r\n                        https:\/\/geneva.intercontinental.com\/wp-content\/uploads\/sites\/7\/2022\/11\/InterContinental-Geneve-Junior-Suite-mountain-view-1024x550.jpg 1024w,\r\n                        https:\/\/geneva.intercontinental.com\/wp-content\/uploads\/sites\/7\/2022\/11\/InterContinental-Geneve-Junior-Suite-mountain-view-768x413.jpg 768w\"\r\n                        alt=\"\">\r\n                                            <div class=\"slide-e-content d-none d-md-block\">\r\n                                       \r\n                    <h1 class=\"title\">Junior Suite<\/h1>\r\n                                                                                          <\/div>\r\n                          <\/div>\r\n                            <\/div>\r\n            <\/div>\r\n  <\/div>\r\n  <!-- End Swiper hero -->\r\n\r\n \n\n\n<div style=\"height:50px\" aria-hidden=\"true\" class=\"wp-block-spacer\"><\/div>\n\n\n\n<div class=\"wp-block-columns pattern-2-col-text-and-slider slider-left is-layout-flex wp-container-core-columns-is-layout-28f84493 wp-block-columns-is-layout-flex\">\n<div class=\"wp-block-column is-vertically-aligned-center is-layout-flow wp-block-column-is-layout-flow\" style=\"padding-right:var(--wp--preset--spacing--30);padding-left:var(--wp--preset--spacing--30);flex-basis:60%\">\r\n\r\n  \r\n  <div id=\"slideshow-block_30851cef062bc4a9261da01666efbd9b\" class=\"row\" data-aos=\"fade-in\">\r\n      <!-- Swiper -->\r\n      <div class=\"swiper d-swiper-container full\" style=\"\" data-swiper={\"autoplay\":true,\"slidesPerView\":1,\"effect\":\"creative\",\"creativeEffect\":{\"limitProgress\":2,\"prev\":{\"translate\":[\"-100%\",0,0]},\"next\":{\"translate\":[\"100%\",0,0]}},\"speed\":1000}>\r\n        <div class=\"swiper-wrapper\">\r\n                                      <div class=\"swiper-slide\">\r\n                                    <img decoding=\"async\" src=\"https:\/\/geneva.intercontinental.com\/wp-content\/uploads\/sites\/7\/2022\/11\/InterContinental-Geneve-Junior-Suite-Lake-view-White-Bathroom.jpg\"\r\n                  sizes=\"(max-width: 2000px) 100vw, 2000px\"\r\n                  srcset=\"https:\/\/geneva.intercontinental.com\/wp-content\/uploads\/sites\/7\/2022\/11\/InterContinental-Geneve-Junior-Suite-Lake-view-White-Bathroom.jpg 1500w,\r\n                          https:\/\/geneva.intercontinental.com\/wp-content\/uploads\/sites\/7\/2022\/11\/InterContinental-Geneve-Junior-Suite-Lake-view-White-Bathroom-1024x640.jpg 1024w,\r\n                          https:\/\/geneva.intercontinental.com\/wp-content\/uploads\/sites\/7\/2022\/11\/InterContinental-Geneve-Junior-Suite-Lake-view-White-Bathroom-768x480.jpg 768w\"\r\n                          alt=\"Bathroom in a junior suite at the InterContinental Gen\u00e8ve hotel.\">\r\n                <\/div>\r\n                            <div class=\"swiper-slide\">\r\n                                    <img decoding=\"async\" src=\"https:\/\/geneva.intercontinental.com\/wp-content\/uploads\/sites\/7\/2022\/11\/InterContinental-Geneve-Junior-Suite-mountain-view-min-scaled-1.jpg\"\r\n                  sizes=\"(max-width: 2000px) 100vw, 2000px\"\r\n                  srcset=\"https:\/\/geneva.intercontinental.com\/wp-content\/uploads\/sites\/7\/2022\/11\/InterContinental-Geneve-Junior-Suite-mountain-view-min-scaled-1.jpg 2560w,\r\n                          https:\/\/geneva.intercontinental.com\/wp-content\/uploads\/sites\/7\/2022\/11\/InterContinental-Geneve-Junior-Suite-mountain-view-min-scaled-1-1024x550.jpg 1024w,\r\n                          https:\/\/geneva.intercontinental.com\/wp-content\/uploads\/sites\/7\/2022\/11\/InterContinental-Geneve-Junior-Suite-mountain-view-min-scaled-1-768x413.jpg 768w\"\r\n                          alt=\"Junior suite with mountain view at the InterContinental Gen\u00e8ve hotel.\">\r\n                <\/div>\r\n                            <div class=\"swiper-slide\">\r\n                                    <img decoding=\"async\" src=\"https:\/\/geneva.intercontinental.com\/wp-content\/uploads\/sites\/7\/2022\/11\/InterContinental-Geneve-Junior-Suite-decor-min-scaled-1.jpg\"\r\n                  sizes=\"(max-width: 2000px) 100vw, 2000px\"\r\n                  srcset=\"https:\/\/geneva.intercontinental.com\/wp-content\/uploads\/sites\/7\/2022\/11\/InterContinental-Geneve-Junior-Suite-decor-min-scaled-1.jpg 1665w,\r\n                          https:\/\/geneva.intercontinental.com\/wp-content\/uploads\/sites\/7\/2022\/11\/InterContinental-Geneve-Junior-Suite-decor-min-scaled-1-666x1024.jpg 1024w,\r\n                          https:\/\/geneva.intercontinental.com\/wp-content\/uploads\/sites\/7\/2022\/11\/InterContinental-Geneve-Junior-Suite-decor-min-scaled-1-768x1181.jpg 768w\"\r\n                          alt=\"Elegant junior suite at the InterContinental Gen\u00e8ve hotel.\">\r\n                <\/div>\r\n                              <\/div>\r\n          <div class=\"swiper-pagination\">\r\n          <\/div>\r\n          <div class=\"swiper-button swiper-button-prev\">\r\n            <span class=\"arrowl\"><\/span>\r\n          <\/div>\r\n          <div class=\"swiper-button swiper-button-next\">\r\n            <span class=\"arrowr\"><\/span>\r\n          <\/div>\r\n      <\/div>\r\n      <!-- End Swiper -->\r\n  <\/div>\r\n  \r\n\r\n <\/div>\n\n\n\n<div class=\"wp-block-column is-vertically-aligned-bottom text-column is-layout-flow wp-block-column-is-layout-flow\" style=\"padding-top:var(--wp--preset--spacing--70);padding-right:var(--wp--preset--spacing--60);padding-bottom:var(--wp--preset--spacing--70);padding-left:var(--wp--preset--spacing--60);flex-basis:35%\">\n<h4 class=\"wp-block-heading\">H\u00c9BERGEMENT<\/h4>\n\n\n\n<h3 class=\"wp-block-heading\">Junior Suite<\/h3>\n\n\n\n<p>Chambre aux dimensions g\u00e9n\u00e9reuses \u00e9l\u00e9gamment meubl\u00e9e avec une vue \u00e9poustouflante sur les montagnes. Ces chambres comprennent un grand bureau et un coin salon ainsi qu\u2019une luxueuse salle de bains.<\/p>\n\n\n\n<p>Sur demande, les Junior Suite peuvent \u00eatre reli\u00e9es aux chambres Classiques et Premium cr\u00e9ant ainsi un espace id\u00e9al pour les familles.<\/p>\n\n\n\n<p><em>45 m\u00b2<\/em><\/p>\n<\/div>\n\n\n\n<div class=\"wp-block-column is-layout-flow wp-block-column-is-layout-flow\" style=\"flex-basis:5%\"><\/div>\n<\/div>\n\n\n\n<div style=\"height:50px\" aria-hidden=\"true\" class=\"wp-block-spacer\"><\/div>\n\n\n\n<div class=\"wp-block-columns is-layout-flex wp-container-core-columns-is-layout-28f84493 wp-block-columns-is-layout-flex\">\n<div class=\"wp-block-column is-layout-flow wp-block-column-is-layout-flow\" style=\"flex-basis:15%\"><\/div>\n\n\n\n<div class=\"wp-block-column is-layout-flow wp-block-column-is-layout-flow\">\n<p class=\"has-text-align-left\"><em><em>Chaque chambre \u00e0 l\u2019InterContinental Gen\u00e8ve \u00e9tant unique dans sa configuration et d\u00e9coration, les photos pr\u00e9sent\u00e9es des salles de bain peuvent varier en fonction des cat\u00e9gories et \u00e9tages.&nbsp;<\/em><\/em><br><em>Entre le 3\u00e8me et 11\u00e8me \u00e9tage : Baignoire et carrelage<br>Entre le 12\u00e8me et 17\u00e8me \u00e9tage : Marbre Blanc<\/em><\/p>\n<\/div>\n\n\n\n<div class=\"wp-block-column is-layout-flow wp-block-column-is-layout-flow\" style=\"flex-basis:15%\"><\/div>\n<\/div>\n\n\n\n<div style=\"height:50px\" aria-hidden=\"true\" class=\"wp-block-spacer\"><\/div>\n\n\n\n<div class=\"wp-block-columns is-layout-flex wp-container-core-columns-is-layout-28f84493 wp-block-columns-is-layout-flex\">\n<div class=\"wp-block-column is-layout-flow wp-block-column-is-layout-flow\" style=\"flex-basis:10%\"><\/div>\n\n\n\n<div class=\"wp-block-column is-layout-flow wp-block-column-is-layout-flow\">\n<figure class=\"wp-block-video\"><video autoplay loop muted src=\"https:\/\/geneva.intercontinental.com\/wp-content\/uploads\/sites\/7\/2026\/03\/InterContinental-Geneva-Room-Tour-Junior-Suite.mp4\" playsinline><\/video><\/figure>\n<\/div>\n\n\n\n<div class=\"wp-block-column is-layout-flow wp-block-column-is-layout-flow\" style=\"flex-basis:10%\"><\/div>\n<\/div>\n","protected":false},"excerpt":{"rendered":"<p>45m\u00b2 &#8211; Chambre spacieuse \u00e0 l&#8217;atmosph\u00e8re douce et lumineuse offrant une vue paisible sur les montagnes.<\/p>\n","protected":false},"author":1,"featured_media":20534,"parent":766,"menu_order":3,"comment_status":"closed","ping_status":"closed","template":"","meta":{"_acf_changed":false,"footnotes":""},"class_list":["post-769","page","type-page","status-publish","has-post-thumbnail","hentry"],"acf":[],"yoast_head":"<!-- This site is optimized with the Yoast SEO plugin v26.2 - https:\/\/yoast.com\/wordpress\/plugins\/seo\/ -->\n<title>Junior Suite - InterContinental Gen\u00e8ve<\/title>\n<meta name=\"description\" content=\"Les \u00e9l\u00e9gantes Junior Suite de 45 m\u00e8tres carr\u00e9s disposent d&#039;un mobilier fabuleux et d&#039;un canap\u00e9 confortable.\" \/>\n<meta name=\"robots\" content=\"index, follow, max-snippet:-1, max-image-preview:large, max-video-preview:-1\" \/>\n<link rel=\"canonical\" href=\"https:\/\/geneva.intercontinental.com\/fr\/chambres\/junior-suite\/\" \/>\n<meta property=\"og:locale\" content=\"fr_FR\" \/>\n<meta property=\"og:type\" content=\"article\" \/>\n<meta property=\"og:title\" content=\"Junior Suite - InterContinental Gen\u00e8ve\" \/>\n<meta property=\"og:description\" content=\"Les \u00e9l\u00e9gantes Junior Suite de 45 m\u00e8tres carr\u00e9s disposent d&#039;un mobilier fabuleux et d&#039;un canap\u00e9 confortable.\" \/>\n<meta property=\"og:url\" content=\"https:\/\/geneva.intercontinental.com\/fr\/chambres\/junior-suite\/\" \/>\n<meta property=\"og:site_name\" content=\"IHG\" \/>\n<meta property=\"article:modified_time\" content=\"2026-03-31T12:01:42+00:00\" \/>\n<meta property=\"og:image\" content=\"https:\/\/geneva.intercontinental.com\/wp-content\/uploads\/sites\/7\/2022\/11\/InterContinental-Geneve-Junior-Suite-mountain-view-min-scaled-1.jpg\" \/>\n\t<meta property=\"og:image:width\" content=\"2560\" \/>\n\t<meta property=\"og:image:height\" content=\"1375\" \/>\n\t<meta property=\"og:image:type\" content=\"image\/jpeg\" \/>\n<meta name=\"twitter:card\" content=\"summary_large_image\" \/>\n<meta name=\"twitter:label1\" content=\"Dur\u00e9e de lecture estim\u00e9e\" \/>\n\t<meta name=\"twitter:data1\" content=\"1 minute\" \/>\n<script type=\"application\/ld+json\" class=\"yoast-schema-graph\">{\"@context\":\"https:\/\/schema.org\",\"@graph\":[{\"@type\":\"WebPage\",\"@id\":\"https:\/\/geneva.intercontinental.com\/fr\/chambres\/junior-suite\/\",\"url\":\"https:\/\/geneva.intercontinental.com\/fr\/chambres\/junior-suite\/\",\"name\":\"Junior Suite - InterContinental Gen\u00e8ve\",\"isPartOf\":{\"@id\":\"https:\/\/geneva.intercontinental.com\/fr\/#website\"},\"primaryImageOfPage\":{\"@id\":\"https:\/\/geneva.intercontinental.com\/fr\/chambres\/junior-suite\/#primaryimage\"},\"image\":{\"@id\":\"https:\/\/geneva.intercontinental.com\/fr\/chambres\/junior-suite\/#primaryimage\"},\"thumbnailUrl\":\"https:\/\/geneva.intercontinental.com\/wp-content\/uploads\/sites\/7\/2022\/11\/InterContinental-Geneve-Junior-Suite-mountain-view-min-scaled-1.jpg\",\"datePublished\":\"2020-07-13T12:54:16+00:00\",\"dateModified\":\"2026-03-31T12:01:42+00:00\",\"description\":\"Les \u00e9l\u00e9gantes Junior Suite de 45 m\u00e8tres carr\u00e9s disposent d'un mobilier fabuleux et d'un canap\u00e9 confortable.\",\"breadcrumb\":{\"@id\":\"https:\/\/geneva.intercontinental.com\/fr\/chambres\/junior-suite\/#breadcrumb\"},\"inLanguage\":\"fr-FR\",\"potentialAction\":[{\"@type\":\"ReadAction\",\"target\":[\"https:\/\/geneva.intercontinental.com\/fr\/chambres\/junior-suite\/\"]}]},{\"@type\":\"ImageObject\",\"inLanguage\":\"fr-FR\",\"@id\":\"https:\/\/geneva.intercontinental.com\/fr\/chambres\/junior-suite\/#primaryimage\",\"url\":\"https:\/\/geneva.intercontinental.com\/wp-content\/uploads\/sites\/7\/2022\/11\/InterContinental-Geneve-Junior-Suite-mountain-view-min-scaled-1.jpg\",\"contentUrl\":\"https:\/\/geneva.intercontinental.com\/wp-content\/uploads\/sites\/7\/2022\/11\/InterContinental-Geneve-Junior-Suite-mountain-view-min-scaled-1.jpg\",\"width\":2560,\"height\":1375,\"caption\":\"Enjoy the ultimate luxury in our spacious junior suites with breathtaking mountain views. Relax and unwind in a stylish and comfortable setting.\"},{\"@type\":\"BreadcrumbList\",\"@id\":\"https:\/\/geneva.intercontinental.com\/fr\/chambres\/junior-suite\/#breadcrumb\",\"itemListElement\":[{\"@type\":\"ListItem\",\"position\":1,\"name\":\"Accueil\",\"item\":\"https:\/\/geneva.intercontinental.com\/fr\/\"},{\"@type\":\"ListItem\",\"position\":2,\"name\":\"Chambres\",\"item\":\"https:\/\/geneva.intercontinental.com\/fr\/chambres\/\"},{\"@type\":\"ListItem\",\"position\":3,\"name\":\"Junior Suite\"}]},{\"@type\":\"WebSite\",\"@id\":\"https:\/\/geneva.intercontinental.com\/fr\/#website\",\"url\":\"https:\/\/geneva.intercontinental.com\/fr\/\",\"name\":\"IHG\",\"description\":\"Live the InterContinental Life\",\"publisher\":{\"@id\":\"https:\/\/geneva.intercontinental.com\/fr\/#organization\"},\"alternateName\":\"InterContinental Gen\u00e8ve\",\"potentialAction\":[{\"@type\":\"SearchAction\",\"target\":{\"@type\":\"EntryPoint\",\"urlTemplate\":\"https:\/\/geneva.intercontinental.com\/fr\/?s={search_term_string}\"},\"query-input\":{\"@type\":\"PropertyValueSpecification\",\"valueRequired\":true,\"valueName\":\"search_term_string\"}}],\"inLanguage\":\"fr-FR\"},{\"@type\":\"Organization\",\"@id\":\"https:\/\/geneva.intercontinental.com\/fr\/#organization\",\"name\":\"InterContinental Gen\u00e8ve\",\"alternateName\":\"GVAHA\",\"url\":\"https:\/\/geneva.intercontinental.com\/fr\/\",\"logo\":{\"@type\":\"ImageObject\",\"inLanguage\":\"fr-FR\",\"@id\":\"https:\/\/geneva.intercontinental.com\/fr\/#\/schema\/logo\/image\/\",\"url\":\"https:\/\/geneva.intercontinental.com\/wp-content\/uploads\/sites\/7\/2024\/04\/intercontinental-geneve-logo.svg\",\"contentUrl\":\"https:\/\/geneva.intercontinental.com\/wp-content\/uploads\/sites\/7\/2024\/04\/intercontinental-geneve-logo.svg\",\"caption\":\"InterContinental Gen\u00e8ve\"},\"image\":{\"@id\":\"https:\/\/geneva.intercontinental.com\/fr\/#\/schema\/logo\/image\/\"}}]}<\/script>\n<!-- \/ Yoast SEO plugin. -->","yoast_head_json":{"title":"Junior Suite - InterContinental Gen\u00e8ve","description":"Les \u00e9l\u00e9gantes Junior Suite de 45 m\u00e8tres carr\u00e9s disposent d'un mobilier fabuleux et d'un canap\u00e9 confortable.","robots":{"index":"index","follow":"follow","max-snippet":"max-snippet:-1","max-image-preview":"max-image-preview:large","max-video-preview":"max-video-preview:-1"},"canonical":"https:\/\/geneva.intercontinental.com\/fr\/chambres\/junior-suite\/","og_locale":"fr_FR","og_type":"article","og_title":"Junior Suite - InterContinental Gen\u00e8ve","og_description":"Les \u00e9l\u00e9gantes Junior Suite de 45 m\u00e8tres carr\u00e9s disposent d'un mobilier fabuleux et d'un canap\u00e9 confortable.","og_url":"https:\/\/geneva.intercontinental.com\/fr\/chambres\/junior-suite\/","og_site_name":"IHG","article_modified_time":"2026-03-31T12:01:42+00:00","og_image":[{"width":2560,"height":1375,"url":"https:\/\/geneva.intercontinental.com\/wp-content\/uploads\/sites\/7\/2022\/11\/InterContinental-Geneve-Junior-Suite-mountain-view-min-scaled-1.jpg","type":"image\/jpeg"}],"twitter_card":"summary_large_image","twitter_misc":{"Dur\u00e9e de lecture estim\u00e9e":"1 minute"},"schema":{"@context":"https:\/\/schema.org","@graph":[{"@type":"WebPage","@id":"https:\/\/geneva.intercontinental.com\/fr\/chambres\/junior-suite\/","url":"https:\/\/geneva.intercontinental.com\/fr\/chambres\/junior-suite\/","name":"Junior Suite - InterContinental Gen\u00e8ve","isPartOf":{"@id":"https:\/\/geneva.intercontinental.com\/fr\/#website"},"primaryImageOfPage":{"@id":"https:\/\/geneva.intercontinental.com\/fr\/chambres\/junior-suite\/#primaryimage"},"image":{"@id":"https:\/\/geneva.intercontinental.com\/fr\/chambres\/junior-suite\/#primaryimage"},"thumbnailUrl":"https:\/\/geneva.intercontinental.com\/wp-content\/uploads\/sites\/7\/2022\/11\/InterContinental-Geneve-Junior-Suite-mountain-view-min-scaled-1.jpg","datePublished":"2020-07-13T12:54:16+00:00","dateModified":"2026-03-31T12:01:42+00:00","description":"Les \u00e9l\u00e9gantes Junior Suite de 45 m\u00e8tres carr\u00e9s disposent d'un mobilier fabuleux et d'un canap\u00e9 confortable.","breadcrumb":{"@id":"https:\/\/geneva.intercontinental.com\/fr\/chambres\/junior-suite\/#breadcrumb"},"inLanguage":"fr-FR","potentialAction":[{"@type":"ReadAction","target":["https:\/\/geneva.intercontinental.com\/fr\/chambres\/junior-suite\/"]}]},{"@type":"ImageObject","inLanguage":"fr-FR","@id":"https:\/\/geneva.intercontinental.com\/fr\/chambres\/junior-suite\/#primaryimage","url":"https:\/\/geneva.intercontinental.com\/wp-content\/uploads\/sites\/7\/2022\/11\/InterContinental-Geneve-Junior-Suite-mountain-view-min-scaled-1.jpg","contentUrl":"https:\/\/geneva.intercontinental.com\/wp-content\/uploads\/sites\/7\/2022\/11\/InterContinental-Geneve-Junior-Suite-mountain-view-min-scaled-1.jpg","width":2560,"height":1375,"caption":"Enjoy the ultimate luxury in our spacious junior suites with breathtaking mountain views. Relax and unwind in a stylish and comfortable setting."},{"@type":"BreadcrumbList","@id":"https:\/\/geneva.intercontinental.com\/fr\/chambres\/junior-suite\/#breadcrumb","itemListElement":[{"@type":"ListItem","position":1,"name":"Accueil","item":"https:\/\/geneva.intercontinental.com\/fr\/"},{"@type":"ListItem","position":2,"name":"Chambres","item":"https:\/\/geneva.intercontinental.com\/fr\/chambres\/"},{"@type":"ListItem","position":3,"name":"Junior Suite"}]},{"@type":"WebSite","@id":"https:\/\/geneva.intercontinental.com\/fr\/#website","url":"https:\/\/geneva.intercontinental.com\/fr\/","name":"IHG","description":"Live the InterContinental Life","publisher":{"@id":"https:\/\/geneva.intercontinental.com\/fr\/#organization"},"alternateName":"InterContinental Gen\u00e8ve","potentialAction":[{"@type":"SearchAction","target":{"@type":"EntryPoint","urlTemplate":"https:\/\/geneva.intercontinental.com\/fr\/?s={search_term_string}"},"query-input":{"@type":"PropertyValueSpecification","valueRequired":true,"valueName":"search_term_string"}}],"inLanguage":"fr-FR"},{"@type":"Organization","@id":"https:\/\/geneva.intercontinental.com\/fr\/#organization","name":"InterContinental Gen\u00e8ve","alternateName":"GVAHA","url":"https:\/\/geneva.intercontinental.com\/fr\/","logo":{"@type":"ImageObject","inLanguage":"fr-FR","@id":"https:\/\/geneva.intercontinental.com\/fr\/#\/schema\/logo\/image\/","url":"https:\/\/geneva.intercontinental.com\/wp-content\/uploads\/sites\/7\/2024\/04\/intercontinental-geneve-logo.svg","contentUrl":"https:\/\/geneva.intercontinental.com\/wp-content\/uploads\/sites\/7\/2024\/04\/intercontinental-geneve-logo.svg","caption":"InterContinental Gen\u00e8ve"},"image":{"@id":"https:\/\/geneva.intercontinental.com\/fr\/#\/schema\/logo\/image\/"}}]}},"_links":{"self":[{"href":"https:\/\/geneva.intercontinental.com\/fr\/wp-json\/wp\/v2\/pages\/769","targetHints":{"allow":["GET"]}}],"collection":[{"href":"https:\/\/geneva.intercontinental.com\/fr\/wp-json\/wp\/v2\/pages"}],"about":[{"href":"https:\/\/geneva.intercontinental.com\/fr\/wp-json\/wp\/v2\/types\/page"}],"author":[{"embeddable":true,"href":"https:\/\/geneva.intercontinental.com\/fr\/wp-json\/wp\/v2\/users\/1"}],"replies":[{"embeddable":true,"href":"https:\/\/geneva.intercontinental.com\/fr\/wp-json\/wp\/v2\/comments?post=769"}],"version-history":[{"count":6,"href":"https:\/\/geneva.intercontinental.com\/fr\/wp-json\/wp\/v2\/pages\/769\/revisions"}],"predecessor-version":[{"id":41145,"href":"https:\/\/geneva.intercontinental.com\/fr\/wp-json\/wp\/v2\/pages\/769\/revisions\/41145"}],"up":[{"embeddable":true,"href":"https:\/\/geneva.intercontinental.com\/fr\/wp-json\/wp\/v2\/pages\/766"}],"wp:featuredmedia":[{"embeddable":true,"href":"https:\/\/geneva.intercontinental.com\/fr\/wp-json\/wp\/v2\/media\/20534"}],"wp:attachment":[{"href":"https:\/\/geneva.intercontinental.com\/fr\/wp-json\/wp\/v2\/media?parent=769"}],"curies":[{"name":"wp","href":"https:\/\/api.w.org\/{rel}","templated":true}]}}