{"id":766,"date":"2020-07-13T14:51:21","date_gmt":"2020-07-13T12:51:21","guid":{"rendered":"https:\/\/geneva.intercontinental.com\/?page_id=766"},"modified":"2025-10-08T10:50:26","modified_gmt":"2025-10-08T08:50:26","slug":"chambres","status":"publish","type":"page","link":"https:\/\/geneva.intercontinental.com\/fr\/chambres\/","title":{"rendered":"Chambres"},"content":{"rendered":"\r\n\r\n\r\n\r\n\r\n  <!-- Swiper hero -->\r\n  <div id=\"slideshow-block_d5d6cdf69c6921aa69af8f1f5bbed76e\" class=\"row \">  \r\n    <div class=\"swiper d-swiper-container hero\" data-swiper={\"navigation\":{\"enabled\":false}}>\r\n      <div class=\"swiper-wrapper\">\r\n                            <div class=\"swiper-slide\">\r\n                              <span aria-hidden=\"true\" class=\"slide-e-background has-background-dim-30  has-background has-charcoal-grey-background-color\"><\/span>\r\n                                            <img decoding=\"async\" src=\"https:\/\/geneva.intercontinental.com\/wp-content\/uploads\/sites\/7\/2022\/11\/InterContinental-Geneve-Room-focus-min-scaled-1.jpg\"\r\n                sizes=\"(max-width: 2000px) 100vw, 2000px\"\r\n                srcset=\"https:\/\/geneva.intercontinental.com\/wp-content\/uploads\/sites\/7\/2022\/11\/InterContinental-Geneve-Room-focus-min-scaled-1.jpg 2560w,\r\n                        https:\/\/geneva.intercontinental.com\/wp-content\/uploads\/sites\/7\/2022\/11\/InterContinental-Geneve-Room-focus-min-scaled-1-1024x683.jpg 1024w,\r\n                        https:\/\/geneva.intercontinental.com\/wp-content\/uploads\/sites\/7\/2022\/11\/InterContinental-Geneve-Room-focus-min-scaled-1-768x512.jpg 768w\"\r\n                        alt=\"\">\r\n                                            <div class=\"slide-e-content d-none d-md-block\">\r\n                                       \r\n                    <h1 class=\"title\">Chambres<\/h1>\r\n                                                                                          <\/div>\r\n                          <\/div>\r\n                            <\/div>\r\n            <\/div>\r\n  <\/div>\r\n  <!-- End Swiper hero -->\r\n\r\n \n\n\n<div style=\"height:50px\" aria-hidden=\"true\" class=\"wp-block-spacer\"><\/div>\n\n\n\n<div class=\"wp-block-columns pattern-2-col-text-and-slider slider-left is-layout-flex wp-container-core-columns-is-layout-28f84493 wp-block-columns-is-layout-flex\">\n<div class=\"wp-block-column is-vertically-aligned-center is-layout-flow wp-block-column-is-layout-flow\" style=\"padding-right:var(--wp--preset--spacing--30);padding-left:var(--wp--preset--spacing--30);flex-basis:60%\">\r\n\r\n  \r\n  <div id=\"slideshow-block_1c20ee466271628c7be32959ac86c687\" class=\"row\" data-aos=\"fade-in\">\r\n      <!-- Swiper -->\r\n      <div class=\"swiper d-swiper-container full\" style=\"\" data-swiper={\"navigation\":{\"enabled\":false}}>\r\n        <div class=\"swiper-wrapper\">\r\n                                      <div class=\"swiper-slide\">\r\n                                    <img decoding=\"async\" src=\"https:\/\/geneva.intercontinental.com\/wp-content\/uploads\/sites\/7\/2024\/04\/InterContinental-Geneve-Junior-Suite-Lake-view-Focus-scaled.jpg\"\r\n                  sizes=\"(max-width: 2000px) 100vw, 2000px\"\r\n                  srcset=\"https:\/\/geneva.intercontinental.com\/wp-content\/uploads\/sites\/7\/2024\/04\/InterContinental-Geneve-Junior-Suite-Lake-view-Focus-scaled.jpg 2560w,\r\n                          https:\/\/geneva.intercontinental.com\/wp-content\/uploads\/sites\/7\/2024\/04\/InterContinental-Geneve-Junior-Suite-Lake-view-Focus-1024x664.jpg 1024w,\r\n                          https:\/\/geneva.intercontinental.com\/wp-content\/uploads\/sites\/7\/2024\/04\/InterContinental-Geneve-Junior-Suite-Lake-view-Focus-768x498.jpg 768w\"\r\n                          alt=\"Junior Suite Vue Lac \u2013 InterContinental Gen\u00e8ve, vue panoramique sur le lac L\u00e9man et le Mont-Blanc\">\r\n                <\/div>\r\n                              <\/div>\r\n          <div class=\"swiper-pagination\">\r\n          <\/div>\r\n          <div class=\"swiper-button swiper-button-prev\">\r\n            <span class=\"arrowl\"><\/span>\r\n          <\/div>\r\n          <div class=\"swiper-button swiper-button-next\">\r\n            <span class=\"arrowr\"><\/span>\r\n          <\/div>\r\n      <\/div>\r\n      <!-- End Swiper -->\r\n  <\/div>\r\n  \r\n\r\n <\/div>\n\n\n\n<div class=\"wp-block-column is-vertically-aligned-bottom text-column is-layout-flow wp-block-column-is-layout-flow\" style=\"padding-top:var(--wp--preset--spacing--70);padding-right:var(--wp--preset--spacing--60);padding-bottom:var(--wp--preset--spacing--70);padding-left:var(--wp--preset--spacing--60);flex-basis:35%\">\n<h3 class=\"wp-block-heading\">Chambres &amp; Suites<\/h3>\n\n\n\n<p>Nos 333 chambres et suites offrent confort et tranquillit\u00e9 dans un cadre moderne. Pens\u00e9es avec soin par le c\u00e9l\u00e8bre designer Tony Chi, nos chambres et suites disposent toutes d\u2019une lumi\u00e8re naturelle abondante, de tonalit\u00e9s harmonieuses et d\u2019une \u00e9l\u00e9gance contemporaine. Beaucoup de nos luxueuses chambres et suites donnent sur le lac L\u00e9man, les Alpes et la ville. En s\u00e9journant dans notre h\u00f4tel, vous aurez la chance de b\u00e9n\u00e9ficier d&#8217;une carte de transport gratuite lors de votre s\u00e9jour \u00e0 Gen\u00e8ve.<\/p>\n\n\n\n<p>La dimension de nos lits doubles est de 200x180m.<br>La dimension de nos lits simples est de 200x90m.<\/p>\n\n\n\n<p>Plusieurs cat\u00e9gories de chambres s\u2019offrent \u00e0 vous :<\/p>\n\n\n\n<ul class=\"wp-block-list\">\n<li>Chambre Classique<\/li>\n\n\n\n<li>Chambre Premium&nbsp;<\/li>\n\n\n\n<li>Chambre Premium Vue Lac<\/li>\n\n\n\n<li>Junior Suite&nbsp;<\/li>\n\n\n\n<li>Junior Suite Vue Lac<\/li>\n<\/ul>\n\n\n\n<div class=\"wp-block-buttons is-layout-flex wp-block-buttons-is-layout-flex\">\n<div class=\"wp-block-button is-style-outline is-style-outline--1\"><a class=\"wp-block-button__link wp-element-button\" href=\"https:\/\/geneva.intercontinental.com\/fr\/reservation\/\" target=\"_blank\" rel=\"noreferrer noopener\">R\u00e9server<\/a><\/div>\n<\/div>\n<\/div>\n\n\n\n<div class=\"wp-block-column is-layout-flow wp-block-column-is-layout-flow\" style=\"flex-basis:5%\"><\/div>\n<\/div>\n\n\n\n<div class=\"wp-block-group pattern-2-col-img-and-text is-nowrap is-layout-flex wp-container-core-group-is-layout-f66f9956 wp-block-group-is-layout-flex\">\n<div class=\"wp-block-group is-layout-constrained wp-block-group-is-layout-constrained\">\n<figure class=\"wp-block-image size-large\"><img decoding=\"async\" width=\"1024\" height=\"683\" src=\"https:\/\/geneva.intercontinental.com\/wp-content\/uploads\/sites\/7\/2022\/11\/InterContinental-Geneve-Room-focus-min-scaled-1-1024x683.jpg\" alt=\"Chambre Classique \u2013 InterContinental Gen\u00e8ve, \u00e9l\u00e9gance contemporaine et confort lumineux\" class=\"wp-image-14404\" style=\"object-fit:cover\" srcset=\"https:\/\/geneva.intercontinental.com\/wp-content\/uploads\/sites\/7\/2022\/11\/InterContinental-Geneve-Room-focus-min-scaled-1-1024x683.jpg 1024w, https:\/\/geneva.intercontinental.com\/wp-content\/uploads\/sites\/7\/2022\/11\/InterContinental-Geneve-Room-focus-min-scaled-1-300x200.jpg 300w, https:\/\/geneva.intercontinental.com\/wp-content\/uploads\/sites\/7\/2022\/11\/InterContinental-Geneve-Room-focus-min-scaled-1-768x512.jpg 768w, https:\/\/geneva.intercontinental.com\/wp-content\/uploads\/sites\/7\/2022\/11\/InterContinental-Geneve-Room-focus-min-scaled-1-1536x1024.jpg 1536w, https:\/\/geneva.intercontinental.com\/wp-content\/uploads\/sites\/7\/2022\/11\/InterContinental-Geneve-Room-focus-min-scaled-1-2048x1366.jpg 2048w, https:\/\/geneva.intercontinental.com\/wp-content\/uploads\/sites\/7\/2022\/11\/InterContinental-Geneve-Room-focus-min-scaled-1-1200x800.jpg 1200w\" sizes=\"(max-width: 1024px) 100vw, 1024px\" \/><\/figure>\n\n\n\n<div class=\"wp-block-group is-nowrap is-layout-flex wp-container-core-group-is-layout-2a556b77 wp-block-group-is-layout-flex\" style=\"padding-top:2rem;padding-right:0;padding-bottom:2rem\">\n<h4 class=\"wp-block-heading\"><\/h4>\n\n\n\n<div class=\"wp-block-group is-vertical is-content-justification-left is-layout-flex wp-container-core-group-is-layout-dd225191 wp-block-group-is-layout-flex\">\n<h2 class=\"wp-block-heading\">Chambre Classique<\/h2>\n\n\n\n<p>25 m\u00b2 &#8211; Nos chambres classiques allient raffinement et confort. Vue ville ou montagne.<\/p>\n\n\n\n<div class=\"wp-block-buttons is-layout-flex wp-block-buttons-is-layout-flex\">\n<div class=\"wp-block-button is-style-outline is-style-outline--2\"><a class=\"wp-block-button__link wp-element-button\" href=\"https:\/\/geneva.intercontinental.com\/fr\/chambres\/chambre-classic\/\">D\u00e9couvrir<\/a><\/div>\n<\/div>\n<\/div>\n<\/div>\n<\/div>\n\n\n\n<div class=\"wp-block-group is-layout-constrained wp-block-group-is-layout-constrained\">\n<figure class=\"wp-block-image size-large\"><img decoding=\"async\" width=\"1024\" height=\"622\" src=\"https:\/\/geneva.intercontinental.com\/wp-content\/uploads\/sites\/7\/2022\/09\/InterContinental-Geneva-Premium-Room-mountain-view-scaled-1-1024x622.jpg\" alt=\"Chambre Premium \u2013 InterContinental Gen\u00e8ve, \u00e9l\u00e9gance contemporaine et confort lumineux\" class=\"wp-image-13658\" style=\"object-fit:cover\" srcset=\"https:\/\/geneva.intercontinental.com\/wp-content\/uploads\/sites\/7\/2022\/09\/InterContinental-Geneva-Premium-Room-mountain-view-scaled-1-1024x622.jpg 1024w, https:\/\/geneva.intercontinental.com\/wp-content\/uploads\/sites\/7\/2022\/09\/InterContinental-Geneva-Premium-Room-mountain-view-scaled-1-300x182.jpg 300w, https:\/\/geneva.intercontinental.com\/wp-content\/uploads\/sites\/7\/2022\/09\/InterContinental-Geneva-Premium-Room-mountain-view-scaled-1-768x466.jpg 768w, https:\/\/geneva.intercontinental.com\/wp-content\/uploads\/sites\/7\/2022\/09\/InterContinental-Geneva-Premium-Room-mountain-view-scaled-1-1536x932.jpg 1536w, https:\/\/geneva.intercontinental.com\/wp-content\/uploads\/sites\/7\/2022\/09\/InterContinental-Geneva-Premium-Room-mountain-view-scaled-1-2048x1243.jpg 2048w, https:\/\/geneva.intercontinental.com\/wp-content\/uploads\/sites\/7\/2022\/09\/InterContinental-Geneva-Premium-Room-mountain-view-scaled-1-1200x728.jpg 1200w\" sizes=\"(max-width: 1024px) 100vw, 1024px\" \/><\/figure>\n\n\n\n<div class=\"wp-block-group is-nowrap is-layout-flex wp-container-core-group-is-layout-2a556b77 wp-block-group-is-layout-flex\" style=\"padding-top:2rem;padding-right:0;padding-bottom:2rem\">\n<h4 class=\"wp-block-heading\"><\/h4>\n\n\n\n<div class=\"wp-block-group is-vertical is-content-justification-left is-layout-flex wp-container-core-group-is-layout-dd225191 wp-block-group-is-layout-flex\">\n<h2 class=\"wp-block-heading\">Chambre Premium<\/h2>\n\n\n\n<p>32m\u00b2 &#8211; Chambre \u00e9l\u00e9gante offrant un espace g\u00e9n\u00e9reux. Vue ville ou montagne.<\/p>\n\n\n\n<div class=\"wp-block-buttons is-layout-flex wp-block-buttons-is-layout-flex\">\n<div class=\"wp-block-button is-style-outline is-style-outline--3\"><a class=\"wp-block-button__link wp-element-button\" href=\"https:\/\/geneva.intercontinental.com\/fr\/chambres\/chambre-premium\/\">D\u00e9couvrir<\/a><\/div>\n<\/div>\n<\/div>\n<\/div>\n<\/div>\n<\/div>\n\n\n\n<div class=\"wp-block-group pattern-2-col-img-and-text is-nowrap is-layout-flex wp-container-core-group-is-layout-f66f9956 wp-block-group-is-layout-flex\">\n<div class=\"wp-block-group is-layout-constrained wp-block-group-is-layout-constrained\">\n<figure class=\"wp-block-image size-large\"><img decoding=\"async\" width=\"1024\" height=\"607\" src=\"https:\/\/geneva.intercontinental.com\/wp-content\/uploads\/sites\/7\/2022\/09\/InterContinental-Geneva-Premium-Room-Lake-view-min-scaled-1-1024x607.jpg\" alt=\"Chambre Premium Vue Lac \u2013 InterContinental Gen\u00e8ve, atmosph\u00e8re raffin\u00e9e et vue sur le lac L\u00e9man\" class=\"wp-image-13673\" style=\"object-fit:cover\" srcset=\"https:\/\/geneva.intercontinental.com\/wp-content\/uploads\/sites\/7\/2022\/09\/InterContinental-Geneva-Premium-Room-Lake-view-min-scaled-1-1024x607.jpg 1024w, https:\/\/geneva.intercontinental.com\/wp-content\/uploads\/sites\/7\/2022\/09\/InterContinental-Geneva-Premium-Room-Lake-view-min-scaled-1-300x178.jpg 300w, https:\/\/geneva.intercontinental.com\/wp-content\/uploads\/sites\/7\/2022\/09\/InterContinental-Geneva-Premium-Room-Lake-view-min-scaled-1-768x455.jpg 768w, https:\/\/geneva.intercontinental.com\/wp-content\/uploads\/sites\/7\/2022\/09\/InterContinental-Geneva-Premium-Room-Lake-view-min-scaled-1-1536x911.jpg 1536w, https:\/\/geneva.intercontinental.com\/wp-content\/uploads\/sites\/7\/2022\/09\/InterContinental-Geneva-Premium-Room-Lake-view-min-scaled-1-2048x1214.jpg 2048w, https:\/\/geneva.intercontinental.com\/wp-content\/uploads\/sites\/7\/2022\/09\/InterContinental-Geneva-Premium-Room-Lake-view-min-scaled-1-1200x712.jpg 1200w\" sizes=\"(max-width: 1024px) 100vw, 1024px\" \/><\/figure>\n\n\n\n<div class=\"wp-block-group is-nowrap is-layout-flex wp-container-core-group-is-layout-2a556b77 wp-block-group-is-layout-flex\" style=\"padding-top:2rem;padding-right:0;padding-bottom:2rem\">\n<h4 class=\"wp-block-heading\"><\/h4>\n\n\n\n<div class=\"wp-block-group is-vertical is-content-justification-left is-layout-flex wp-container-core-group-is-layout-dd225191 wp-block-group-is-layout-flex\">\n<h2 class=\"wp-block-heading\">Chambre Premium Vue Lac<\/h2>\n\n\n\n<p>25m\u00b2 &#8211; Chambre accueillant nos voyageurs dans un raffinement au luxe discret avec une superbe vue sur le Lac L\u00e9man et le Mont Blanc.<\/p>\n\n\n\n<div class=\"wp-block-buttons is-layout-flex wp-block-buttons-is-layout-flex\">\n<div class=\"wp-block-button is-style-outline is-style-outline--4\"><a class=\"wp-block-button__link wp-element-button\" href=\"https:\/\/geneva.intercontinental.com\/fr\/chambres\/chambre-premium-vue-lac\/\">D\u00e9couvrir<\/a><\/div>\n<\/div>\n<\/div>\n<\/div>\n<\/div>\n\n\n\n<div class=\"wp-block-group is-layout-constrained wp-block-group-is-layout-constrained\">\n<figure class=\"wp-block-image size-large\"><img decoding=\"async\" width=\"1024\" height=\"550\" src=\"https:\/\/geneva.intercontinental.com\/wp-content\/uploads\/sites\/7\/2022\/11\/InterContinental-Geneve-Junior-Suite-mountain-view-min-scaled-1-1024x550.jpg\" alt=\"Junior Suite \u2013 InterContinental Gen\u00e8ve, suite spacieuse avec lumi\u00e8re naturelle et vue montagne\" class=\"wp-image-14289\" style=\"aspect-ratio:2.1321961620469083;object-fit:cover\" srcset=\"https:\/\/geneva.intercontinental.com\/wp-content\/uploads\/sites\/7\/2022\/11\/InterContinental-Geneve-Junior-Suite-mountain-view-min-scaled-1-1024x550.jpg 1024w, https:\/\/geneva.intercontinental.com\/wp-content\/uploads\/sites\/7\/2022\/11\/InterContinental-Geneve-Junior-Suite-mountain-view-min-scaled-1-300x161.jpg 300w, https:\/\/geneva.intercontinental.com\/wp-content\/uploads\/sites\/7\/2022\/11\/InterContinental-Geneve-Junior-Suite-mountain-view-min-scaled-1-768x413.jpg 768w, https:\/\/geneva.intercontinental.com\/wp-content\/uploads\/sites\/7\/2022\/11\/InterContinental-Geneve-Junior-Suite-mountain-view-min-scaled-1-1536x825.jpg 1536w, https:\/\/geneva.intercontinental.com\/wp-content\/uploads\/sites\/7\/2022\/11\/InterContinental-Geneve-Junior-Suite-mountain-view-min-scaled-1-2048x1100.jpg 2048w, https:\/\/geneva.intercontinental.com\/wp-content\/uploads\/sites\/7\/2022\/11\/InterContinental-Geneve-Junior-Suite-mountain-view-min-scaled-1-1200x645.jpg 1200w\" sizes=\"(max-width: 1024px) 100vw, 1024px\" \/><\/figure>\n\n\n\n<div class=\"wp-block-group is-nowrap is-layout-flex wp-container-core-group-is-layout-2a556b77 wp-block-group-is-layout-flex\" style=\"padding-top:2rem;padding-right:0;padding-bottom:2rem\">\n<h4 class=\"wp-block-heading\"><\/h4>\n\n\n\n<div class=\"wp-block-group is-vertical is-content-justification-left is-layout-flex wp-container-core-group-is-layout-dd225191 wp-block-group-is-layout-flex\">\n<h2 class=\"wp-block-heading\">Junior Suite<\/h2>\n\n\n\n<p>45m\u00b2 &#8211; Chambre spacieuse \u00e0 l&#8217;atmosph\u00e8re douce et lumineuse offrant une vue paisible sur les montagnes.<\/p>\n\n\n\n<div class=\"wp-block-buttons is-layout-flex wp-block-buttons-is-layout-flex\">\n<div class=\"wp-block-button is-style-outline is-style-outline--5\"><a class=\"wp-block-button__link wp-element-button\" href=\"https:\/\/geneva.intercontinental.com\/fr\/chambres\/junior-suite\/\">D\u00e9couvrir<\/a><\/div>\n<\/div>\n<\/div>\n<\/div>\n<\/div>\n<\/div>\n\n\n\n<div class=\"wp-block-group pattern-2-col-img-and-text is-content-justification-left is-nowrap is-layout-flex wp-container-core-group-is-layout-ed87f293 wp-block-group-is-layout-flex\">\n<div class=\"wp-block-group is-layout-constrained wp-block-group-is-layout-constrained\">\n<figure class=\"wp-block-image size-large\"><img decoding=\"async\" width=\"1024\" height=\"550\" src=\"https:\/\/geneva.intercontinental.com\/wp-content\/uploads\/sites\/7\/2022\/09\/InterContinental-Geneva-Junior-Suite-Lake-view-scaled-1-1024x550.jpg\" alt=\"Junior Suite Vue Lac \u2013 InterContinental Gen\u00e8ve, espace d\u2019exception avec vue \u00e0 360\u00b0 sur Gen\u00e8ve et les Alpes\" class=\"wp-image-13707\" style=\"object-fit:cover\" srcset=\"https:\/\/geneva.intercontinental.com\/wp-content\/uploads\/sites\/7\/2022\/09\/InterContinental-Geneva-Junior-Suite-Lake-view-scaled-1-1024x550.jpg 1024w, https:\/\/geneva.intercontinental.com\/wp-content\/uploads\/sites\/7\/2022\/09\/InterContinental-Geneva-Junior-Suite-Lake-view-scaled-1-300x161.jpg 300w, https:\/\/geneva.intercontinental.com\/wp-content\/uploads\/sites\/7\/2022\/09\/InterContinental-Geneva-Junior-Suite-Lake-view-scaled-1-768x413.jpg 768w, https:\/\/geneva.intercontinental.com\/wp-content\/uploads\/sites\/7\/2022\/09\/InterContinental-Geneva-Junior-Suite-Lake-view-scaled-1-1536x825.jpg 1536w, https:\/\/geneva.intercontinental.com\/wp-content\/uploads\/sites\/7\/2022\/09\/InterContinental-Geneva-Junior-Suite-Lake-view-scaled-1-2048x1100.jpg 2048w, https:\/\/geneva.intercontinental.com\/wp-content\/uploads\/sites\/7\/2022\/09\/InterContinental-Geneva-Junior-Suite-Lake-view-scaled-1-1200x645.jpg 1200w\" sizes=\"(max-width: 1024px) 100vw, 1024px\" \/><\/figure>\n\n\n\n<div class=\"wp-block-group is-nowrap is-layout-flex wp-container-core-group-is-layout-2a556b77 wp-block-group-is-layout-flex\" style=\"padding-top:2rem;padding-right:0;padding-bottom:2rem\">\n<h4 class=\"wp-block-heading\"><\/h4>\n\n\n\n<div class=\"wp-block-group is-vertical is-content-justification-left is-layout-flex wp-container-core-group-is-layout-dd225191 wp-block-group-is-layout-flex\">\n<h2 class=\"wp-block-heading\">Junior Suite Vue Lac<\/h2>\n\n\n\n<p>45m\u00b2 &#8211; Chambre aux dimensions g\u00e9n\u00e9reuses offrant une vue 360 spectaculaire sur le Lac L\u00e9man, le Mont Blanc et les Alpes.<\/p>\n\n\n\n<div class=\"wp-block-buttons is-layout-flex wp-block-buttons-is-layout-flex\">\n<div class=\"wp-block-button is-style-outline is-style-outline--6\"><a class=\"wp-block-button__link wp-element-button\" href=\"https:\/\/geneva.intercontinental.com\/fr\/chambres\/junior-suite-vue-lac\/\">D\u00e9couvrir<\/a><\/div>\n<\/div>\n<\/div>\n<\/div>\n<\/div>\n<\/div>\n\n\n\n<div class=\"wp-block-group title is-layout-constrained wp-block-group-is-layout-constrained\">\n<h3 class=\"wp-block-heading has-text-align-center\">D\u00e9couvrir nos suites<\/h3>\n<\/div>\n\n\n\n<div class=\"wp-block-group pattern-2-row-img-text is-vertical is-layout-flex wp-container-core-group-is-layout-fe9cc265 wp-block-group-is-layout-flex\">\n<figure class=\"wp-block-image size-full\"><img decoding=\"async\" width=\"1024\" height=\"683\" src=\"https:\/\/geneva.intercontinental.com\/wp-content\/uploads\/sites\/7\/2023\/08\/intercontinental-geneve-presidentielle-suite-8-sd.jpg\" alt=\"Suites de luxe \u2013 InterContinental Gen\u00e8ve, design Tony Chi et panorama sur le lac et les montagnes\" class=\"wp-image-19416\" srcset=\"https:\/\/geneva.intercontinental.com\/wp-content\/uploads\/sites\/7\/2023\/08\/intercontinental-geneve-presidentielle-suite-8-sd.jpg 1024w, https:\/\/geneva.intercontinental.com\/wp-content\/uploads\/sites\/7\/2023\/08\/intercontinental-geneve-presidentielle-suite-8-sd-300x200.jpg 300w, https:\/\/geneva.intercontinental.com\/wp-content\/uploads\/sites\/7\/2023\/08\/intercontinental-geneve-presidentielle-suite-8-sd-768x512.jpg 768w\" sizes=\"(max-width: 1024px) 100vw, 1024px\" \/><\/figure>\n\n\n\n<div class=\"wp-block-group is-content-justification-center is-nowrap is-layout-flex wp-container-core-group-is-layout-24d487f0 wp-block-group-is-layout-flex\" style=\"padding-top:2rem;padding-right:30%;padding-bottom:2rem;padding-left:20%\">\n<h4 class=\"wp-block-heading has-text-align-right\"><\/h4>\n\n\n\n<div class=\"wp-block-group is-vertical is-content-justification-left is-layout-flex wp-container-core-group-is-layout-6f8c8f6b wp-block-group-is-layout-flex\" style=\"padding-top:0;padding-right:0;padding-bottom:0;padding-left:0\">\n<h2 class=\"wp-block-heading\">Nos 56 suites de luxe<\/h2>\n\n\n\n<p>Nos 56 suites sont l\u2019expression de la v\u00e9ritable et profonde compr\u00e9hension d\u2019InterContinental en mati\u00e8re de luxe et de design. Offrant une vue majestueuse sur le lac et la montagne, les suites allient la gr\u00e2ce intemporelle de la nature au style contemporain du designer Tony Chi. Chacune de nos suites allie un confort spacieux, un mobilier \u00e9l\u00e9gant et un am\u00e9nagement astucieux pour fournir un somptueux havre intime.<\/p>\n\n\n\n<div class=\"wp-block-buttons is-layout-flex wp-block-buttons-is-layout-flex\">\n<div class=\"wp-block-button is-style-outline is-style-outline--7\"><a class=\"wp-block-button__link wp-element-button\" href=\"https:\/\/geneva.intercontinental.com\/fr\/suites\/\" target=\"_blank\" rel=\"noreferrer noopener\">D\u00e9couvrir<\/a><\/div>\n<\/div>\n<\/div>\n<\/div>\n<\/div>\n","protected":false},"excerpt":{"rendered":"<p>Chambres &amp; Suites Nos 333 chambres et suites offrent confort et tranquillit\u00e9 dans un cadre moderne. Pens\u00e9es avec soin par le c\u00e9l\u00e8bre designer Tony Chi, nos chambres et suites disposent toutes d\u2019une lumi\u00e8re naturelle abondante, de tonalit\u00e9s harmonieuses et d\u2019une [&hellip;]<\/p>\n","protected":false},"author":1,"featured_media":25257,"parent":0,"menu_order":0,"comment_status":"closed","ping_status":"closed","template":"","meta":{"_acf_changed":false,"footnotes":""},"class_list":["post-766","page","type-page","status-publish","has-post-thumbnail","hentry"],"acf":[],"yoast_head":"<!-- This site is optimized with the Yoast SEO plugin v26.2 - https:\/\/yoast.com\/wordpress\/plugins\/seo\/ -->\n<title>Chambres - InterContinental Gen\u00e8ve - S\u00e9jour de luxe \u00e0 Gen\u00e8ve<\/title>\n<meta name=\"description\" content=\"S\u00e9journez \u00e0 l&#039;InterContinental Gen\u00e8ve en chambres de luxe qui offrent confort et tranquillit\u00e9, avec vue sur le Lac L\u00e9man.\" \/>\n<meta name=\"robots\" content=\"index, follow, max-snippet:-1, max-image-preview:large, max-video-preview:-1\" \/>\n<link rel=\"canonical\" href=\"https:\/\/geneva.intercontinental.com\/fr\/chambres\/\" \/>\n<meta property=\"og:locale\" content=\"fr_FR\" \/>\n<meta property=\"og:type\" content=\"article\" \/>\n<meta property=\"og:title\" content=\"Chambres - InterContinental Gen\u00e8ve - S\u00e9jour de luxe \u00e0 Gen\u00e8ve\" \/>\n<meta property=\"og:description\" content=\"S\u00e9journez \u00e0 l&#039;InterContinental Gen\u00e8ve en chambres de luxe qui offrent confort et tranquillit\u00e9, avec vue sur le Lac L\u00e9man.\" \/>\n<meta property=\"og:url\" content=\"https:\/\/geneva.intercontinental.com\/fr\/chambres\/\" \/>\n<meta property=\"og:site_name\" content=\"IHG\" \/>\n<meta property=\"article:modified_time\" content=\"2025-10-08T08:50:26+00:00\" \/>\n<meta property=\"og:image\" content=\"https:\/\/geneva.intercontinental.com\/wp-content\/uploads\/sites\/7\/2022\/11\/InterContinental-Geneve-Premium-Room-Lake-view.jpg\" \/>\n\t<meta property=\"og:image:width\" content=\"1500\" \/>\n\t<meta property=\"og:image:height\" content=\"889\" \/>\n\t<meta property=\"og:image:type\" content=\"image\/jpeg\" \/>\n<meta name=\"twitter:card\" content=\"summary_large_image\" \/>\n<meta name=\"twitter:label1\" content=\"Dur\u00e9e de lecture estim\u00e9e\" \/>\n\t<meta name=\"twitter:data1\" content=\"3 minutes\" \/>\n<script type=\"application\/ld+json\" class=\"yoast-schema-graph\">{\"@context\":\"https:\/\/schema.org\",\"@graph\":[{\"@type\":\"WebPage\",\"@id\":\"https:\/\/geneva.intercontinental.com\/fr\/chambres\/\",\"url\":\"https:\/\/geneva.intercontinental.com\/fr\/chambres\/\",\"name\":\"Chambres - InterContinental Gen\u00e8ve - S\u00e9jour de luxe \u00e0 Gen\u00e8ve\",\"isPartOf\":{\"@id\":\"https:\/\/geneva.intercontinental.com\/fr\/#website\"},\"primaryImageOfPage\":{\"@id\":\"https:\/\/geneva.intercontinental.com\/fr\/chambres\/#primaryimage\"},\"image\":{\"@id\":\"https:\/\/geneva.intercontinental.com\/fr\/chambres\/#primaryimage\"},\"thumbnailUrl\":\"https:\/\/geneva.intercontinental.com\/wp-content\/uploads\/sites\/7\/2022\/11\/InterContinental-Geneve-Premium-Room-Lake-view.jpg\",\"datePublished\":\"2020-07-13T12:51:21+00:00\",\"dateModified\":\"2025-10-08T08:50:26+00:00\",\"description\":\"S\u00e9journez \u00e0 l'InterContinental Gen\u00e8ve en chambres de luxe qui offrent confort et tranquillit\u00e9, avec vue sur le Lac L\u00e9man.\",\"breadcrumb\":{\"@id\":\"https:\/\/geneva.intercontinental.com\/fr\/chambres\/#breadcrumb\"},\"inLanguage\":\"fr-FR\",\"potentialAction\":[{\"@type\":\"ReadAction\",\"target\":[\"https:\/\/geneva.intercontinental.com\/fr\/chambres\/\"]}]},{\"@type\":\"ImageObject\",\"inLanguage\":\"fr-FR\",\"@id\":\"https:\/\/geneva.intercontinental.com\/fr\/chambres\/#primaryimage\",\"url\":\"https:\/\/geneva.intercontinental.com\/wp-content\/uploads\/sites\/7\/2022\/11\/InterContinental-Geneve-Premium-Room-Lake-view.jpg\",\"contentUrl\":\"https:\/\/geneva.intercontinental.com\/wp-content\/uploads\/sites\/7\/2022\/11\/InterContinental-Geneve-Premium-Room-Lake-view.jpg\",\"width\":1500,\"height\":889,\"caption\":\"Discover luxury with panoramic lake views.\"},{\"@type\":\"BreadcrumbList\",\"@id\":\"https:\/\/geneva.intercontinental.com\/fr\/chambres\/#breadcrumb\",\"itemListElement\":[{\"@type\":\"ListItem\",\"position\":1,\"name\":\"Accueil\",\"item\":\"https:\/\/geneva.intercontinental.com\/fr\/\"},{\"@type\":\"ListItem\",\"position\":2,\"name\":\"Chambres\"}]},{\"@type\":\"WebSite\",\"@id\":\"https:\/\/geneva.intercontinental.com\/fr\/#website\",\"url\":\"https:\/\/geneva.intercontinental.com\/fr\/\",\"name\":\"IHG\",\"description\":\"Live the InterContinental Life\",\"publisher\":{\"@id\":\"https:\/\/geneva.intercontinental.com\/fr\/#organization\"},\"alternateName\":\"InterContinental Gen\u00e8ve\",\"potentialAction\":[{\"@type\":\"SearchAction\",\"target\":{\"@type\":\"EntryPoint\",\"urlTemplate\":\"https:\/\/geneva.intercontinental.com\/fr\/?s={search_term_string}\"},\"query-input\":{\"@type\":\"PropertyValueSpecification\",\"valueRequired\":true,\"valueName\":\"search_term_string\"}}],\"inLanguage\":\"fr-FR\"},{\"@type\":\"Organization\",\"@id\":\"https:\/\/geneva.intercontinental.com\/fr\/#organization\",\"name\":\"InterContinental Gen\u00e8ve\",\"alternateName\":\"GVAHA\",\"url\":\"https:\/\/geneva.intercontinental.com\/fr\/\",\"logo\":{\"@type\":\"ImageObject\",\"inLanguage\":\"fr-FR\",\"@id\":\"https:\/\/geneva.intercontinental.com\/fr\/#\/schema\/logo\/image\/\",\"url\":\"https:\/\/geneva.intercontinental.com\/wp-content\/uploads\/sites\/7\/2024\/04\/intercontinental-geneve-logo.svg\",\"contentUrl\":\"https:\/\/geneva.intercontinental.com\/wp-content\/uploads\/sites\/7\/2024\/04\/intercontinental-geneve-logo.svg\",\"caption\":\"InterContinental Gen\u00e8ve\"},\"image\":{\"@id\":\"https:\/\/geneva.intercontinental.com\/fr\/#\/schema\/logo\/image\/\"}}]}<\/script>\n<!-- \/ Yoast SEO plugin. -->","yoast_head_json":{"title":"Chambres - InterContinental Gen\u00e8ve - S\u00e9jour de luxe \u00e0 Gen\u00e8ve","description":"S\u00e9journez \u00e0 l'InterContinental Gen\u00e8ve en chambres de luxe qui offrent confort et tranquillit\u00e9, avec vue sur le Lac L\u00e9man.","robots":{"index":"index","follow":"follow","max-snippet":"max-snippet:-1","max-image-preview":"max-image-preview:large","max-video-preview":"max-video-preview:-1"},"canonical":"https:\/\/geneva.intercontinental.com\/fr\/chambres\/","og_locale":"fr_FR","og_type":"article","og_title":"Chambres - InterContinental Gen\u00e8ve - S\u00e9jour de luxe \u00e0 Gen\u00e8ve","og_description":"S\u00e9journez \u00e0 l'InterContinental Gen\u00e8ve en chambres de luxe qui offrent confort et tranquillit\u00e9, avec vue sur le Lac L\u00e9man.","og_url":"https:\/\/geneva.intercontinental.com\/fr\/chambres\/","og_site_name":"IHG","article_modified_time":"2025-10-08T08:50:26+00:00","og_image":[{"width":1500,"height":889,"url":"https:\/\/geneva.intercontinental.com\/wp-content\/uploads\/sites\/7\/2022\/11\/InterContinental-Geneve-Premium-Room-Lake-view.jpg","type":"image\/jpeg"}],"twitter_card":"summary_large_image","twitter_misc":{"Dur\u00e9e de lecture estim\u00e9e":"3 minutes"},"schema":{"@context":"https:\/\/schema.org","@graph":[{"@type":"WebPage","@id":"https:\/\/geneva.intercontinental.com\/fr\/chambres\/","url":"https:\/\/geneva.intercontinental.com\/fr\/chambres\/","name":"Chambres - InterContinental Gen\u00e8ve - S\u00e9jour de luxe \u00e0 Gen\u00e8ve","isPartOf":{"@id":"https:\/\/geneva.intercontinental.com\/fr\/#website"},"primaryImageOfPage":{"@id":"https:\/\/geneva.intercontinental.com\/fr\/chambres\/#primaryimage"},"image":{"@id":"https:\/\/geneva.intercontinental.com\/fr\/chambres\/#primaryimage"},"thumbnailUrl":"https:\/\/geneva.intercontinental.com\/wp-content\/uploads\/sites\/7\/2022\/11\/InterContinental-Geneve-Premium-Room-Lake-view.jpg","datePublished":"2020-07-13T12:51:21+00:00","dateModified":"2025-10-08T08:50:26+00:00","description":"S\u00e9journez \u00e0 l'InterContinental Gen\u00e8ve en chambres de luxe qui offrent confort et tranquillit\u00e9, avec vue sur le Lac L\u00e9man.","breadcrumb":{"@id":"https:\/\/geneva.intercontinental.com\/fr\/chambres\/#breadcrumb"},"inLanguage":"fr-FR","potentialAction":[{"@type":"ReadAction","target":["https:\/\/geneva.intercontinental.com\/fr\/chambres\/"]}]},{"@type":"ImageObject","inLanguage":"fr-FR","@id":"https:\/\/geneva.intercontinental.com\/fr\/chambres\/#primaryimage","url":"https:\/\/geneva.intercontinental.com\/wp-content\/uploads\/sites\/7\/2022\/11\/InterContinental-Geneve-Premium-Room-Lake-view.jpg","contentUrl":"https:\/\/geneva.intercontinental.com\/wp-content\/uploads\/sites\/7\/2022\/11\/InterContinental-Geneve-Premium-Room-Lake-view.jpg","width":1500,"height":889,"caption":"Discover luxury with panoramic lake views."},{"@type":"BreadcrumbList","@id":"https:\/\/geneva.intercontinental.com\/fr\/chambres\/#breadcrumb","itemListElement":[{"@type":"ListItem","position":1,"name":"Accueil","item":"https:\/\/geneva.intercontinental.com\/fr\/"},{"@type":"ListItem","position":2,"name":"Chambres"}]},{"@type":"WebSite","@id":"https:\/\/geneva.intercontinental.com\/fr\/#website","url":"https:\/\/geneva.intercontinental.com\/fr\/","name":"IHG","description":"Live the InterContinental Life","publisher":{"@id":"https:\/\/geneva.intercontinental.com\/fr\/#organization"},"alternateName":"InterContinental Gen\u00e8ve","potentialAction":[{"@type":"SearchAction","target":{"@type":"EntryPoint","urlTemplate":"https:\/\/geneva.intercontinental.com\/fr\/?s={search_term_string}"},"query-input":{"@type":"PropertyValueSpecification","valueRequired":true,"valueName":"search_term_string"}}],"inLanguage":"fr-FR"},{"@type":"Organization","@id":"https:\/\/geneva.intercontinental.com\/fr\/#organization","name":"InterContinental Gen\u00e8ve","alternateName":"GVAHA","url":"https:\/\/geneva.intercontinental.com\/fr\/","logo":{"@type":"ImageObject","inLanguage":"fr-FR","@id":"https:\/\/geneva.intercontinental.com\/fr\/#\/schema\/logo\/image\/","url":"https:\/\/geneva.intercontinental.com\/wp-content\/uploads\/sites\/7\/2024\/04\/intercontinental-geneve-logo.svg","contentUrl":"https:\/\/geneva.intercontinental.com\/wp-content\/uploads\/sites\/7\/2024\/04\/intercontinental-geneve-logo.svg","caption":"InterContinental Gen\u00e8ve"},"image":{"@id":"https:\/\/geneva.intercontinental.com\/fr\/#\/schema\/logo\/image\/"}}]}},"_links":{"self":[{"href":"https:\/\/geneva.intercontinental.com\/fr\/wp-json\/wp\/v2\/pages\/766","targetHints":{"allow":["GET"]}}],"collection":[{"href":"https:\/\/geneva.intercontinental.com\/fr\/wp-json\/wp\/v2\/pages"}],"about":[{"href":"https:\/\/geneva.intercontinental.com\/fr\/wp-json\/wp\/v2\/types\/page"}],"author":[{"embeddable":true,"href":"https:\/\/geneva.intercontinental.com\/fr\/wp-json\/wp\/v2\/users\/1"}],"replies":[{"embeddable":true,"href":"https:\/\/geneva.intercontinental.com\/fr\/wp-json\/wp\/v2\/comments?post=766"}],"version-history":[{"count":16,"href":"https:\/\/geneva.intercontinental.com\/fr\/wp-json\/wp\/v2\/pages\/766\/revisions"}],"predecessor-version":[{"id":38208,"href":"https:\/\/geneva.intercontinental.com\/fr\/wp-json\/wp\/v2\/pages\/766\/revisions\/38208"}],"wp:featuredmedia":[{"embeddable":true,"href":"https:\/\/geneva.intercontinental.com\/fr\/wp-json\/wp\/v2\/media\/25257"}],"wp:attachment":[{"href":"https:\/\/geneva.intercontinental.com\/fr\/wp-json\/wp\/v2\/media?parent=766"}],"curies":[{"name":"wp","href":"https:\/\/api.w.org\/{rel}","templated":true}]}}