{"id":763,"date":"2020-07-13T14:55:08","date_gmt":"2020-07-13T12:55:08","guid":{"rendered":"https:\/\/geneva.intercontinental.com\/?page_id=763"},"modified":"2025-12-05T11:40:40","modified_gmt":"2025-12-05T10:40:40","slug":"carrieres","status":"publish","type":"page","link":"https:\/\/geneva.intercontinental.com\/fr\/carrieres\/","title":{"rendered":"Carri\u00e8res professionnelles"},"content":{"rendered":"\r\n\r\n\r\n\r\n\r\n  <!-- Swiper hero -->\r\n  <div id=\"slideshow-block_51d20b72e87a6d7a8682f8c332a7ef24\" class=\"row \">  \r\n    <div class=\"swiper d-swiper-container hero\" data-swiper={\"navigation\":{\"enabled\":false}}>\r\n      <div class=\"swiper-wrapper\">\r\n                            <div class=\"swiper-slide\">\r\n                              <span aria-hidden=\"true\" class=\"slide-e-background has-background-dim-30  has-background has-charcoal-grey-background-color\"><\/span>\r\n                                            <img decoding=\"async\" src=\"https:\/\/geneva.intercontinental.com\/wp-content\/uploads\/sites\/7\/2020\/09\/intercontinental-geneve-team.jpg\"\r\n                sizes=\"(max-width: 2000px) 100vw, 2000px\"\r\n                srcset=\"https:\/\/geneva.intercontinental.com\/wp-content\/uploads\/sites\/7\/2020\/09\/intercontinental-geneve-team.jpg 1920w,\r\n                        https:\/\/geneva.intercontinental.com\/wp-content\/uploads\/sites\/7\/2020\/09\/intercontinental-geneve-team-1024x683.jpg 1024w,\r\n                        https:\/\/geneva.intercontinental.com\/wp-content\/uploads\/sites\/7\/2020\/09\/intercontinental-geneve-team-768x512.jpg 768w\"\r\n                        alt=\"\">\r\n                                            <div class=\"slide-e-content d-none d-md-block\">\r\n                                       \r\n                    <h1 class=\"title\">Carri\u00e8res professionnelles<\/h1>\r\n                                                                                          <\/div>\r\n                          <\/div>\r\n                            <\/div>\r\n            <\/div>\r\n  <\/div>\r\n  <!-- End Swiper hero -->\r\n\r\n \n\n\n<div style=\"height:30px\" aria-hidden=\"true\" class=\"wp-block-spacer\"><\/div>\n\n\n\n<div class=\"wp-block-columns is-layout-flex wp-container-core-columns-is-layout-28f84493 wp-block-columns-is-layout-flex\">\n<div class=\"wp-block-column is-layout-flow wp-block-column-is-layout-flow\" style=\"flex-basis:15%\"><\/div>\n\n\n\n<div class=\"wp-block-column is-layout-flow wp-block-column-is-layout-flow\">\n<p class=\"has-text-align-center has-charcoal-grey-color has-pink-background-color has-text-color has-background has-link-color wp-elements-bdfec614e4e3c132c802de5fa8665a42\"><strong>Attention ! Des annonces frauduleuses circulent au nom de notre h\u00f4tel. <\/strong><br><strong>Nous vous invitons \u00e0 ne postuler qu&#8217;aux offres disponibles sur notre site officiel et \u00e0 ne jamais partager vos informations confidentielles avec des sources non v\u00e9rifi\u00e9es.<\/strong><\/p>\n\n\n\n<p>D\u00e9veloppez votre talent et b\u00e2tissez votre carri\u00e8re professionnelle \u00e0 InterContinental Gen\u00e8ve. Prendre soin des gens est ce que nous faisons de mieux : nous savons que le service \u00e0 la client\u00e8le cinq \u00e9toiles commence par une exp\u00e9rience d\u2019employ\u00e9 cinq \u00e9toiles.<\/p>\n\n\n\n<p>\u00c0 l&#8217;occasion du 60\u00e8me anniversaire de l&#8217;InterContinental Gen\u00e8ve, nous mettons en lumi\u00e8re les <strong>parcours inspirants de nos collaborateurs<\/strong> :<\/p>\n\n\n\n<div style=\"height:30px\" aria-hidden=\"true\" class=\"wp-block-spacer\"><\/div>\n\n\n\n<div class=\"wp-block-columns is-layout-flex wp-container-core-columns-is-layout-28f84493 wp-block-columns-is-layout-flex\">\n<div class=\"wp-block-column is-layout-flow wp-block-column-is-layout-flow\">\n<figure class=\"wp-block-video aligncenter\"><video controls poster=\"https:\/\/geneva.intercontinental.com\/wp-content\/uploads\/sites\/7\/2024\/10\/mohamed-couverture-scaled.jpeg\" src=\"https:\/\/geneva.intercontinental.com\/wp-content\/uploads\/sites\/7\/2024\/10\/InterContinental-Geneva-Carrier-Video-Portrait-Mohamed-Kouroulou.mp4\"><\/video><figcaption class=\"wp-element-caption\"><strong>Mohamed Kouroulou<br><\/strong>Banquet Manager<\/figcaption><\/figure>\n<\/div>\n\n\n\n<div class=\"wp-block-column is-layout-flow wp-block-column-is-layout-flow\">\n<figure class=\"wp-block-video aligncenter\"><video controls poster=\"https:\/\/geneva.intercontinental.com\/wp-content\/uploads\/sites\/7\/2024\/10\/meet-clarisse-couverture.jpeg\" src=\"https:\/\/geneva.intercontinental.com\/wp-content\/uploads\/sites\/7\/2024\/10\/InterContinental-Geneva-Carrier-Video-Portrait-Clarisse-Carron.mp4\"><\/video><figcaption class=\"wp-element-caption\"><strong>Clarisse Carron<br><\/strong>Assistante Gouvernante G\u00e9n\u00e9rale<\/figcaption><\/figure>\n<\/div>\n\n\n\n<div class=\"wp-block-column is-layout-flow wp-block-column-is-layout-flow\">\n<figure class=\"wp-block-video aligncenter\"><video controls poster=\"https:\/\/geneva.intercontinental.com\/wp-content\/uploads\/sites\/7\/2024\/10\/rachid-couverture.jpeg\" src=\"https:\/\/geneva.intercontinental.com\/wp-content\/uploads\/sites\/7\/2024\/10\/InterContinental-Geneva-Carrier-Video-Portrait-Rachid-Benarab.mp4\"><\/video><figcaption class=\"wp-element-caption\"><strong>Rachid Benarab<br><\/strong>Chef Portier<\/figcaption><\/figure>\n<\/div>\n<\/div>\n\n\n\n<div class=\"wp-block-columns is-layout-flex wp-container-core-columns-is-layout-28f84493 wp-block-columns-is-layout-flex\">\n<div class=\"wp-block-column is-layout-flow wp-block-column-is-layout-flow\">\n<figure class=\"wp-block-video aligncenter\"><video controls poster=\"https:\/\/geneva.intercontinental.com\/wp-content\/uploads\/sites\/7\/2024\/10\/couvetture-camille.jpg\" src=\"https:\/\/geneva.intercontinental.com\/wp-content\/uploads\/sites\/7\/2024\/10\/Video_Portrait_Camille_Montagne.mp4\"><\/video><figcaption class=\"wp-element-caption\"><strong>Camille Montagne<br><\/strong>Learning &amp; Development Manager<\/figcaption><\/figure>\n<\/div>\n\n\n\n<div class=\"wp-block-column is-layout-flow wp-block-column-is-layout-flow\">\n<figure class=\"wp-block-video aligncenter\"><video controls poster=\"https:\/\/geneva.intercontinental.com\/wp-content\/uploads\/sites\/7\/2024\/11\/Meet-nicolas.jpg\" src=\"https:\/\/geneva.intercontinental.com\/wp-content\/uploads\/sites\/7\/2024\/11\/Video_Portrait_Nicolas_Genuardi.mp4\"><\/video><figcaption class=\"wp-element-caption\"><strong>Nicolas Genuardi<br><\/strong>Concierge<\/figcaption><\/figure>\n<\/div>\n\n\n\n<div class=\"wp-block-column is-layout-flow wp-block-column-is-layout-flow\"><\/div>\n<\/div>\n\n\n\n<div style=\"height:30px\" aria-hidden=\"true\" class=\"wp-block-spacer\"><\/div>\n\n\n\n<div class=\"wp-block-columns is-layout-flex wp-container-core-columns-is-layout-28f84493 wp-block-columns-is-layout-flex\">\n<div class=\"wp-block-column is-layout-flow wp-block-column-is-layout-flow\">\n<figure class=\"wp-block-image alignright size-full is-resized\"><img decoding=\"async\" src=\"https:\/\/geneva.crowneplaza.com\/wp-content\/uploads\/2024\/05\/Crowne-Plaza-Geneve-BEST-WORKPLACES-2024.svg\" alt=\"\" class=\"wp-image-7143\" style=\"width:173px;height:auto\"\/><\/figure>\n<\/div>\n\n\n\n<div class=\"wp-block-column is-layout-flow wp-block-column-is-layout-flow\">\n<figure class=\"wp-block-image alignleft size-full is-resized\"><img decoding=\"async\" src=\"https:\/\/geneva.crowneplaza.com\/wp-content\/uploads\/2024\/12\/EN_Best-Workplaces-2024_Suisse-Romande_RGB.png\" alt=\"\" class=\"wp-image-8582\" style=\"width:172px;height:auto\"\/><\/figure>\n<\/div>\n<\/div>\n\n\n\n<p class=\"has-text-align-center\"><strong>5\u00e8me place au Best Large Workplaces\u2122 2024 Suisse !<\/strong><\/p>\n\n\n\n<div style=\"height:15px\" aria-hidden=\"true\" class=\"wp-block-spacer\"><\/div>\n\n\n\n<p>R\u00e9compens\u00e9, une nouvelle fois, du certificat <a href=\"https:\/\/www.fr.greatplacetowork.ch\/workplace\/item\/3210\/H%C3%B4tels+Intercontinental+Gen%C3%A8ve+SA\" target=\"_blank\" rel=\"noreferrer noopener\">Great Place to Work<\/a>, l&#8217;InterContinental Gen\u00e8ve continue de briller par son engagement envers un environnement de travail exceptionnel. Nous sommes fiers d\u2019offrir un cadre inclusif, solidaire et stimulant o\u00f9 chacun est valoris\u00e9. Notre \u00e9quipe diversifi\u00e9e, compos\u00e9e d&#8217;environ 200 collaborateurs de divers horizons internationaux, est le secret de notre r\u00e9ussite. Nous encourageons chaque membre de notre \u00e9quipe \u00e0 d\u00e9velopper son potentiel \u00e0 travers des opportunit\u00e9s de mobilit\u00e9 interne, de formation continue et d&#8217;apprentissage sur le terrain. Notre passion commune pour l&#8217;excellence et notre culture d&#8217;entreprise bas\u00e9e sur des valeurs fortes sont les fondations de notre succ\u00e8s continu :<\/p>\n\n\n\n<ul class=\"wp-block-list\">\n<li><strong>Faire les choses bien<\/strong><br>Nous aspirons \u00e0 faire ce que nous croyons \u00eatre juste et avons le courage et la conviction de le mettre en pratique; nous sommes honn\u00eates et francs et prenons nos d\u00e9cisions en cons\u00e9quence.<\/li>\n\n\n\n<li><strong>Faire preuve d\u2019attention<\/strong><br>Nous sommes sensibles et attentifs aux autres; nous nous effor\u00e7ons de remarquer les aspects importants pour r\u00e9pondre aux besoins des autres.<\/li>\n\n\n\n<li><strong>Viser plus haut<\/strong><br>Nous visons le succ\u00e8s et le d\u00e9veloppement continu; nous appr\u00e9cions les personnes qui sont toujours en qu\u00eate d\u2019am\u00e9liorer la fa\u00e7on de faire les choses.<\/li>\n\n\n\n<li><strong>C\u00e9l\u00e9brez la diff\u00e9rence<\/strong><br>Nous appr\u00e9cions l\u2019ouverture d\u2019esprit et la tol\u00e9rance; nous nous effor\u00e7ons de comprendre et de nous adapter aux autres et d\u2019apprendre de nos diff\u00e9rences.<\/li>\n\n\n\n<li><strong>Travailler mieux ensemble<\/strong><br>Nous affichons un esprit d\u2019\u00e9quipe et de solidarit\u00e9; nous sommes attentifs \u00e0 nos collaborateurs pour \u00eatre plus forts ensemble.<\/li>\n<\/ul>\n\n\n\n<div class=\"wp-block-buttons is-content-justification-center is-layout-flex wp-container-core-buttons-is-layout-a89b3969 wp-block-buttons-is-layout-flex\">\n<div class=\"wp-block-button\"><a class=\"wp-block-button__link wp-element-button\" href=\"https:\/\/careers.ihg.com\/fr-fr\/search-and-apply\/?brand=intercontinentalhotels&amp;geobloc=emeaa&amp;area=switzerland&amp;region=geneva\" target=\"_blank\" rel=\"noreferrer noopener\">Nos offres d&#8217;emploi<\/a><\/div>\n<\/div>\n<\/div>\n\n\n\n<div class=\"wp-block-column is-layout-flow wp-block-column-is-layout-flow\" style=\"flex-basis:15%\"><\/div>\n<\/div>\n\n\n\n<div class=\"wp-block-columns pattern-2-col-text-and-slider is-layout-flex wp-container-core-columns-is-layout-28f84493 wp-block-columns-is-layout-flex\">\n<div class=\"wp-block-column is-vertically-aligned-bottom text-column is-layout-flow wp-block-column-is-layout-flow\" style=\"padding-top:var(--wp--preset--spacing--70);padding-right:var(--wp--preset--spacing--60);padding-bottom:var(--wp--preset--spacing--70);padding-left:var(--wp--preset--spacing--60);flex-basis:33.33%\">\n<p>Travailler chez InterContinental Gen\u00e8ve signifie faire partie d\u2019IHG, l\u2019une des plus grandes soci\u00e9t\u00e9s h\u00f4teli\u00e8res au monde. Les employ\u00e9s b\u00e9n\u00e9ficient de nombreux avantages, notamment des tarifs pr\u00e9f\u00e9rentiels dans tous les h\u00f4tels IHG, repas offerts au restaurant du personnel, une salle de fitness sur place, \u00e9v\u00e9nements sociaux et activit\u00e9s caritatives organis\u00e9s par l\u2019h\u00f4tel, possibilit\u00e9s d\u2019apprentissage et de d\u00e9veloppement et des opportunit\u00e9s de d\u00e9veloppement de carri\u00e8re au sein du r\u00e9seau IHG de plus de 6 000 h\u00f4tels dans le monde.<\/p>\n\n\n\n<p>Souhaitez-vous rejoindre notre \u00e9quipe diversifi\u00e9e et travailler dans l\u2019un des h\u00f4tels cinq \u00e9toiles les plus embl\u00e9matiques du monde ?<\/p>\n\n\n\n<p>Pour voir les offres d\u2019emploi actuelles \u00e0 InterContinental Gen\u00e8ve, veuillez visiter :<\/p>\n\n\n\n<div class=\"wp-block-buttons is-layout-flex wp-block-buttons-is-layout-flex\">\n<div class=\"wp-block-button is-style-outline is-style-outline--1\"><a class=\"wp-block-button__link wp-element-button\" href=\"https:\/\/careers.ihg.com\/\" style=\"padding-top:0;padding-right:0;padding-bottom:0;padding-left:0\" target=\"_blank\" rel=\"noreferrer noopener\">Carri\u00e8res IHG<\/a><\/div>\n\n\n\n<div class=\"wp-block-button is-style-outline is-style-outline--2\"><a class=\"wp-block-button__link wp-element-button\" href=\"mailto:career.gvaha@ihg.com\" style=\"border-radius:0rem;padding-top:0;padding-right:0;padding-bottom:0;padding-left:0\">career.gvaha@ihg.com<\/a><\/div>\n<\/div>\n<\/div>\n\n\n\n<div class=\"wp-block-column is-vertically-aligned-center is-layout-flow wp-block-column-is-layout-flow\" style=\"padding-right:var(--wp--preset--spacing--30);padding-left:var(--wp--preset--spacing--30);flex-basis:66.66%\">\r\n\r\n  \r\n  <div id=\"slideshow-block_62121ec76d2af194752dcb5df17b8178\" class=\"row\" data-aos=\"fade-in\">\r\n      <!-- Swiper -->\r\n      <div class=\"swiper d-swiper-container \" style=\"\" data-swiper={\"navigation\":{\"enabled\":false}}>\r\n        <div class=\"swiper-wrapper\">\r\n                                      <div class=\"swiper-slide\">\r\n                                    <img decoding=\"async\" src=\"https:\/\/geneva.intercontinental.com\/wp-content\/uploads\/sites\/7\/2024\/02\/2023-IC-HK-week-3-e1707400595961.jpg\"\r\n                  sizes=\"(max-width: 2000px) 100vw, 2000px\"\r\n                  srcset=\"https:\/\/geneva.intercontinental.com\/wp-content\/uploads\/sites\/7\/2024\/02\/2023-IC-HK-week-3-e1707400595961.jpg 2048w,\r\n                          https:\/\/geneva.intercontinental.com\/wp-content\/uploads\/sites\/7\/2024\/02\/2023-IC-HK-week-3-1024x683.jpg 1024w,\r\n                          https:\/\/geneva.intercontinental.com\/wp-content\/uploads\/sites\/7\/2024\/02\/2023-IC-HK-week-3-768x512.jpg 768w\"\r\n                          alt=\"2023 IC HK week (3)\">\r\n                <\/div>\r\n                              <\/div>\r\n          <div class=\"swiper-pagination\">\r\n          <\/div>\r\n          <div class=\"swiper-button swiper-button-prev\">\r\n            <span class=\"arrowl\"><\/span>\r\n          <\/div>\r\n          <div class=\"swiper-button swiper-button-next\">\r\n            <span class=\"arrowr\"><\/span>\r\n          <\/div>\r\n      <\/div>\r\n      <!-- End Swiper -->\r\n  <\/div>\r\n  \r\n\r\n <\/div>\n<\/div>\n\n\n\n<div class=\"wp-block-columns is-layout-flex wp-container-core-columns-is-layout-28f84493 wp-block-columns-is-layout-flex\">\n<div class=\"wp-block-column is-layout-flow wp-block-column-is-layout-flow\" style=\"flex-basis:15%\"><\/div>\n\n\n\n<div class=\"wp-block-column is-layout-flow wp-block-column-is-layout-flow\">\n<div class=\"wp-block-columns are-vertically-aligned-center image1 text-justify is-layout-flex wp-container-core-columns-is-layout-28f84493 wp-block-columns-is-layout-flex\">\n<div class=\"wp-block-column is-vertically-aligned-center is-layout-flow wp-block-column-is-layout-flow\" style=\"flex-basis:66.66%\">\n<p><em>\u00ab<\/em> <em>J\u2019ai rarement rencontr\u00e9 un environnement de travail aussi professionnel et humain qu\u2019\u00e0 l\u2019InterContinental Gen\u00e8ve. La direction est capable de communiquer clairement et efficacement tout en permettant au personnel d\u2019exprimer ses id\u00e9es. Les employ\u00e9s sont non seulement autoris\u00e9s mais encourag\u00e9s \u00e0 participer activement au d\u00e9veloppement de l\u2019entreprise. Il en r\u00e9sulte un environnement de travail qui est l\u2019\u00e9quilibre parfait entre le professionnalisme et l\u2019opportunit\u00e9 de grandir personnellement.<\/em> \u00bb<\/p>\n\n\n\n<p class=\"has-text-align-right\"><strong>Diana Mounzer<br><\/strong>Duty Manager<\/p>\n<\/div>\n\n\n\n<div class=\"wp-block-column is-vertically-aligned-center is-layout-flow wp-block-column-is-layout-flow\" style=\"flex-basis:33.33%\">\n<figure class=\"wp-block-image alignright size-large is-resized\"><img decoding=\"async\" width=\"768\" height=\"1024\" src=\"https:\/\/geneva.intercontinental.com\/wp-content\/uploads\/sites\/7\/2025\/01\/IC_Portrait_Diana_Mounzer-768x1024.jpg\" alt=\"\" class=\"wp-image-34676\" style=\"width:279px;height:auto\" srcset=\"https:\/\/geneva.intercontinental.com\/wp-content\/uploads\/sites\/7\/2025\/01\/IC_Portrait_Diana_Mounzer-768x1024.jpg 768w, https:\/\/geneva.intercontinental.com\/wp-content\/uploads\/sites\/7\/2025\/01\/IC_Portrait_Diana_Mounzer-225x300.jpg 225w, https:\/\/geneva.intercontinental.com\/wp-content\/uploads\/sites\/7\/2025\/01\/IC_Portrait_Diana_Mounzer-1152x1536.jpg 1152w, https:\/\/geneva.intercontinental.com\/wp-content\/uploads\/sites\/7\/2025\/01\/IC_Portrait_Diana_Mounzer-1536x2048.jpg 1536w, https:\/\/geneva.intercontinental.com\/wp-content\/uploads\/sites\/7\/2025\/01\/IC_Portrait_Diana_Mounzer-1200x1600.jpg 1200w, https:\/\/geneva.intercontinental.com\/wp-content\/uploads\/sites\/7\/2025\/01\/IC_Portrait_Diana_Mounzer-scaled.jpg 1920w\" sizes=\"(max-width: 768px) 100vw, 768px\" \/><\/figure>\n<\/div>\n<\/div>\n\n\n\n<div class=\"wp-block-columns are-vertically-aligned-center text-justify is-layout-flex wp-container-core-columns-is-layout-28f84493 wp-block-columns-is-layout-flex\">\n<div class=\"wp-block-column is-vertically-aligned-center is-layout-flow wp-block-column-is-layout-flow\" style=\"flex-basis:33.33%\">\n<figure class=\"wp-block-image size-large is-resized\"><img decoding=\"async\" width=\"768\" height=\"1024\" src=\"https:\/\/geneva.intercontinental.com\/wp-content\/uploads\/sites\/7\/2024\/04\/Chloe_Alexandre_Portrait_2-768x1024.jpg\" alt=\"\" class=\"wp-image-25304\" style=\"width:264px;height:auto\" srcset=\"https:\/\/geneva.intercontinental.com\/wp-content\/uploads\/sites\/7\/2024\/04\/Chloe_Alexandre_Portrait_2-768x1024.jpg 768w, https:\/\/geneva.intercontinental.com\/wp-content\/uploads\/sites\/7\/2024\/04\/Chloe_Alexandre_Portrait_2-225x300.jpg 225w, https:\/\/geneva.intercontinental.com\/wp-content\/uploads\/sites\/7\/2024\/04\/Chloe_Alexandre_Portrait_2-1152x1536.jpg 1152w, https:\/\/geneva.intercontinental.com\/wp-content\/uploads\/sites\/7\/2024\/04\/Chloe_Alexandre_Portrait_2-1536x2048.jpg 1536w, https:\/\/geneva.intercontinental.com\/wp-content\/uploads\/sites\/7\/2024\/04\/Chloe_Alexandre_Portrait_2-1200x1600.jpg 1200w, https:\/\/geneva.intercontinental.com\/wp-content\/uploads\/sites\/7\/2024\/04\/Chloe_Alexandre_Portrait_2-scaled.jpg 1920w\" sizes=\"(max-width: 768px) 100vw, 768px\" \/><\/figure>\n<\/div>\n\n\n\n<div class=\"wp-block-column is-vertically-aligned-center is-layout-flow wp-block-column-is-layout-flow\" style=\"flex-basis:66.66%\">\n<p class=\"mt-5 pt-5\"><em><em>\u00ab<\/em><\/em> <em>InterContinental Gen\u00e8ve offre \u00e0 ses collaborateurs la possibilit\u00e9 de se d\u00e9velopper \u00e0 la fois professionnellement et personnellement. De nombreuses formations et opportunit\u00e9s de d\u00e9veloppement interne sont disponibles. Chaque employ\u00e9 est consid\u00e9r\u00e9 comme un membre essentiel au bon fonctionnement de l\u2019entreprise. Je suis fi\u00e8re de faire partie de cette \u00e9quipe qui promeut des valeurs importantes telles que la diversit\u00e9 culturelle, le bien-\u00eatre au travail et encourager le changement.<\/em> \u00bb<\/p>\n\n\n\n<p class=\"has-text-align-right mb-5\"><strong>Chlo\u00eb Alexandre<br><\/strong>Housekeeping Manager<\/p>\n<\/div>\n<\/div>\n\n\n\n<p class=\"has-text-align-center\"><a href=\"https:\/\/www.linkedin.com\/company\/intercontinental-geneva\/\" target=\"_blank\" rel=\"noreferrer noopener\">Suivez-nous sur LinkedIn !<\/a><\/p>\n\n\n\n<div class=\"wp-block-group is-layout-flow wp-block-group-is-layout-flow\">\n<div class=\"wp-block-columns is-layout-flex wp-container-core-columns-is-layout-28f84493 wp-block-columns-is-layout-flex\">\n<div class=\"wp-block-column is-layout-flow wp-block-column-is-layout-flow\" style=\"flex-basis:100%\">\n<div class=\"wp-block-columns are-vertically-aligned-center is-layout-flex wp-container-core-columns-is-layout-28f84493 wp-block-columns-is-layout-flex\">\n<div class=\"wp-block-column is-vertically-aligned-center is-layout-flow wp-block-column-is-layout-flow\">\n<figure class=\"wp-block-image aligncenter size-full is-resized\"><img decoding=\"async\" src=\"https:\/\/geneva.intercontinental.com\/wp-content\/uploads\/sites\/7\/2024\/02\/InterContinental_Group_CH_French_2024_Certification_Badge.svg\" alt=\"\" class=\"wp-image-24234\" style=\"width:150px;height:150px\"\/><\/figure>\n<\/div>\n<\/div>\n<\/div>\n<\/div>\n<\/div>\n<\/div>\n\n\n\n<div class=\"wp-block-column is-layout-flow wp-block-column-is-layout-flow\" style=\"flex-basis:15%\"><\/div>\n<\/div>\n","protected":false},"excerpt":{"rendered":"<p>Rejoignez l&#8217;\u00e9quipe unique de l&#8217;InterContinental Gen\u00e8ve ! D\u00e9couvrez des opportunit\u00e9s de carri\u00e8re enrichissantes.<\/p>\n","protected":false},"author":1,"featured_media":2644,"parent":0,"menu_order":0,"comment_status":"closed","ping_status":"closed","template":"","meta":{"_acf_changed":false,"footnotes":""},"class_list":["post-763","page","type-page","status-publish","has-post-thumbnail","hentry"],"acf":[],"yoast_head":"<!-- This site is optimized with the Yoast SEO plugin v26.2 - https:\/\/yoast.com\/wordpress\/plugins\/seo\/ -->\n<title>Carri\u00e8res professionnelles - InterContinental Gen\u00e8ve<\/title>\n<meta name=\"description\" content=\"Rejoignez l&#039;\u00e9quipe unique de l&#039;InterContinental Gen\u00e8ve ! D\u00e9couvrez des opportunit\u00e9s de carri\u00e8re enrichissantes.\" \/>\n<meta name=\"robots\" content=\"index, follow, max-snippet:-1, max-image-preview:large, max-video-preview:-1\" \/>\n<link rel=\"canonical\" href=\"https:\/\/geneva.intercontinental.com\/fr\/carrieres\/\" \/>\n<meta property=\"og:locale\" content=\"fr_FR\" \/>\n<meta property=\"og:type\" content=\"article\" \/>\n<meta property=\"og:title\" content=\"Carri\u00e8res professionnelles - InterContinental Gen\u00e8ve\" \/>\n<meta property=\"og:description\" content=\"Rejoignez l&#039;\u00e9quipe unique de l&#039;InterContinental Gen\u00e8ve ! D\u00e9couvrez des opportunit\u00e9s de carri\u00e8re enrichissantes.\" \/>\n<meta property=\"og:url\" content=\"https:\/\/geneva.intercontinental.com\/fr\/carrieres\/\" \/>\n<meta property=\"og:site_name\" content=\"IHG\" \/>\n<meta property=\"article:modified_time\" content=\"2025-12-05T10:40:40+00:00\" \/>\n<meta property=\"og:image\" content=\"https:\/\/geneva.intercontinental.com\/wp-content\/uploads\/sites\/7\/2020\/09\/intercontinental-geneve-team.jpg\" \/>\n\t<meta property=\"og:image:width\" content=\"1920\" \/>\n\t<meta property=\"og:image:height\" content=\"1280\" \/>\n\t<meta property=\"og:image:type\" content=\"image\/jpeg\" \/>\n<meta name=\"twitter:card\" content=\"summary_large_image\" \/>\n<meta name=\"twitter:label1\" content=\"Dur\u00e9e de lecture estim\u00e9e\" \/>\n\t<meta name=\"twitter:data1\" content=\"5 minutes\" \/>\n<script type=\"application\/ld+json\" class=\"yoast-schema-graph\">{\"@context\":\"https:\/\/schema.org\",\"@graph\":[{\"@type\":\"WebPage\",\"@id\":\"https:\/\/geneva.intercontinental.com\/fr\/carrieres\/\",\"url\":\"https:\/\/geneva.intercontinental.com\/fr\/carrieres\/\",\"name\":\"Carri\u00e8res professionnelles - InterContinental Gen\u00e8ve\",\"isPartOf\":{\"@id\":\"https:\/\/geneva.intercontinental.com\/fr\/#website\"},\"primaryImageOfPage\":{\"@id\":\"https:\/\/geneva.intercontinental.com\/fr\/carrieres\/#primaryimage\"},\"image\":{\"@id\":\"https:\/\/geneva.intercontinental.com\/fr\/carrieres\/#primaryimage\"},\"thumbnailUrl\":\"https:\/\/geneva.intercontinental.com\/wp-content\/uploads\/sites\/7\/2020\/09\/intercontinental-geneve-team.jpg\",\"datePublished\":\"2020-07-13T12:55:08+00:00\",\"dateModified\":\"2025-12-05T10:40:40+00:00\",\"description\":\"Rejoignez l'\u00e9quipe unique de l'InterContinental Gen\u00e8ve ! D\u00e9couvrez des opportunit\u00e9s de carri\u00e8re enrichissantes.\",\"breadcrumb\":{\"@id\":\"https:\/\/geneva.intercontinental.com\/fr\/carrieres\/#breadcrumb\"},\"inLanguage\":\"fr-FR\",\"potentialAction\":[{\"@type\":\"ReadAction\",\"target\":[\"https:\/\/geneva.intercontinental.com\/fr\/carrieres\/\"]}]},{\"@type\":\"ImageObject\",\"inLanguage\":\"fr-FR\",\"@id\":\"https:\/\/geneva.intercontinental.com\/fr\/carrieres\/#primaryimage\",\"url\":\"https:\/\/geneva.intercontinental.com\/wp-content\/uploads\/sites\/7\/2020\/09\/intercontinental-geneve-team.jpg\",\"contentUrl\":\"https:\/\/geneva.intercontinental.com\/wp-content\/uploads\/sites\/7\/2020\/09\/intercontinental-geneve-team.jpg\",\"width\":1920,\"height\":1280},{\"@type\":\"BreadcrumbList\",\"@id\":\"https:\/\/geneva.intercontinental.com\/fr\/carrieres\/#breadcrumb\",\"itemListElement\":[{\"@type\":\"ListItem\",\"position\":1,\"name\":\"Accueil\",\"item\":\"https:\/\/geneva.intercontinental.com\/fr\/\"},{\"@type\":\"ListItem\",\"position\":2,\"name\":\"Carri\u00e8res professionnelles\"}]},{\"@type\":\"WebSite\",\"@id\":\"https:\/\/geneva.intercontinental.com\/fr\/#website\",\"url\":\"https:\/\/geneva.intercontinental.com\/fr\/\",\"name\":\"IHG\",\"description\":\"Live the InterContinental Life\",\"publisher\":{\"@id\":\"https:\/\/geneva.intercontinental.com\/fr\/#organization\"},\"alternateName\":\"InterContinental Gen\u00e8ve\",\"potentialAction\":[{\"@type\":\"SearchAction\",\"target\":{\"@type\":\"EntryPoint\",\"urlTemplate\":\"https:\/\/geneva.intercontinental.com\/fr\/?s={search_term_string}\"},\"query-input\":{\"@type\":\"PropertyValueSpecification\",\"valueRequired\":true,\"valueName\":\"search_term_string\"}}],\"inLanguage\":\"fr-FR\"},{\"@type\":\"Organization\",\"@id\":\"https:\/\/geneva.intercontinental.com\/fr\/#organization\",\"name\":\"InterContinental Gen\u00e8ve\",\"alternateName\":\"GVAHA\",\"url\":\"https:\/\/geneva.intercontinental.com\/fr\/\",\"logo\":{\"@type\":\"ImageObject\",\"inLanguage\":\"fr-FR\",\"@id\":\"https:\/\/geneva.intercontinental.com\/fr\/#\/schema\/logo\/image\/\",\"url\":\"https:\/\/geneva.intercontinental.com\/wp-content\/uploads\/sites\/7\/2024\/04\/intercontinental-geneve-logo.svg\",\"contentUrl\":\"https:\/\/geneva.intercontinental.com\/wp-content\/uploads\/sites\/7\/2024\/04\/intercontinental-geneve-logo.svg\",\"caption\":\"InterContinental Gen\u00e8ve\"},\"image\":{\"@id\":\"https:\/\/geneva.intercontinental.com\/fr\/#\/schema\/logo\/image\/\"}}]}<\/script>\n<!-- \/ Yoast SEO plugin. -->","yoast_head_json":{"title":"Carri\u00e8res professionnelles - InterContinental Gen\u00e8ve","description":"Rejoignez l'\u00e9quipe unique de l'InterContinental Gen\u00e8ve ! D\u00e9couvrez des opportunit\u00e9s de carri\u00e8re enrichissantes.","robots":{"index":"index","follow":"follow","max-snippet":"max-snippet:-1","max-image-preview":"max-image-preview:large","max-video-preview":"max-video-preview:-1"},"canonical":"https:\/\/geneva.intercontinental.com\/fr\/carrieres\/","og_locale":"fr_FR","og_type":"article","og_title":"Carri\u00e8res professionnelles - InterContinental Gen\u00e8ve","og_description":"Rejoignez l'\u00e9quipe unique de l'InterContinental Gen\u00e8ve ! D\u00e9couvrez des opportunit\u00e9s de carri\u00e8re enrichissantes.","og_url":"https:\/\/geneva.intercontinental.com\/fr\/carrieres\/","og_site_name":"IHG","article_modified_time":"2025-12-05T10:40:40+00:00","og_image":[{"width":1920,"height":1280,"url":"https:\/\/geneva.intercontinental.com\/wp-content\/uploads\/sites\/7\/2020\/09\/intercontinental-geneve-team.jpg","type":"image\/jpeg"}],"twitter_card":"summary_large_image","twitter_misc":{"Dur\u00e9e de lecture estim\u00e9e":"5 minutes"},"schema":{"@context":"https:\/\/schema.org","@graph":[{"@type":"WebPage","@id":"https:\/\/geneva.intercontinental.com\/fr\/carrieres\/","url":"https:\/\/geneva.intercontinental.com\/fr\/carrieres\/","name":"Carri\u00e8res professionnelles - InterContinental Gen\u00e8ve","isPartOf":{"@id":"https:\/\/geneva.intercontinental.com\/fr\/#website"},"primaryImageOfPage":{"@id":"https:\/\/geneva.intercontinental.com\/fr\/carrieres\/#primaryimage"},"image":{"@id":"https:\/\/geneva.intercontinental.com\/fr\/carrieres\/#primaryimage"},"thumbnailUrl":"https:\/\/geneva.intercontinental.com\/wp-content\/uploads\/sites\/7\/2020\/09\/intercontinental-geneve-team.jpg","datePublished":"2020-07-13T12:55:08+00:00","dateModified":"2025-12-05T10:40:40+00:00","description":"Rejoignez l'\u00e9quipe unique de l'InterContinental Gen\u00e8ve ! D\u00e9couvrez des opportunit\u00e9s de carri\u00e8re enrichissantes.","breadcrumb":{"@id":"https:\/\/geneva.intercontinental.com\/fr\/carrieres\/#breadcrumb"},"inLanguage":"fr-FR","potentialAction":[{"@type":"ReadAction","target":["https:\/\/geneva.intercontinental.com\/fr\/carrieres\/"]}]},{"@type":"ImageObject","inLanguage":"fr-FR","@id":"https:\/\/geneva.intercontinental.com\/fr\/carrieres\/#primaryimage","url":"https:\/\/geneva.intercontinental.com\/wp-content\/uploads\/sites\/7\/2020\/09\/intercontinental-geneve-team.jpg","contentUrl":"https:\/\/geneva.intercontinental.com\/wp-content\/uploads\/sites\/7\/2020\/09\/intercontinental-geneve-team.jpg","width":1920,"height":1280},{"@type":"BreadcrumbList","@id":"https:\/\/geneva.intercontinental.com\/fr\/carrieres\/#breadcrumb","itemListElement":[{"@type":"ListItem","position":1,"name":"Accueil","item":"https:\/\/geneva.intercontinental.com\/fr\/"},{"@type":"ListItem","position":2,"name":"Carri\u00e8res professionnelles"}]},{"@type":"WebSite","@id":"https:\/\/geneva.intercontinental.com\/fr\/#website","url":"https:\/\/geneva.intercontinental.com\/fr\/","name":"IHG","description":"Live the InterContinental Life","publisher":{"@id":"https:\/\/geneva.intercontinental.com\/fr\/#organization"},"alternateName":"InterContinental Gen\u00e8ve","potentialAction":[{"@type":"SearchAction","target":{"@type":"EntryPoint","urlTemplate":"https:\/\/geneva.intercontinental.com\/fr\/?s={search_term_string}"},"query-input":{"@type":"PropertyValueSpecification","valueRequired":true,"valueName":"search_term_string"}}],"inLanguage":"fr-FR"},{"@type":"Organization","@id":"https:\/\/geneva.intercontinental.com\/fr\/#organization","name":"InterContinental Gen\u00e8ve","alternateName":"GVAHA","url":"https:\/\/geneva.intercontinental.com\/fr\/","logo":{"@type":"ImageObject","inLanguage":"fr-FR","@id":"https:\/\/geneva.intercontinental.com\/fr\/#\/schema\/logo\/image\/","url":"https:\/\/geneva.intercontinental.com\/wp-content\/uploads\/sites\/7\/2024\/04\/intercontinental-geneve-logo.svg","contentUrl":"https:\/\/geneva.intercontinental.com\/wp-content\/uploads\/sites\/7\/2024\/04\/intercontinental-geneve-logo.svg","caption":"InterContinental Gen\u00e8ve"},"image":{"@id":"https:\/\/geneva.intercontinental.com\/fr\/#\/schema\/logo\/image\/"}}]}},"_links":{"self":[{"href":"https:\/\/geneva.intercontinental.com\/fr\/wp-json\/wp\/v2\/pages\/763","targetHints":{"allow":["GET"]}}],"collection":[{"href":"https:\/\/geneva.intercontinental.com\/fr\/wp-json\/wp\/v2\/pages"}],"about":[{"href":"https:\/\/geneva.intercontinental.com\/fr\/wp-json\/wp\/v2\/types\/page"}],"author":[{"embeddable":true,"href":"https:\/\/geneva.intercontinental.com\/fr\/wp-json\/wp\/v2\/users\/1"}],"replies":[{"embeddable":true,"href":"https:\/\/geneva.intercontinental.com\/fr\/wp-json\/wp\/v2\/comments?post=763"}],"version-history":[{"count":29,"href":"https:\/\/geneva.intercontinental.com\/fr\/wp-json\/wp\/v2\/pages\/763\/revisions"}],"predecessor-version":[{"id":39365,"href":"https:\/\/geneva.intercontinental.com\/fr\/wp-json\/wp\/v2\/pages\/763\/revisions\/39365"}],"wp:featuredmedia":[{"embeddable":true,"href":"https:\/\/geneva.intercontinental.com\/fr\/wp-json\/wp\/v2\/media\/2644"}],"wp:attachment":[{"href":"https:\/\/geneva.intercontinental.com\/fr\/wp-json\/wp\/v2\/media?parent=763"}],"curies":[{"name":"wp","href":"https:\/\/api.w.org\/{rel}","templated":true}]}}